{"id":282389,"date":"2023-06-12T20:53:44","date_gmt":"2023-06-12T19:53:44","guid":{"rendered":"https:\/\/mahfoudhi.xyz\/fr\/?page_id=282389"},"modified":"2025-04-17T10:58:12","modified_gmt":"2025-04-17T09:58:12","slug":"home","status":"publish","type":"page","link":"https:\/\/realites.com.tn\/fr\/","title":{"rendered":"Home"},"content":{"rendered":"\t\t<div data-elementor-type=\"wp-page\" data-elementor-id=\"282389\" class=\"elementor elementor-282389\">\n\t\t\t\t\t\t<section class=\"penci-section penci-dmcheck penci-elbg-activate penci-disSticky penci-structure-10 elementor-section elementor-top-section elementor-element elementor-element-79412761 elementor-section-boxed elementor-section-height-default elementor-section-height-default\" data-id=\"79412761\" data-element_type=\"section\" data-settings=\"{&quot;background_background&quot;:&quot;classic&quot;}\">\n\t\t\t\t\t\t<div class=\"elementor-container elementor-column-gap-default\">\n\t\t\t\t\t<div class=\"penci-ercol-100 penci-ercol-order-1 penci-sticky-ct    elementor-column elementor-col-100 elementor-top-column elementor-element elementor-element-46150e0f adwrap\" data-id=\"46150e0f\" data-element_type=\"column\">\n\t\t\t<div class=\"elementor-widget-wrap elementor-element-populated\">\n\t\t\t\t\t\t<div class=\"elementor-element elementor-element-7f893b56 adfront elementor-widget elementor-widget-html\" data-id=\"7f893b56\" data-element_type=\"widget\" data-widget_type=\"html.default\">\n\t\t\t\t<div class=\"elementor-widget-container\">\n\t\t\t\t\t<div id='div-gpt-ad-1686325259495-0' style='min-width: 1000px; min-height: 300px;'>\r\n  <script>\r\n    googletag.cmd.push(function() { googletag.display('div-gpt-ad-1686325259495-0'); });\r\n  <\/script>\r\n<\/div>\t\t\t\t<\/div>\n\t\t\t\t<\/div>\n\t\t\t\t\t<\/div>\n\t\t<\/div>\n\t\t\t\t\t<\/div>\n\t\t<\/section>\n\t\t\t\t<section class=\"penci-section penci-dmcheck penci-elbg-activate penci-disSticky penci-structure-20 elementor-section elementor-top-section elementor-element elementor-element-1a3a90c6 elementor-section-boxed elementor-section-height-default elementor-section-height-default\" data-id=\"1a3a90c6\" data-element_type=\"section\" data-settings=\"{&quot;background_background&quot;:&quot;classic&quot;}\">\n\t\t\t\t\t\t\t<div class=\"elementor-background-overlay\"><\/div>\n\t\t\t\t\t\t\t<div class=\"elementor-container elementor-column-gap-no\">\n\t\t\t\t\t<div class=\"penci-ercol-50 penci-ercol-order-1 penci-sticky-ct    elementor-column elementor-col-50 elementor-top-column elementor-element elementor-element-264076c7\" data-id=\"264076c7\" data-element_type=\"column\">\n\t\t\t<div class=\"elementor-widget-wrap elementor-element-populated\">\n\t\t\t\t\t\t<div class=\"elementor-element elementor-element-3d096560 elementor-widget__width-initial elementor-widget elementor-widget-penci-big-grid\" data-id=\"3d096560\" data-element_type=\"widget\" data-widget_type=\"penci-big-grid.default\">\n\t\t\t\t<div class=\"elementor-widget-container\">\n\t\t\t\t\t        <div class=\"penci-clearfix penci-biggrid-wrapper penci-bgrid-based-post penci-bgrid-style-12 pcbg-ficonpo-top-right pcbg-reiconpo-top-left penci-bgrid-content-on pencibg-imageh-zoom-in pencibg-texth-none pencibg-textani-movebottom penci-bgrid-monecol pcbg-mask-subtitle textop hide-mdesc\">\n\t\t\t            <div class=\"penci-clearfix penci-biggrid penci-bgstyle-12 penci-bgel\">\n                <div class=\"penci-biggrid-inner default\">\n\t\t\t\t\t<div class=\"penci-big-grid-ajax-data\"><div class=\"penci-clearfix penci-biggrid-data penci-dblock penci-fixh\"><div class=\"penci-bgitem pcbg-big-item bgitem-1\">\n    <div class=\"penci-bgitin\">\n        <div class=\"penci-bgmain\">\n            <div class=\"pcbg-thumb\">\n\t\t\t\t\t\t\t\t                <div class=\"pcbg-thumbin\">\n                    <a class=\"pcbg-bgoverlay\"\n                       href=\"https:\/\/realites.com.tn\/fr\/affaire-du-complot-audience-decisive-aujourdhui-a-la-cour-de-cassation\/\" title=\"\u00ab Affaire du complot \u00bb : audience d\u00e9cisive aujourd&rsquo;hui \u00e0 la Cour de cassation\"><\/a>\n\n                        <div  data-bgset=\"https:\/\/realites.com.tn\/fr\/wp-content\/uploads\/2025\/04\/justice.jpg\" data_bg_hidpi=\"https:\/\/realites.com.tn\/fr\/wp-content\/uploads\/2025\/04\/justice.jpg\" class=\"penci-lazy penci-image-holder\">\n                                                    <\/div>\n\n                <\/div>\n            <\/div>\n            <div class=\"pcbg-content\">\n                <div class=\"pcbg-content-flex\">\n                    <a class=\"pcbg-bgoverlay\"\n                       href=\"https:\/\/realites.com.tn\/fr\/affaire-du-complot-audience-decisive-aujourdhui-a-la-cour-de-cassation\/\" title=\"\u00ab Affaire du complot \u00bb : audience d\u00e9cisive aujourd&rsquo;hui \u00e0 la Cour de cassation\"><\/a>\n                    <div class=\"pcbg-content-inner bgcontent-block\">\n                        <a href=\"https:\/\/realites.com.tn\/fr\/affaire-du-complot-audience-decisive-aujourdhui-a-la-cour-de-cassation\/\" title=\"\u00ab Affaire du complot \u00bb : audience d\u00e9cisive aujourd&rsquo;hui \u00e0 la Cour de cassation\"\n                           class=\"pcbg-bgoverlaytext active-overlay item-hover\"><\/a>\n\n\t\t\t\t\t\t                            <div class=\"pcbg-above item-hover\">\n\t\t\t\t\t\t\t<span class=\"cat pcbg-sub-title\">\n\t\t\t\t\t\t\t\t<a style=\"\" class=\"penci-cat-name penci-cat-3\" href=\"https:\/\/realites.com.tn\/fr\/category\/a-la-une\/\"  rel=\"category tag\"><span style=\"\">A la Une<\/span><\/a>\t\t\t\t\t\t\t<\/span>\n                            <\/div>\n\t\t\t\t\t\t\n\t\t\t\t\t\t                            <div class=\"pcbg-heading item-hover\">\n                                <h3 class=\"pcbg-title\">\n                                    <a href=\"https:\/\/realites.com.tn\/fr\/affaire-du-complot-audience-decisive-aujourdhui-a-la-cour-de-cassation\/\">\n\t\t\t\t\t\t\t\t\t\t\u00ab Affaire du complot \u00bb : audience d\u00e9cisive aujourd&rsquo;hui \u00e0 la Cour de cassation                                    <\/a>\n                                <\/h3>\n                            <\/div>\n\t\t\t\t\t\t\n\t\t\t\t\t\t\n\t\t\t\t\t\t                    <\/div>\n                <\/div>\n            <\/div>\n        <\/div>\n    <\/div>\n<\/div>\n<div class=\"penci-bgitem bgitem-2\">\n    <div class=\"penci-bgitin\">\n        <div class=\"penci-bgmain\">\n            <div class=\"pcbg-thumb\">\n\t\t\t\t\t\t\t\t                <div class=\"pcbg-thumbin\">\n                    <a class=\"pcbg-bgoverlay\"\n                       href=\"https:\/\/realites.com.tn\/fr\/le-deraillement-dun-train-de-la-banlieue-sud-paralyse-le-trafic-ferroviaire-video\/\" title=\"Le d\u00e9raillement d&rsquo;un train de la banlieue sud paralyse le trafic ferroviaire (vid\u00e9o)\"><\/a>\n\n                        <div  data-bgset=\"https:\/\/realites.com.tn\/fr\/wp-content\/uploads\/2026\/09\/IMG_20260902_172343.jpg\" data_bg_hidpi=\"https:\/\/realites.com.tn\/fr\/wp-content\/uploads\/2026\/09\/IMG_20260902_172343.jpg\" class=\"penci-lazy penci-image-holder\">\n                                                    <\/div>\n\n                <\/div>\n            <\/div>\n            <div class=\"pcbg-content\">\n                <div class=\"pcbg-content-flex\">\n                    <a class=\"pcbg-bgoverlay\"\n                       href=\"https:\/\/realites.com.tn\/fr\/le-deraillement-dun-train-de-la-banlieue-sud-paralyse-le-trafic-ferroviaire-video\/\" title=\"Le d\u00e9raillement d&rsquo;un train de la banlieue sud paralyse le trafic ferroviaire (vid\u00e9o)\"><\/a>\n                    <div class=\"pcbg-content-inner bgcontent-block\">\n                        <a href=\"https:\/\/realites.com.tn\/fr\/le-deraillement-dun-train-de-la-banlieue-sud-paralyse-le-trafic-ferroviaire-video\/\" title=\"Le d\u00e9raillement d&rsquo;un train de la banlieue sud paralyse le trafic ferroviaire (vid\u00e9o)\"\n                           class=\"pcbg-bgoverlaytext active-overlay item-hover\"><\/a>\n\n\t\t\t\t\t\t                            <div class=\"pcbg-above item-hover\">\n\t\t\t\t\t\t\t<span class=\"cat pcbg-sub-title\">\n\t\t\t\t\t\t\t\t<a style=\"\" class=\"penci-cat-name penci-cat-3\" href=\"https:\/\/realites.com.tn\/fr\/category\/a-la-une\/\"  rel=\"category tag\"><span style=\"\">A la Une<\/span><\/a><a style=\"\" class=\"penci-cat-name penci-cat-4\" href=\"https:\/\/realites.com.tn\/fr\/category\/actualites\/\"  rel=\"category tag\"><span style=\"\">Actualit\u00e9s<\/span><\/a>\t\t\t\t\t\t\t<\/span>\n                            <\/div>\n\t\t\t\t\t\t\n\t\t\t\t\t\t                            <div class=\"pcbg-heading item-hover\">\n                                <h3 class=\"pcbg-title\">\n                                    <a href=\"https:\/\/realites.com.tn\/fr\/le-deraillement-dun-train-de-la-banlieue-sud-paralyse-le-trafic-ferroviaire-video\/\">\n\t\t\t\t\t\t\t\t\t\tLe d\u00e9raillement d&rsquo;un train de la banlieue sud paralyse le trafic ferroviaire (vid\u00e9o)                                    <\/a>\n                                <\/h3>\n                            <\/div>\n\t\t\t\t\t\t\n\t\t\t\t\t\t\n\t\t\t\t\t\t                    <\/div>\n                <\/div>\n            <\/div>\n        <\/div>\n    <\/div>\n<\/div>\n<div class=\"penci-bgitem bgitem-3\">\n    <div class=\"penci-bgitin\">\n        <div class=\"penci-bgmain\">\n            <div class=\"pcbg-thumb\">\n\t\t\t\t\t\t\t\t                <div class=\"pcbg-thumbin\">\n                    <a class=\"pcbg-bgoverlay\"\n                       href=\"https:\/\/realites.com.tn\/fr\/63-181-m%c2%b3-deau-sauves-et-8747-de-dechets-valorises-la-sfbt-accelere-sa-transition-ecologique-en-2025\/\" title=\"63 181 m\u00b3 d\u2019eau sauv\u00e9s et 87,47 % de d\u00e9chets valoris\u00e9s : la SFBT acc\u00e9l\u00e8re sa transition \u00e9cologique en 2025\"><\/a>\n\n                        <div  data-bgset=\"https:\/\/realites.com.tn\/fr\/wp-content\/uploads\/2026\/09\/sfbt-1.webp\" data_bg_hidpi=\"https:\/\/realites.com.tn\/fr\/wp-content\/uploads\/2026\/09\/sfbt-1.webp\" class=\"penci-lazy penci-image-holder\">\n                                                    <\/div>\n\n                <\/div>\n            <\/div>\n            <div class=\"pcbg-content\">\n                <div class=\"pcbg-content-flex\">\n                    <a class=\"pcbg-bgoverlay\"\n                       href=\"https:\/\/realites.com.tn\/fr\/63-181-m%c2%b3-deau-sauves-et-8747-de-dechets-valorises-la-sfbt-accelere-sa-transition-ecologique-en-2025\/\" title=\"63 181 m\u00b3 d\u2019eau sauv\u00e9s et 87,47 % de d\u00e9chets valoris\u00e9s : la SFBT acc\u00e9l\u00e8re sa transition \u00e9cologique en 2025\"><\/a>\n                    <div class=\"pcbg-content-inner bgcontent-block\">\n                        <a href=\"https:\/\/realites.com.tn\/fr\/63-181-m%c2%b3-deau-sauves-et-8747-de-dechets-valorises-la-sfbt-accelere-sa-transition-ecologique-en-2025\/\" title=\"63 181 m\u00b3 d\u2019eau sauv\u00e9s et 87,47 % de d\u00e9chets valoris\u00e9s : la SFBT acc\u00e9l\u00e8re sa transition \u00e9cologique en 2025\"\n                           class=\"pcbg-bgoverlaytext active-overlay item-hover\"><\/a>\n\n\t\t\t\t\t\t                            <div class=\"pcbg-above item-hover\">\n\t\t\t\t\t\t\t<span class=\"cat pcbg-sub-title\">\n\t\t\t\t\t\t\t\t<a style=\"\" class=\"penci-cat-name penci-cat-4\" href=\"https:\/\/realites.com.tn\/fr\/category\/actualites\/\"  rel=\"category tag\"><span style=\"\">Actualit\u00e9s<\/span><\/a>\t\t\t\t\t\t\t<\/span>\n                            <\/div>\n\t\t\t\t\t\t\n\t\t\t\t\t\t                            <div class=\"pcbg-heading item-hover\">\n                                <h3 class=\"pcbg-title\">\n                                    <a href=\"https:\/\/realites.com.tn\/fr\/63-181-m%c2%b3-deau-sauves-et-8747-de-dechets-valorises-la-sfbt-accelere-sa-transition-ecologique-en-2025\/\">\n\t\t\t\t\t\t\t\t\t\t63 181 m\u00b3 d\u2019eau sauv\u00e9s et 87,47 % de d\u00e9chets valoris\u00e9s : la SFBT acc\u00e9l\u00e8re sa transition \u00e9cologique en 2025                                    <\/a>\n                                <\/h3>\n                            <\/div>\n\t\t\t\t\t\t\n\t\t\t\t\t\t\n\t\t\t\t\t\t                    <\/div>\n                <\/div>\n            <\/div>\n        <\/div>\n    <\/div>\n<\/div>\n<div class=\"penci-bgitem bgitem-0\">\n    <div class=\"penci-bgitin\">\n        <div class=\"penci-bgmain\">\n            <div class=\"pcbg-thumb\">\n\t\t\t\t\t\t\t\t                <div class=\"pcbg-thumbin\">\n                    <a class=\"pcbg-bgoverlay\"\n                       href=\"https:\/\/realites.com.tn\/fr\/eau-minerale-plus-de-23-millions-de-bouteilles-distribuees-chaque-jour-dans-le-grand-tunis\/\" title=\"Eau min\u00e9rale : plus de 2,3 millions de bouteilles distribu\u00e9es chaque jour dans le Grand Tunis\"><\/a>\n\n                        <div  data-bgset=\"https:\/\/realites.com.tn\/fr\/wp-content\/uploads\/2026\/09\/eau-embouteilee-010926-1.webp\" data_bg_hidpi=\"https:\/\/realites.com.tn\/fr\/wp-content\/uploads\/2026\/09\/eau-embouteilee-010926-1.webp\" class=\"penci-lazy penci-image-holder\">\n                                                    <\/div>\n\n                <\/div>\n            <\/div>\n            <div class=\"pcbg-content\">\n                <div class=\"pcbg-content-flex\">\n                    <a class=\"pcbg-bgoverlay\"\n                       href=\"https:\/\/realites.com.tn\/fr\/eau-minerale-plus-de-23-millions-de-bouteilles-distribuees-chaque-jour-dans-le-grand-tunis\/\" title=\"Eau min\u00e9rale : plus de 2,3 millions de bouteilles distribu\u00e9es chaque jour dans le Grand Tunis\"><\/a>\n                    <div class=\"pcbg-content-inner bgcontent-block\">\n                        <a href=\"https:\/\/realites.com.tn\/fr\/eau-minerale-plus-de-23-millions-de-bouteilles-distribuees-chaque-jour-dans-le-grand-tunis\/\" title=\"Eau min\u00e9rale : plus de 2,3 millions de bouteilles distribu\u00e9es chaque jour dans le Grand Tunis\"\n                           class=\"pcbg-bgoverlaytext active-overlay item-hover\"><\/a>\n\n\t\t\t\t\t\t                            <div class=\"pcbg-above item-hover\">\n\t\t\t\t\t\t\t<span class=\"cat pcbg-sub-title\">\n\t\t\t\t\t\t\t\t<a style=\"\" class=\"penci-cat-name penci-cat-4\" href=\"https:\/\/realites.com.tn\/fr\/category\/actualites\/\"  rel=\"category tag\"><span style=\"\">Actualit\u00e9s<\/span><\/a>\t\t\t\t\t\t\t<\/span>\n                            <\/div>\n\t\t\t\t\t\t\n\t\t\t\t\t\t                            <div class=\"pcbg-heading item-hover\">\n                                <h3 class=\"pcbg-title\">\n                                    <a href=\"https:\/\/realites.com.tn\/fr\/eau-minerale-plus-de-23-millions-de-bouteilles-distribuees-chaque-jour-dans-le-grand-tunis\/\">\n\t\t\t\t\t\t\t\t\t\tEau min\u00e9rale : plus de 2,3 millions de bouteilles distribu\u00e9es chaque jour dans le Grand Tunis                                    <\/a>\n                                <\/h3>\n                            <\/div>\n\t\t\t\t\t\t\n\t\t\t\t\t\t\n\t\t\t\t\t\t                    <\/div>\n                <\/div>\n            <\/div>\n        <\/div>\n    <\/div>\n<\/div>\n<\/div><\/div>                <\/div>\n\t\t\t\t            <\/div>\n        <\/div>\n\t\t\t\t\t\t<\/div>\n\t\t\t\t<\/div>\n\t\t\t\t<div class=\"elementor-element elementor-element-bad3d86 elementor-widget elementor-widget-html\" data-id=\"bad3d86\" data-element_type=\"widget\" data-widget_type=\"html.default\">\n\t\t\t\t<div class=\"elementor-widget-container\">\n\t\t\t\t\t<!-- \/21816787485\/1000x90 -->\r\n<div id='div-gpt-ad-1700564461487-0' style='min-width: 1000px; min-height: 90px;'>\r\n  <script>\r\n    googletag.cmd.push(function() { googletag.display('div-gpt-ad-1700564461487-0'); });\r\n  <\/script>\r\n<\/div>\t\t\t\t<\/div>\n\t\t\t\t<\/div>\n\t\t\t\t<div class=\"elementor-element elementor-element-61b20422 elementor-widget elementor-widget-penci-block-heading\" data-id=\"61b20422\" data-element_type=\"widget\" data-widget_type=\"penci-block-heading.default\">\n\t\t\t\t<div class=\"elementor-widget-container\">\n\t\t\t\t\t\t\t<div class=\"penciel-bheading penci-border-arrow penci-homepage-title penci-home-latest-posts style-15 pcalign-left pciconp-left pcicon-right block-title-icon-left\">\n\t\t\t<h3 class=\"inner-arrow\">\n\t\t\t\t<span>\n\t\t\t\t<a href=\"https:\/\/realites.com.tn\/fr\/category\/actualites\/\">Actualit\u00e9s<\/a>\t\t\t\t<\/span>\n\t\t\t<\/h3>\n\t\t\t\t\t<\/div>\n\t\t\t\t\t\t<\/div>\n\t\t\t\t<\/div>\n\t\t\t\t<div class=\"elementor-element elementor-element-501e3a5 elementor-widget elementor-widget-penci-big-grid\" data-id=\"501e3a5\" data-element_type=\"widget\" data-widget_type=\"penci-big-grid.default\">\n\t\t\t\t<div class=\"elementor-widget-container\">\n\t\t\t\t\t        <div class=\"penci-clearfix penci-biggrid-wrapper penci-grid-col-3 penci-grid-tcol-2 penci-grid-mcol-1 penci-bgrid-based-post penci-bgrid-style-1 pcbg-ficonpo-top-right pcbg-reiconpo-top-left penci-bgrid-content-below pencibg-imageh-none pencibg-texth-none pencibg-textani-movetop textop\">\n\t\t\t            <div class=\"penci-clearfix penci-biggrid penci-bgstyle-1 penci-bgel\">\n                <div class=\"penci-biggrid-inner default\">\n\t\t\t\t\t<div class=\"penci-clearfix penci-biggrid-data penci-dflex\"><div class=\"penci-bgitem\">\n    <div class=\"penci-bgitin\">\n        <div class=\"penci-bgmain\">\n            <div class=\"pcbg-thumb\">\n\t\t\t\t\t\t\t\t                <div class=\"pcbg-thumbin\">\n                    <a class=\"pcbg-bgoverlay\"\n                       href=\"https:\/\/realites.com.tn\/fr\/la-marsa-20-migrants-subsahariens-interpelles\/\" title=\"La Marsa : 20 migrants subsahariens interpell\u00e9s\"><\/a>\n\n                        <div  data-bgset=\"https:\/\/realites.com.tn\/fr\/wp-content\/uploads\/2025\/01\/ARRESTATION.jpg\" data_bg_hidpi=\"https:\/\/realites.com.tn\/fr\/wp-content\/uploads\/2025\/01\/ARRESTATION.jpg\" class=\"penci-lazy penci-image-holder\">\n                                                    <\/div>\n\n                <\/div>\n            <\/div>\n            <div class=\"pcbg-content\">\n                <div class=\"pcbg-content-flex\">\n                    <a class=\"pcbg-bgoverlay\"\n                       href=\"https:\/\/realites.com.tn\/fr\/la-marsa-20-migrants-subsahariens-interpelles\/\" title=\"La Marsa : 20 migrants subsahariens interpell\u00e9s\"><\/a>\n                    <div class=\"pcbg-content-inner bgcontent-block\">\n                        <a href=\"https:\/\/realites.com.tn\/fr\/la-marsa-20-migrants-subsahariens-interpelles\/\" title=\"La Marsa : 20 migrants subsahariens interpell\u00e9s\"\n                           class=\"pcbg-bgoverlaytext active-overlay item-hover\"><\/a>\n\n\t\t\t\t\t\t\n\t\t\t\t\t\t                            <div class=\"pcbg-heading item-hover\">\n                                <h3 class=\"pcbg-title\" title=\"La Marsa : 20 migrants subsahariens interpell\u00e9s\">\n                                    <a href=\"https:\/\/realites.com.tn\/fr\/la-marsa-20-migrants-subsahariens-interpelles\/\">\n\t\t\t\t\t\t\t\t\t\tLa Marsa : 20 migrants subsahariens interpell\u00e9s                                    <\/a>\n                                <\/h3>\n                            <\/div>\n\t\t\t\t\t\t\n\t\t\t\t\t\t                            <div class=\"grid-post-box-meta pcbg-meta item-hover\">\n                                <div class=\"pcbg-meta-desc\">\n\t\t\t\t\t\t\t\t\t\t\t\t\t\t\t\t\t\t                                        <span class=\"bg-date\"><time class=\"entry-date published\" datetime=\"2026-09-03T10:01:24+01:00\">03-09-2026<\/time><\/span>\n\t\t\t\t\t\t\t\t\t\t\t\t\t\t\t\t\t\t\t\t\t\t\t\t\t\t\t\t\t\t\t\t\t\t\t\t\t\t\t\t\t\t\t\t\t                                <\/div>\n\t\t\t\t\t\t\t\t                            <\/div>\n\t\t\t\t\t\t\n\t\t\t\t\t\t                    <\/div>\n                <\/div>\n            <\/div>\n        <\/div>\n    <\/div>\n<\/div>\n<div class=\"penci-bgitem\">\n    <div class=\"penci-bgitin\">\n        <div class=\"penci-bgmain\">\n            <div class=\"pcbg-thumb\">\n\t\t\t\t\t\t\t\t                <div class=\"pcbg-thumbin\">\n                    <a class=\"pcbg-bgoverlay\"\n                       href=\"https:\/\/realites.com.tn\/fr\/sfax-decouverte-du-corps-dune-femme-a-son-domicile-apres-plusieurs-jours\/\" title=\"Sfax : d\u00e9couverte du corps d&rsquo;une femme \u00e0 son domicile apr\u00e8s plusieurs jours\"><\/a>\n\n                        <div  data-bgset=\"https:\/\/realites.com.tn\/fr\/wp-content\/uploads\/2025\/04\/femme-morte.jpg\" data_bg_hidpi=\"https:\/\/realites.com.tn\/fr\/wp-content\/uploads\/2025\/04\/femme-morte.jpg\" class=\"penci-lazy penci-image-holder\">\n                                                    <\/div>\n\n                <\/div>\n            <\/div>\n            <div class=\"pcbg-content\">\n                <div class=\"pcbg-content-flex\">\n                    <a class=\"pcbg-bgoverlay\"\n                       href=\"https:\/\/realites.com.tn\/fr\/sfax-decouverte-du-corps-dune-femme-a-son-domicile-apres-plusieurs-jours\/\" title=\"Sfax : d\u00e9couverte du corps d&rsquo;une femme \u00e0 son domicile apr\u00e8s plusieurs jours\"><\/a>\n                    <div class=\"pcbg-content-inner bgcontent-block\">\n                        <a href=\"https:\/\/realites.com.tn\/fr\/sfax-decouverte-du-corps-dune-femme-a-son-domicile-apres-plusieurs-jours\/\" title=\"Sfax : d\u00e9couverte du corps d&rsquo;une femme \u00e0 son domicile apr\u00e8s plusieurs jours\"\n                           class=\"pcbg-bgoverlaytext active-overlay item-hover\"><\/a>\n\n\t\t\t\t\t\t\n\t\t\t\t\t\t                            <div class=\"pcbg-heading item-hover\">\n                                <h3 class=\"pcbg-title\" title=\"Sfax : d\u00e9couverte du corps d&rsquo;une femme \u00e0 son domicile apr\u00e8s plusieurs jours\">\n                                    <a href=\"https:\/\/realites.com.tn\/fr\/sfax-decouverte-du-corps-dune-femme-a-son-domicile-apres-plusieurs-jours\/\">\n\t\t\t\t\t\t\t\t\t\tSfax : d\u00e9couverte du corps d&rsquo;une femme \u00e0 son domicile apr\u00e8s plusieurs jours                                    <\/a>\n                                <\/h3>\n                            <\/div>\n\t\t\t\t\t\t\n\t\t\t\t\t\t                            <div class=\"grid-post-box-meta pcbg-meta item-hover\">\n                                <div class=\"pcbg-meta-desc\">\n\t\t\t\t\t\t\t\t\t\t\t\t\t\t\t\t\t\t                                        <span class=\"bg-date\"><time class=\"entry-date published\" datetime=\"2026-09-03T09:25:37+01:00\">03-09-2026<\/time><\/span>\n\t\t\t\t\t\t\t\t\t\t\t\t\t\t\t\t\t\t\t\t\t\t\t\t\t\t\t\t\t\t\t\t\t\t\t\t\t\t\t\t\t\t\t\t\t                                <\/div>\n\t\t\t\t\t\t\t\t                            <\/div>\n\t\t\t\t\t\t\n\t\t\t\t\t\t                    <\/div>\n                <\/div>\n            <\/div>\n        <\/div>\n    <\/div>\n<\/div>\n<div class=\"penci-bgitem\">\n    <div class=\"penci-bgitin\">\n        <div class=\"penci-bgmain\">\n            <div class=\"pcbg-thumb\">\n\t\t\t\t\t\t\t\t                <div class=\"pcbg-thumbin\">\n                    <a class=\"pcbg-bgoverlay\"\n                       href=\"https:\/\/realites.com.tn\/fr\/trafic-ferroviaire-retour-a-la-normale-apres-le-deraillement-dun-train\/\" title=\"Trafic ferroviaire : retour \u00e0 la normale apr\u00e8s le d\u00e9raillement d\u2019un train\"><\/a>\n\n                        <div  data-bgset=\"https:\/\/realites.com.tn\/fr\/wp-content\/uploads\/2025\/10\/train.jpg\" data_bg_hidpi=\"https:\/\/realites.com.tn\/fr\/wp-content\/uploads\/2025\/10\/train.jpg\" class=\"penci-lazy penci-image-holder\">\n                                                    <\/div>\n\n                <\/div>\n            <\/div>\n            <div class=\"pcbg-content\">\n                <div class=\"pcbg-content-flex\">\n                    <a class=\"pcbg-bgoverlay\"\n                       href=\"https:\/\/realites.com.tn\/fr\/trafic-ferroviaire-retour-a-la-normale-apres-le-deraillement-dun-train\/\" title=\"Trafic ferroviaire : retour \u00e0 la normale apr\u00e8s le d\u00e9raillement d\u2019un train\"><\/a>\n                    <div class=\"pcbg-content-inner bgcontent-block\">\n                        <a href=\"https:\/\/realites.com.tn\/fr\/trafic-ferroviaire-retour-a-la-normale-apres-le-deraillement-dun-train\/\" title=\"Trafic ferroviaire : retour \u00e0 la normale apr\u00e8s le d\u00e9raillement d\u2019un train\"\n                           class=\"pcbg-bgoverlaytext active-overlay item-hover\"><\/a>\n\n\t\t\t\t\t\t\n\t\t\t\t\t\t                            <div class=\"pcbg-heading item-hover\">\n                                <h3 class=\"pcbg-title\" title=\"Trafic ferroviaire : retour \u00e0 la normale apr\u00e8s le d\u00e9raillement d\u2019un train\">\n                                    <a href=\"https:\/\/realites.com.tn\/fr\/trafic-ferroviaire-retour-a-la-normale-apres-le-deraillement-dun-train\/\">\n\t\t\t\t\t\t\t\t\t\tTrafic ferroviaire : retour \u00e0 la normale apr\u00e8s le d\u00e9raillement d\u2019un train                                    <\/a>\n                                <\/h3>\n                            <\/div>\n\t\t\t\t\t\t\n\t\t\t\t\t\t                            <div class=\"grid-post-box-meta pcbg-meta item-hover\">\n                                <div class=\"pcbg-meta-desc\">\n\t\t\t\t\t\t\t\t\t\t\t\t\t\t\t\t\t\t                                        <span class=\"bg-date\"><time class=\"entry-date published\" datetime=\"2026-09-03T08:44:24+01:00\">03-09-2026<\/time><\/span>\n\t\t\t\t\t\t\t\t\t\t\t\t\t\t\t\t\t\t\t\t\t\t\t\t\t\t\t\t\t\t\t\t\t\t\t\t\t\t\t\t\t\t\t\t\t                                <\/div>\n\t\t\t\t\t\t\t\t                            <\/div>\n\t\t\t\t\t\t\n\t\t\t\t\t\t                    <\/div>\n                <\/div>\n            <\/div>\n        <\/div>\n    <\/div>\n<\/div>\n<div class=\"penci-bgitem\">\n    <div class=\"penci-bgitin\">\n        <div class=\"penci-bgmain\">\n            <div class=\"pcbg-thumb\">\n\t\t\t\t\t\t\t\t                <div class=\"pcbg-thumbin\">\n                    <a class=\"pcbg-bgoverlay\"\n                       href=\"https:\/\/realites.com.tn\/fr\/tunisie-libye-kais-saied-appelle-a-intensifier-la-concertation-et-a-faciliter-le-passage-aux-frontieres\/\" title=\"Tunisie-Libye : Ka\u00efs Sa\u00efed appelle \u00e0 intensifier la concertation et \u00e0 faciliter le passage aux fronti\u00e8res\"><\/a>\n\n                        <div  data-bgset=\"https:\/\/realites.com.tn\/fr\/wp-content\/uploads\/2026\/09\/792109606_3719035104931959_62320014943664189_n.jpg\" data_bg_hidpi=\"https:\/\/realites.com.tn\/fr\/wp-content\/uploads\/2026\/09\/792109606_3719035104931959_62320014943664189_n.jpg\" class=\"penci-lazy penci-image-holder\">\n                                                    <\/div>\n\n                <\/div>\n            <\/div>\n            <div class=\"pcbg-content\">\n                <div class=\"pcbg-content-flex\">\n                    <a class=\"pcbg-bgoverlay\"\n                       href=\"https:\/\/realites.com.tn\/fr\/tunisie-libye-kais-saied-appelle-a-intensifier-la-concertation-et-a-faciliter-le-passage-aux-frontieres\/\" title=\"Tunisie-Libye : Ka\u00efs Sa\u00efed appelle \u00e0 intensifier la concertation et \u00e0 faciliter le passage aux fronti\u00e8res\"><\/a>\n                    <div class=\"pcbg-content-inner bgcontent-block\">\n                        <a href=\"https:\/\/realites.com.tn\/fr\/tunisie-libye-kais-saied-appelle-a-intensifier-la-concertation-et-a-faciliter-le-passage-aux-frontieres\/\" title=\"Tunisie-Libye : Ka\u00efs Sa\u00efed appelle \u00e0 intensifier la concertation et \u00e0 faciliter le passage aux fronti\u00e8res\"\n                           class=\"pcbg-bgoverlaytext active-overlay item-hover\"><\/a>\n\n\t\t\t\t\t\t\n\t\t\t\t\t\t                            <div class=\"pcbg-heading item-hover\">\n                                <h3 class=\"pcbg-title\" title=\"Tunisie-Libye : Ka\u00efs Sa\u00efed appelle \u00e0 intensifier la concertation et \u00e0 faciliter le passage aux fronti\u00e8res\">\n                                    <a href=\"https:\/\/realites.com.tn\/fr\/tunisie-libye-kais-saied-appelle-a-intensifier-la-concertation-et-a-faciliter-le-passage-aux-frontieres\/\">\n\t\t\t\t\t\t\t\t\t\tTunisie-Libye : Ka\u00efs Sa\u00efed appelle \u00e0 intensifier la concertation et \u00e0 faciliter le passage aux fronti\u00e8res                                    <\/a>\n                                <\/h3>\n                            <\/div>\n\t\t\t\t\t\t\n\t\t\t\t\t\t                            <div class=\"grid-post-box-meta pcbg-meta item-hover\">\n                                <div class=\"pcbg-meta-desc\">\n\t\t\t\t\t\t\t\t\t\t\t\t\t\t\t\t\t\t                                        <span class=\"bg-date\"><time class=\"entry-date published\" datetime=\"2026-09-03T08:29:24+01:00\">03-09-2026<\/time><\/span>\n\t\t\t\t\t\t\t\t\t\t\t\t\t\t\t\t\t\t\t\t\t\t\t\t\t\t\t\t\t\t\t\t\t\t\t\t\t\t\t\t\t\t\t\t\t                                <\/div>\n\t\t\t\t\t\t\t\t                            <\/div>\n\t\t\t\t\t\t\n\t\t\t\t\t\t                    <\/div>\n                <\/div>\n            <\/div>\n        <\/div>\n    <\/div>\n<\/div>\n<div class=\"penci-bgitem\">\n    <div class=\"penci-bgitin\">\n        <div class=\"penci-bgmain\">\n            <div class=\"pcbg-thumb\">\n\t\t\t\t\t\t\t\t                <div class=\"pcbg-thumbin\">\n                    <a class=\"pcbg-bgoverlay\"\n                       href=\"https:\/\/realites.com.tn\/fr\/le-parti-destourien-libre-annonce-une-marche-de-protestation-le-12-septembre\/\" title=\"Le Parti destourien libre annonce une marche de protestation le 12 septembre\"><\/a>\n\n                        <div  data-bgset=\"https:\/\/realites.com.tn\/fr\/wp-content\/uploads\/2021\/12\/PDL-Sigle-neue.jpg\" data_bg_hidpi=\"https:\/\/realites.com.tn\/fr\/wp-content\/uploads\/2021\/12\/PDL-Sigle-neue.jpg\" class=\"penci-lazy penci-image-holder\">\n                                                    <\/div>\n\n                <\/div>\n            <\/div>\n            <div class=\"pcbg-content\">\n                <div class=\"pcbg-content-flex\">\n                    <a class=\"pcbg-bgoverlay\"\n                       href=\"https:\/\/realites.com.tn\/fr\/le-parti-destourien-libre-annonce-une-marche-de-protestation-le-12-septembre\/\" title=\"Le Parti destourien libre annonce une marche de protestation le 12 septembre\"><\/a>\n                    <div class=\"pcbg-content-inner bgcontent-block\">\n                        <a href=\"https:\/\/realites.com.tn\/fr\/le-parti-destourien-libre-annonce-une-marche-de-protestation-le-12-septembre\/\" title=\"Le Parti destourien libre annonce une marche de protestation le 12 septembre\"\n                           class=\"pcbg-bgoverlaytext active-overlay item-hover\"><\/a>\n\n\t\t\t\t\t\t\n\t\t\t\t\t\t                            <div class=\"pcbg-heading item-hover\">\n                                <h3 class=\"pcbg-title\" title=\"Le Parti destourien libre annonce une marche de protestation le 12 septembre\">\n                                    <a href=\"https:\/\/realites.com.tn\/fr\/le-parti-destourien-libre-annonce-une-marche-de-protestation-le-12-septembre\/\">\n\t\t\t\t\t\t\t\t\t\tLe Parti destourien libre annonce une marche de protestation le 12 septembre                                    <\/a>\n                                <\/h3>\n                            <\/div>\n\t\t\t\t\t\t\n\t\t\t\t\t\t                            <div class=\"grid-post-box-meta pcbg-meta item-hover\">\n                                <div class=\"pcbg-meta-desc\">\n\t\t\t\t\t\t\t\t\t\t\t\t\t\t\t\t\t\t                                        <span class=\"bg-date\"><time class=\"entry-date published\" datetime=\"2026-09-02T20:51:37+01:00\">02-09-2026<\/time><\/span>\n\t\t\t\t\t\t\t\t\t\t\t\t\t\t\t\t\t\t\t\t\t\t\t\t\t\t\t\t\t\t\t\t\t\t\t\t\t\t\t\t\t\t\t\t\t                                <\/div>\n\t\t\t\t\t\t\t\t                            <\/div>\n\t\t\t\t\t\t\n\t\t\t\t\t\t                    <\/div>\n                <\/div>\n            <\/div>\n        <\/div>\n    <\/div>\n<\/div>\n<div class=\"penci-bgitem\">\n    <div class=\"penci-bgitin\">\n        <div class=\"penci-bgmain\">\n            <div class=\"pcbg-thumb\">\n\t\t\t\t\t\t\t\t                <div class=\"pcbg-thumbin\">\n                    <a class=\"pcbg-bgoverlay\"\n                       href=\"https:\/\/realites.com.tn\/fr\/mohamed-ali-nafti-recoit-la-nouvelle-ambassadrice-des-pays-bas\/\" title=\"Mohamed Ali Nafti re\u00e7oit la nouvelle Ambassadrice des Pays-Bas\"><\/a>\n\n                        <div  data-bgset=\"https:\/\/realites.com.tn\/fr\/wp-content\/uploads\/2026\/09\/793478567_1262353382635156_8498069200235004032_n.jpg\" data_bg_hidpi=\"https:\/\/realites.com.tn\/fr\/wp-content\/uploads\/2026\/09\/793478567_1262353382635156_8498069200235004032_n.jpg\" class=\"penci-lazy penci-image-holder\">\n                                                    <\/div>\n\n                <\/div>\n            <\/div>\n            <div class=\"pcbg-content\">\n                <div class=\"pcbg-content-flex\">\n                    <a class=\"pcbg-bgoverlay\"\n                       href=\"https:\/\/realites.com.tn\/fr\/mohamed-ali-nafti-recoit-la-nouvelle-ambassadrice-des-pays-bas\/\" title=\"Mohamed Ali Nafti re\u00e7oit la nouvelle Ambassadrice des Pays-Bas\"><\/a>\n                    <div class=\"pcbg-content-inner bgcontent-block\">\n                        <a href=\"https:\/\/realites.com.tn\/fr\/mohamed-ali-nafti-recoit-la-nouvelle-ambassadrice-des-pays-bas\/\" title=\"Mohamed Ali Nafti re\u00e7oit la nouvelle Ambassadrice des Pays-Bas\"\n                           class=\"pcbg-bgoverlaytext active-overlay item-hover\"><\/a>\n\n\t\t\t\t\t\t\n\t\t\t\t\t\t                            <div class=\"pcbg-heading item-hover\">\n                                <h3 class=\"pcbg-title\" title=\"Mohamed Ali Nafti re\u00e7oit la nouvelle Ambassadrice des Pays-Bas\">\n                                    <a href=\"https:\/\/realites.com.tn\/fr\/mohamed-ali-nafti-recoit-la-nouvelle-ambassadrice-des-pays-bas\/\">\n\t\t\t\t\t\t\t\t\t\tMohamed Ali Nafti re\u00e7oit la nouvelle Ambassadrice des Pays-Bas                                    <\/a>\n                                <\/h3>\n                            <\/div>\n\t\t\t\t\t\t\n\t\t\t\t\t\t                            <div class=\"grid-post-box-meta pcbg-meta item-hover\">\n                                <div class=\"pcbg-meta-desc\">\n\t\t\t\t\t\t\t\t\t\t\t\t\t\t\t\t\t\t                                        <span class=\"bg-date\"><time class=\"entry-date published\" datetime=\"2026-09-02T20:43:30+01:00\">02-09-2026<\/time><\/span>\n\t\t\t\t\t\t\t\t\t\t\t\t\t\t\t\t\t\t\t\t\t\t\t\t\t\t\t\t\t\t\t\t\t\t\t\t\t\t\t\t\t\t\t\t\t                                <\/div>\n\t\t\t\t\t\t\t\t                            <\/div>\n\t\t\t\t\t\t\n\t\t\t\t\t\t                    <\/div>\n                <\/div>\n            <\/div>\n        <\/div>\n    <\/div>\n<\/div>\n<\/div>                <\/div>\n\t\t\t\t            <\/div>\n        <\/div>\n\t\t\t\t\t\t<\/div>\n\t\t\t\t<\/div>\n\t\t\t\t\t<\/div>\n\t\t<\/div>\n\t\t\t\t<div class=\"penci-ercol-50 penci-ercol-order-2 penci-sticky-ct    elementor-column elementor-col-50 elementor-top-column elementor-element elementor-element-1c7a043b\" data-id=\"1c7a043b\" data-element_type=\"column\">\n\t\t\t<div class=\"elementor-widget-wrap elementor-element-populated\">\n\t\t\t\t\t\t<div class=\"elementor-element elementor-element-3874f66 elementor-widget elementor-widget-penci-big-grid\" data-id=\"3874f66\" data-element_type=\"widget\" data-widget_type=\"penci-big-grid.default\">\n\t\t\t\t<div class=\"elementor-widget-container\">\n\t\t\t\t\t        <div class=\"penci-clearfix penci-biggrid-wrapper penci-grid-col-1 penci-grid-mcol-1 penci-bgrid-based-post penci-bgrid-style-1 pcbg-ficonpo-top-right pcbg-reiconpo-top-left penci-bgrid-content-on pencibg-imageh-zoom-in pencibg-texth-none pencibg-textani-movetop pcbg-mask-subtitle textop\">\n\t\t\t            <div class=\"penci-clearfix penci-biggrid penci-bgstyle-1 penci-bgel\">\n                <div class=\"penci-biggrid-inner default\">\n\t\t\t\t\t<div class=\"penci-clearfix penci-biggrid-data penci-dflex\"><div class=\"penci-bgitem\">\n    <div class=\"penci-bgitin\">\n        <div class=\"penci-bgmain\">\n            <div class=\"pcbg-thumb\">\n\t\t\t\t\t\t\t\t                <div class=\"pcbg-thumbin\">\n                    <a class=\"pcbg-bgoverlay\"\n                       href=\"https:\/\/realites.com.tn\/fr\/de-la-sante-conventionnelle-a-la-sante-4-0\/\" title=\"De la sant\u00e9 conventionnelle \u00e0 la sant\u00e9 4.0\"><\/a>\n\n                        <div  data-bgset=\"https:\/\/realites.com.tn\/fr\/wp-content\/uploads\/2026\/04\/Sante-Numerique-3.jpg\" data_bg_hidpi=\"https:\/\/realites.com.tn\/fr\/wp-content\/uploads\/2026\/04\/Sante-Numerique-3.jpg\" class=\"penci-lazy penci-image-holder\">\n                                                    <\/div>\n\n                <\/div>\n            <\/div>\n            <div class=\"pcbg-content\">\n                <div class=\"pcbg-content-flex\">\n                    <a class=\"pcbg-bgoverlay active-overlay\"\n                       href=\"https:\/\/realites.com.tn\/fr\/de-la-sante-conventionnelle-a-la-sante-4-0\/\" title=\"De la sant\u00e9 conventionnelle \u00e0 la sant\u00e9 4.0\"><\/a>\n                    <div class=\"pcbg-content-inner bgcontent-block\">\n                        <a href=\"https:\/\/realites.com.tn\/fr\/de-la-sante-conventionnelle-a-la-sante-4-0\/\" title=\"De la sant\u00e9 conventionnelle \u00e0 la sant\u00e9 4.0\"\n                           class=\"pcbg-bgoverlaytext item-hover\"><\/a>\n\n\t\t\t\t\t\t                            <div class=\"pcbg-above item-hover\">\n\t\t\t\t\t\t\t<span class=\"cat pcbg-sub-title\">\n\t\t\t\t\t\t\t\t<a style=\"\" class=\"penci-cat-name penci-cat-17\" href=\"https:\/\/realites.com.tn\/fr\/category\/le-grand-dossier\/\"  rel=\"category tag\"><span style=\"\">Le grand dossier<\/span><\/a>\t\t\t\t\t\t\t<\/span>\n                            <\/div>\n\t\t\t\t\t\t\n\t\t\t\t\t\t                            <div class=\"pcbg-heading item-hover\">\n                                <h3 class=\"pcbg-title\">\n                                    <a href=\"https:\/\/realites.com.tn\/fr\/de-la-sante-conventionnelle-a-la-sante-4-0\/\">\n\t\t\t\t\t\t\t\t\t\tDe la sant\u00e9 conventionnelle \u00e0 la sant\u00e9 4.0                                    <\/a>\n                                <\/h3>\n                            <\/div>\n\t\t\t\t\t\t\n\t\t\t\t\t\t\n\t\t\t\t\t\t                    <\/div>\n                <\/div>\n            <\/div>\n        <\/div>\n    <\/div>\n<\/div>\n<\/div>                <\/div>\n\t\t\t\t            <\/div>\n        <\/div>\n\t\t\t\t\t\t<\/div>\n\t\t\t\t<\/div>\n\t\t\t\t<div class=\"elementor-element elementor-element-485247ba elementor-widget-tablet__width-inherit elementor-hidden-tablet elementor-widget elementor-widget-penci-block-heading\" data-id=\"485247ba\" data-element_type=\"widget\" data-widget_type=\"penci-block-heading.default\">\n\t\t\t\t<div class=\"elementor-widget-container\">\n\t\t\t\t\t\t\t<div class=\"penciel-bheading penci-border-arrow penci-homepage-title penci-home-latest-posts style-15 pcalign-left pciconp-left pcicon-right block-title-icon-left\">\n\t\t\t<h3 class=\"inner-arrow\">\n\t\t\t\t<span>\n\t\t\t\t<span>Flash Actu<\/span>\t\t\t\t<\/span>\n\t\t\t<\/h3>\n\t\t\t\t\t<\/div>\n\t\t\t\t\t\t<\/div>\n\t\t\t\t<\/div>\n\t\t\t\t<div class=\"elementor-element elementor-element-1b1b6f13 titlesticky elementor-widget__width-initial elementor-hidden-tablet elementor-widget elementor-widget-penci-recent-posts\" data-id=\"1b1b6f13\" data-element_type=\"widget\" data-settings=\"{&quot;rp_rows_gap&quot;:{&quot;unit&quot;:&quot;px&quot;,&quot;size&quot;:20,&quot;sizes&quot;:[]}}\" data-widget_type=\"penci-recent-posts.default\">\n\t\t\t\t<div class=\"elementor-widget-container\">\n\t\t\t\t\t        <div class=\"penci-block-vc penci_recent-posts-sc widget\">\n\t\t\t            <div class=\"penci-block_content\">\n\n                <ul id=\"penci-latestwg-7329\"\n\t\t\t\t\t                    class=\"side-newsfeed pctlst pctl-s1\">\n\t\t\t\t\t                        <li class=\"penci-feed\">\n\t\t\t\t\t\t\t                            <div class=\"side-item\">\n\t\t\t\t\t\t\t\t                                <div class=\"side-item-text\">\n\t\t\t\t\t\t\t\t\t                                        <div class=\"grid-post-box-meta penci-side-item-meta pcsnmt-above\">\n\t\t\t\t\t\t\t\t\t\t\t\t\t\t\t\t\t\t\t\t\t\t                                                <span class=\"side-item-meta side-wdate\"><time class=\"entry-date published\" datetime=\"2026-09-03T10:01:24+01:00\">03-09-2026<\/time><\/span>\n\t\t\t\t\t\t\t\t\t\t\t\t\t\t\t\t\t\t\t\t\t\t\t\t\t\t\t\t\t\t\t\t\t                                        <\/div>\n\t\t\t\t\t\t\t\t\t\n                                    <h4 class=\"side-title-post\">\n                                        <a href=\"https:\/\/realites.com.tn\/fr\/la-marsa-20-migrants-subsahariens-interpelles\/\" rel=\"bookmark\"\n                                           title=\"La Marsa : 20 migrants subsahariens interpell\u00e9s\">\n\t\t\t\t\t\t\t\t\t\t\tLa Marsa : 20 migrants subsahariens interpell\u00e9s                                        <\/a>\n                                    <\/h4>\n\t\t\t\t\t\t\t\t\t                                <\/div>\n                            <\/div>\n                        <\/li>\n\t\t\t\t\t\t                        <li class=\"penci-feed\">\n\t\t\t\t\t\t\t                            <div class=\"side-item\">\n\t\t\t\t\t\t\t\t                                <div class=\"side-item-text\">\n\t\t\t\t\t\t\t\t\t                                        <div class=\"grid-post-box-meta penci-side-item-meta pcsnmt-above\">\n\t\t\t\t\t\t\t\t\t\t\t\t\t\t\t\t\t\t\t\t\t\t                                                <span class=\"side-item-meta side-wdate\"><time class=\"entry-date published\" datetime=\"2026-09-03T09:25:37+01:00\">03-09-2026<\/time><\/span>\n\t\t\t\t\t\t\t\t\t\t\t\t\t\t\t\t\t\t\t\t\t\t\t\t\t\t\t\t\t\t\t\t\t                                        <\/div>\n\t\t\t\t\t\t\t\t\t\n                                    <h4 class=\"side-title-post\">\n                                        <a href=\"https:\/\/realites.com.tn\/fr\/sfax-decouverte-du-corps-dune-femme-a-son-domicile-apres-plusieurs-jours\/\" rel=\"bookmark\"\n                                           title=\"Sfax : d\u00e9couverte du corps d&rsquo;une femme \u00e0 son domicile apr\u00e8s plusieurs jours\">\n\t\t\t\t\t\t\t\t\t\t\tSfax : d\u00e9couverte du corps d&rsquo;une femme \u00e0 son domicile apr\u00e8s plusieurs jours                                        <\/a>\n                                    <\/h4>\n\t\t\t\t\t\t\t\t\t                                <\/div>\n                            <\/div>\n                        <\/li>\n\t\t\t\t\t\t                        <li class=\"penci-feed\">\n\t\t\t\t\t\t\t                            <div class=\"side-item\">\n\t\t\t\t\t\t\t\t                                <div class=\"side-item-text\">\n\t\t\t\t\t\t\t\t\t                                        <div class=\"grid-post-box-meta penci-side-item-meta pcsnmt-above\">\n\t\t\t\t\t\t\t\t\t\t\t\t\t\t\t\t\t\t\t\t\t\t                                                <span class=\"side-item-meta side-wdate\"><time class=\"entry-date published\" datetime=\"2026-09-03T08:57:16+01:00\">03-09-2026<\/time><\/span>\n\t\t\t\t\t\t\t\t\t\t\t\t\t\t\t\t\t\t\t\t\t\t\t\t\t\t\t\t\t\t\t\t\t                                        <\/div>\n\t\t\t\t\t\t\t\t\t\n                                    <h4 class=\"side-title-post\">\n                                        <a href=\"https:\/\/realites.com.tn\/fr\/affaire-du-complot-audience-decisive-aujourdhui-a-la-cour-de-cassation\/\" rel=\"bookmark\"\n                                           title=\"\u00ab Affaire du complot \u00bb : audience d\u00e9cisive aujourd&rsquo;hui \u00e0 la Cour de cassation\">\n\t\t\t\t\t\t\t\t\t\t\t\u00ab Affaire du complot \u00bb : audience d\u00e9cisive aujourd&rsquo;hui \u00e0 la Cour de cassation                                        <\/a>\n                                    <\/h4>\n\t\t\t\t\t\t\t\t\t                                <\/div>\n                            <\/div>\n                        <\/li>\n\t\t\t\t\t\t                        <li class=\"penci-feed\">\n\t\t\t\t\t\t\t                            <div class=\"side-item\">\n\t\t\t\t\t\t\t\t                                <div class=\"side-item-text\">\n\t\t\t\t\t\t\t\t\t                                        <div class=\"grid-post-box-meta penci-side-item-meta pcsnmt-above\">\n\t\t\t\t\t\t\t\t\t\t\t\t\t\t\t\t\t\t\t\t\t\t                                                <span class=\"side-item-meta side-wdate\"><time class=\"entry-date published\" datetime=\"2026-09-03T08:44:24+01:00\">03-09-2026<\/time><\/span>\n\t\t\t\t\t\t\t\t\t\t\t\t\t\t\t\t\t\t\t\t\t\t\t\t\t\t\t\t\t\t\t\t\t                                        <\/div>\n\t\t\t\t\t\t\t\t\t\n                                    <h4 class=\"side-title-post\">\n                                        <a href=\"https:\/\/realites.com.tn\/fr\/trafic-ferroviaire-retour-a-la-normale-apres-le-deraillement-dun-train\/\" rel=\"bookmark\"\n                                           title=\"Trafic ferroviaire : retour \u00e0 la normale apr\u00e8s le d\u00e9raillement d\u2019un train\">\n\t\t\t\t\t\t\t\t\t\t\tTrafic ferroviaire : retour \u00e0 la normale apr\u00e8s le d\u00e9raillement d\u2019un train                                        <\/a>\n                                    <\/h4>\n\t\t\t\t\t\t\t\t\t                                <\/div>\n                            <\/div>\n                        <\/li>\n\t\t\t\t\t\t                        <li class=\"penci-feed\">\n\t\t\t\t\t\t\t                            <div class=\"side-item\">\n\t\t\t\t\t\t\t\t                                <div class=\"side-item-text\">\n\t\t\t\t\t\t\t\t\t                                        <div class=\"grid-post-box-meta penci-side-item-meta pcsnmt-above\">\n\t\t\t\t\t\t\t\t\t\t\t\t\t\t\t\t\t\t\t\t\t\t                                                <span class=\"side-item-meta side-wdate\"><time class=\"entry-date published\" datetime=\"2026-09-03T08:29:24+01:00\">03-09-2026<\/time><\/span>\n\t\t\t\t\t\t\t\t\t\t\t\t\t\t\t\t\t\t\t\t\t\t\t\t\t\t\t\t\t\t\t\t\t                                        <\/div>\n\t\t\t\t\t\t\t\t\t\n                                    <h4 class=\"side-title-post\">\n                                        <a href=\"https:\/\/realites.com.tn\/fr\/tunisie-libye-kais-saied-appelle-a-intensifier-la-concertation-et-a-faciliter-le-passage-aux-frontieres\/\" rel=\"bookmark\"\n                                           title=\"Tunisie-Libye : Ka\u00efs Sa\u00efed appelle \u00e0 intensifier la concertation et \u00e0 faciliter le passage aux fronti\u00e8res\">\n\t\t\t\t\t\t\t\t\t\t\tTunisie-Libye : Ka\u00efs Sa\u00efed appelle \u00e0 intensifier la concertation et \u00e0 faciliter le passage aux fronti\u00e8res                                        <\/a>\n                                    <\/h4>\n\t\t\t\t\t\t\t\t\t                                <\/div>\n                            <\/div>\n                        <\/li>\n\t\t\t\t\t\t                        <li class=\"penci-feed\">\n\t\t\t\t\t\t\t                            <div class=\"side-item\">\n\t\t\t\t\t\t\t\t                                <div class=\"side-item-text\">\n\t\t\t\t\t\t\t\t\t                                        <div class=\"grid-post-box-meta penci-side-item-meta pcsnmt-above\">\n\t\t\t\t\t\t\t\t\t\t\t\t\t\t\t\t\t\t\t\t\t\t                                                <span class=\"side-item-meta side-wdate\"><time class=\"entry-date published\" datetime=\"2026-09-03T00:06:20+01:00\">03-09-2026<\/time><\/span>\n\t\t\t\t\t\t\t\t\t\t\t\t\t\t\t\t\t\t\t\t\t\t\t\t\t\t\t\t\t\t\t\t\t                                        <\/div>\n\t\t\t\t\t\t\t\t\t\n                                    <h4 class=\"side-title-post\">\n                                        <a href=\"https:\/\/realites.com.tn\/fr\/hausse-des-financements-bancaires-aux-entreprises-avec-des-evolutions-contrastees-selon-les-branches\/\" rel=\"bookmark\"\n                                           title=\"Hausse des financements bancaires aux entreprises, avec des \u00e9volutions contrast\u00e9es selon les branches\">\n\t\t\t\t\t\t\t\t\t\t\tHausse des financements bancaires aux entreprises, avec des \u00e9volutions contrast\u00e9es selon les branches                                        <\/a>\n                                    <\/h4>\n\t\t\t\t\t\t\t\t\t                                <\/div>\n                            <\/div>\n                        <\/li>\n\t\t\t\t\t\t                        <li class=\"penci-feed\">\n\t\t\t\t\t\t\t                            <div class=\"side-item\">\n\t\t\t\t\t\t\t\t                                <div class=\"side-item-text\">\n\t\t\t\t\t\t\t\t\t                                        <div class=\"grid-post-box-meta penci-side-item-meta pcsnmt-above\">\n\t\t\t\t\t\t\t\t\t\t\t\t\t\t\t\t\t\t\t\t\t\t                                                <span class=\"side-item-meta side-wdate\"><time class=\"entry-date published\" datetime=\"2026-09-03T00:00:49+01:00\">03-09-2026<\/time><\/span>\n\t\t\t\t\t\t\t\t\t\t\t\t\t\t\t\t\t\t\t\t\t\t\t\t\t\t\t\t\t\t\t\t\t                                        <\/div>\n\t\t\t\t\t\t\t\t\t\n                                    <h4 class=\"side-title-post\">\n                                        <a href=\"https:\/\/realites.com.tn\/fr\/26e-edition-du-festival-arabe-de-la-radio-et-de-la-television-les-medias-face-aux-mutations-numeriques\/\" rel=\"bookmark\"\n                                           title=\"26e \u00e9dition du Festival arabe de la radio et de la t\u00e9l\u00e9vision : les m\u00e9dias face aux mutations num\u00e9riques\">\n\t\t\t\t\t\t\t\t\t\t\t26e \u00e9dition du Festival arabe de la radio et de la t\u00e9l\u00e9vision : les m\u00e9dias face aux mutations num\u00e9riques                                        <\/a>\n                                    <\/h4>\n\t\t\t\t\t\t\t\t\t                                <\/div>\n                            <\/div>\n                        <\/li>\n\t\t\t\t\t\t                <\/ul>\n\t\t\t\t            <\/div>\n        <\/div>\n\t\t\t\t\t\t<\/div>\n\t\t\t\t<\/div>\n\t\t\t\t\t<\/div>\n\t\t<\/div>\n\t\t\t\t\t<\/div>\n\t\t<\/section>\n\t\t\t\t<section class=\"penci-section penci-disSticky penci-structure-20 elementor-section elementor-top-section elementor-element elementor-element-47123b7d elementor-hidden-desktop elementor-hidden-mobile elementor-section-boxed elementor-section-height-default elementor-section-height-default\" data-id=\"47123b7d\" data-element_type=\"section\">\n\t\t\t\t\t\t<div class=\"elementor-container elementor-column-gap-default\">\n\t\t\t\t\t<div class=\"penci-ercol-50 penci-ercol-order-1 penci-sticky-ct    elementor-column elementor-col-50 elementor-top-column elementor-element elementor-element-19736101\" data-id=\"19736101\" data-element_type=\"column\">\n\t\t\t<div class=\"elementor-widget-wrap elementor-element-populated\">\n\t\t\t\t\t\t<div class=\"elementor-element elementor-element-72684bf6 elementor-widget-tablet__width-inherit elementor-widget elementor-widget-penci-block-heading\" data-id=\"72684bf6\" data-element_type=\"widget\" data-widget_type=\"penci-block-heading.default\">\n\t\t\t\t<div class=\"elementor-widget-container\">\n\t\t\t\t\t\t\t<div class=\"penciel-bheading penci-border-arrow penci-homepage-title penci-home-latest-posts style-15 pcalign-left pciconp-left pcicon-right block-title-icon-left\">\n\t\t\t<h3 class=\"inner-arrow\">\n\t\t\t\t<span>\n\t\t\t\t<span>Flash Actu<\/span>\t\t\t\t<\/span>\n\t\t\t<\/h3>\n\t\t\t\t\t<\/div>\n\t\t\t\t\t\t<\/div>\n\t\t\t\t<\/div>\n\t\t\t\t<div class=\"elementor-element elementor-element-17deb1bb titlesticky elementor-widget__width-initial elementor-widget elementor-widget-penci-recent-posts\" data-id=\"17deb1bb\" data-element_type=\"widget\" data-settings=\"{&quot;rp_rows_gap&quot;:{&quot;unit&quot;:&quot;px&quot;,&quot;size&quot;:20,&quot;sizes&quot;:[]}}\" data-widget_type=\"penci-recent-posts.default\">\n\t\t\t\t<div class=\"elementor-widget-container\">\n\t\t\t\t\t        <div class=\"penci-block-vc penci_recent-posts-sc widget\">\n\t\t\t            <div class=\"penci-block_content\">\n\n                <ul id=\"penci-latestwg-1852\"\n\t\t\t\t\t                    class=\"side-newsfeed pctlst pctl-s1\">\n\t\t\t\t\t                        <li class=\"penci-feed\">\n\t\t\t\t\t\t\t                            <div class=\"side-item\">\n\t\t\t\t\t\t\t\t                                <div class=\"side-item-text\">\n\t\t\t\t\t\t\t\t\t                                        <div class=\"grid-post-box-meta penci-side-item-meta pcsnmt-above\">\n\t\t\t\t\t\t\t\t\t\t\t\t\t\t\t\t\t\t\t\t\t\t                                                <span class=\"side-item-meta side-wdate\"><time class=\"entry-date published\" datetime=\"2023-07-13T20:57:13+01:00\">13-07-2023<\/time><\/span>\n\t\t\t\t\t\t\t\t\t\t\t\t\t\t\t\t\t\t\t\t\t\t\t\t\t\t\t\t\t\t\t\t\t                                        <\/div>\n\t\t\t\t\t\t\t\t\t\n                                    <h4 class=\"side-title-post\">\n                                        <a href=\"https:\/\/realites.com.tn\/fr\/bac-2023-tout-savoir-sur-les-resultats\/\" rel=\"bookmark\"\n                                           title=\"Bac 2023 : Tout savoir sur les r\u00e9sultats\">\n\t\t\t\t\t\t\t\t\t\t\tBac 2023 : Tout savoir sur les r\u00e9sultats                                        <\/a>\n                                    <\/h4>\n\t\t\t\t\t\t\t\t\t                                <\/div>\n                            <\/div>\n                        <\/li>\n\t\t\t\t\t\t                        <li class=\"penci-feed\">\n\t\t\t\t\t\t\t                            <div class=\"side-item\">\n\t\t\t\t\t\t\t\t                                <div class=\"side-item-text\">\n\t\t\t\t\t\t\t\t\t                                        <div class=\"grid-post-box-meta penci-side-item-meta pcsnmt-above\">\n\t\t\t\t\t\t\t\t\t\t\t\t\t\t\t\t\t\t\t\t\t\t                                                <span class=\"side-item-meta side-wdate\"><time class=\"entry-date published\" datetime=\"2023-10-11T17:03:20+01:00\">11-10-2023<\/time><\/span>\n\t\t\t\t\t\t\t\t\t\t\t\t\t\t\t\t\t\t\t\t\t\t\t\t\t\t\t\t\t\t\t\t\t                                        <\/div>\n\t\t\t\t\t\t\t\t\t\n                                    <h4 class=\"side-title-post\">\n                                        <a href=\"https:\/\/realites.com.tn\/fr\/la-dgsn-lance-un-appel-a-temoins-contre-leleve-yassine-ben-abdelwahab-bouker\/\" rel=\"bookmark\"\n                                           title=\"La DGSN lance un appel \u00e0 t\u00e9moins contre l&rsquo;\u00e9l\u00e8ve Yassine Ben Abdelwahab Bouker\">\n\t\t\t\t\t\t\t\t\t\t\tLa DGSN lance un appel \u00e0 t\u00e9moins contre l&rsquo;\u00e9l\u00e8ve Yassine Ben Abdelwahab Bouker                                        <\/a>\n                                    <\/h4>\n\t\t\t\t\t\t\t\t\t                                <\/div>\n                            <\/div>\n                        <\/li>\n\t\t\t\t\t\t                        <li class=\"penci-feed\">\n\t\t\t\t\t\t\t                            <div class=\"side-item\">\n\t\t\t\t\t\t\t\t                                <div class=\"side-item-text\">\n\t\t\t\t\t\t\t\t\t                                        <div class=\"grid-post-box-meta penci-side-item-meta pcsnmt-above\">\n\t\t\t\t\t\t\t\t\t\t\t\t\t\t\t\t\t\t\t\t\t\t                                                <span class=\"side-item-meta side-wdate\"><time class=\"entry-date published\" datetime=\"2024-03-06T08:46:31+01:00\">06-03-2024<\/time><\/span>\n\t\t\t\t\t\t\t\t\t\t\t\t\t\t\t\t\t\t\t\t\t\t\t\t\t\t\t\t\t\t\t\t\t                                        <\/div>\n\t\t\t\t\t\t\t\t\t\n                                    <h4 class=\"side-title-post\">\n                                        <a href=\"https:\/\/realites.com.tn\/fr\/passeport-biometrique-le-prix-officiel-devoile\/\" rel=\"bookmark\"\n                                           title=\"Passeport biom\u00e9trique : Le prix officiel d\u00e9voil\u00e9\">\n\t\t\t\t\t\t\t\t\t\t\tPasseport biom\u00e9trique : Le prix officiel d\u00e9voil\u00e9                                        <\/a>\n                                    <\/h4>\n\t\t\t\t\t\t\t\t\t                                <\/div>\n                            <\/div>\n                        <\/li>\n\t\t\t\t\t\t                        <li class=\"penci-feed\">\n\t\t\t\t\t\t\t                            <div class=\"side-item\">\n\t\t\t\t\t\t\t\t                                <div class=\"side-item-text\">\n\t\t\t\t\t\t\t\t\t                                        <div class=\"grid-post-box-meta penci-side-item-meta pcsnmt-above\">\n\t\t\t\t\t\t\t\t\t\t\t\t\t\t\t\t\t\t\t\t\t\t                                                <span class=\"side-item-meta side-wdate\"><time class=\"entry-date published\" datetime=\"2024-06-22T12:24:49+01:00\">22-06-2024<\/time><\/span>\n\t\t\t\t\t\t\t\t\t\t\t\t\t\t\t\t\t\t\t\t\t\t\t\t\t\t\t\t\t\t\t\t\t                                        <\/div>\n\t\t\t\t\t\t\t\t\t\n                                    <h4 class=\"side-title-post\">\n                                        <a href=\"https:\/\/realites.com.tn\/fr\/visa-dentree-en-france-et-espace-schengen-du-nouveau-et-du-croustillant-chez-tlscontact\/\" rel=\"bookmark\"\n                                           title=\"Visa d\u2019entr\u00e9e en France et espace Schengen : du nouveau et du croustillant chez TLScontact !\">\n\t\t\t\t\t\t\t\t\t\t\tVisa d\u2019entr\u00e9e en France et espace Schengen : du nouveau et du croustillant chez TLScontact !                                        <\/a>\n                                    <\/h4>\n\t\t\t\t\t\t\t\t\t                                <\/div>\n                            <\/div>\n                        <\/li>\n\t\t\t\t\t\t                        <li class=\"penci-feed\">\n\t\t\t\t\t\t\t                            <div class=\"side-item\">\n\t\t\t\t\t\t\t\t                                <div class=\"side-item-text\">\n\t\t\t\t\t\t\t\t\t                                        <div class=\"grid-post-box-meta penci-side-item-meta pcsnmt-above\">\n\t\t\t\t\t\t\t\t\t\t\t\t\t\t\t\t\t\t\t\t\t\t                                                <span class=\"side-item-meta side-wdate\"><time class=\"entry-date published\" datetime=\"2024-06-02T13:36:56+01:00\">02-06-2024<\/time><\/span>\n\t\t\t\t\t\t\t\t\t\t\t\t\t\t\t\t\t\t\t\t\t\t\t\t\t\t\t\t\t\t\t\t\t                                        <\/div>\n\t\t\t\t\t\t\t\t\t\n                                    <h4 class=\"side-title-post\">\n                                        <a href=\"https:\/\/realites.com.tn\/fr\/aid-al-idha-la-societe-ellouhoum-fixe-le-prix-de-vente-des-moutons\/\" rel=\"bookmark\"\n                                           title=\"A\u00efd Al-Idha : La soci\u00e9t\u00e9 Ellouhoum fixe le prix de vente des moutons\">\n\t\t\t\t\t\t\t\t\t\t\tA\u00efd Al-Idha : La soci\u00e9t\u00e9 Ellouhoum fixe le prix de vente des moutons                                        <\/a>\n                                    <\/h4>\n\t\t\t\t\t\t\t\t\t                                <\/div>\n                            <\/div>\n                        <\/li>\n\t\t\t\t\t\t                        <li class=\"penci-feed\">\n\t\t\t\t\t\t\t                            <div class=\"side-item\">\n\t\t\t\t\t\t\t\t                                <div class=\"side-item-text\">\n\t\t\t\t\t\t\t\t\t                                        <div class=\"grid-post-box-meta penci-side-item-meta pcsnmt-above\">\n\t\t\t\t\t\t\t\t\t\t\t\t\t\t\t\t\t\t\t\t\t\t                                                <span class=\"side-item-meta side-wdate\"><time class=\"entry-date published\" datetime=\"2024-07-03T08:48:43+01:00\">03-07-2024<\/time><\/span>\n\t\t\t\t\t\t\t\t\t\t\t\t\t\t\t\t\t\t\t\t\t\t\t\t\t\t\t\t\t\t\t\t\t                                        <\/div>\n\t\t\t\t\t\t\t\t\t\n                                    <h4 class=\"side-title-post\">\n                                        <a href=\"https:\/\/realites.com.tn\/fr\/erreurs-au-bac-une-vague-de-limogeages-au-sein-du-ministere-de-leducation\/\" rel=\"bookmark\"\n                                           title=\"Erreurs au bac: une vague de limogeages au sein du minist\u00e8re de l&rsquo;\u00e9ducation\">\n\t\t\t\t\t\t\t\t\t\t\tErreurs au bac: une vague de limogeages au sein du minist\u00e8re de l&rsquo;\u00e9ducation                                        <\/a>\n                                    <\/h4>\n\t\t\t\t\t\t\t\t\t                                <\/div>\n                            <\/div>\n                        <\/li>\n\t\t\t\t\t\t                        <li class=\"penci-feed\">\n\t\t\t\t\t\t\t                            <div class=\"side-item\">\n\t\t\t\t\t\t\t\t                                <div class=\"side-item-text\">\n\t\t\t\t\t\t\t\t\t                                        <div class=\"grid-post-box-meta penci-side-item-meta pcsnmt-above\">\n\t\t\t\t\t\t\t\t\t\t\t\t\t\t\t\t\t\t\t\t\t\t                                                <span class=\"side-item-meta side-wdate\"><time class=\"entry-date published\" datetime=\"2024-06-01T10:42:54+01:00\">01-06-2024<\/time><\/span>\n\t\t\t\t\t\t\t\t\t\t\t\t\t\t\t\t\t\t\t\t\t\t\t\t\t\t\t\t\t\t\t\t\t                                        <\/div>\n\t\t\t\t\t\t\t\t\t\n                                    <h4 class=\"side-title-post\">\n                                        <a href=\"https:\/\/realites.com.tn\/fr\/aid-el-idha-les-prix-des-moutons-ont-double\/\" rel=\"bookmark\"\n                                           title=\"A\u00efd el Idha: Les prix des moutons ont doubl\u00e9\">\n\t\t\t\t\t\t\t\t\t\t\tA\u00efd el Idha: Les prix des moutons ont doubl\u00e9                                        <\/a>\n                                    <\/h4>\n\t\t\t\t\t\t\t\t\t                                <\/div>\n                            <\/div>\n                        <\/li>\n\t\t\t\t\t\t                <\/ul>\n\t\t\t\t            <\/div>\n        <\/div>\n\t\t\t\t\t\t<\/div>\n\t\t\t\t<\/div>\n\t\t\t\t\t<\/div>\n\t\t<\/div>\n\t\t\t\t<div class=\"penci-ercol-50 penci-ercol-order-2 penci-sticky-ct    elementor-column elementor-col-50 elementor-top-column elementor-element elementor-element-589e0f76\" data-id=\"589e0f76\" data-element_type=\"column\">\n\t\t\t<div class=\"elementor-widget-wrap elementor-element-populated\">\n\t\t\t\t\t\t<div class=\"elementor-element elementor-element-78f0712 elementor-widget elementor-widget-penci-block-heading\" data-id=\"78f0712\" data-element_type=\"widget\" data-widget_type=\"penci-block-heading.default\">\n\t\t\t\t<div class=\"elementor-widget-container\">\n\t\t\t\t\t\t\t<div class=\"penciel-bheading penci-border-arrow penci-homepage-title penci-home-latest-posts style-15 pcalign-left pciconp-left pcicon-right block-title-icon-left\">\n\t\t\t<h3 class=\"inner-arrow\">\n\t\t\t\t<span>\n\t\t\t\t<span>Dans les kiosques<\/span>\t\t\t\t<\/span>\n\t\t\t<\/h3>\n\t\t\t\t\t<\/div>\n\t\t\t\t\t\t<\/div>\n\t\t\t\t<\/div>\n\t\t\t\t<div class=\"elementor-element elementor-element-56d76e0e elementor-widget elementor-widget-html\" data-id=\"56d76e0e\" data-element_type=\"widget\" data-widget_type=\"html.default\">\n\t\t\t\t<div class=\"elementor-widget-container\">\n\t\t\t\t\t<!-- Codes by HTML.am -->\r\n\r\n<!-- CSS Code -->\r\n<style type=\"text\/css\" scoped>\r\nimg.GeneratedImage {\r\nmin-width:355px; min-height:900px;\r\n}\r\n<\/style>\r\n\r\n<!-- HTML Code -->\r\n<img decoding=\"async\" src=\"https:\/\/realites.com.tn\/fr\/wp-content\/uploads\/2023\/06\/couverture.jpg\" alt=\"\" class=\"GeneratedImage\">\r\n\t\t\t\t<\/div>\n\t\t\t\t<\/div>\n\t\t\t\t\t<\/div>\n\t\t<\/div>\n\t\t\t\t\t<\/div>\n\t\t<\/section>\n\t\t\t\t<section class=\"penci-section penci-dmcheck penci-elbg-activate penci-disSticky penci-structure-10 elementor-section elementor-top-section elementor-element elementor-element-2051ce4 elementor-section-boxed elementor-section-height-default elementor-section-height-default\" data-id=\"2051ce4\" data-element_type=\"section\" data-settings=\"{&quot;background_background&quot;:&quot;classic&quot;}\">\n\t\t\t\t\t\t<div class=\"elementor-container elementor-column-gap-default\">\n\t\t\t\t\t<div class=\"penci-ercol-100 penci-ercol-order-1 penci-sticky-ct    elementor-column elementor-col-100 elementor-top-column elementor-element elementor-element-000de9b\" data-id=\"000de9b\" data-element_type=\"column\">\n\t\t\t<div class=\"elementor-widget-wrap elementor-element-populated\">\n\t\t\t\t\t\t<div class=\"elementor-element elementor-element-698fda2 adfront elementor-widget elementor-widget-html\" data-id=\"698fda2\" data-element_type=\"widget\" data-widget_type=\"html.default\">\n\t\t\t\t<div class=\"elementor-widget-container\">\n\t\t\t\t\t<div id='div-gpt-ad-1686325335779-0' style='min-width: 1000px; min-height: 300px;'>\r\n  <script>\r\n    googletag.cmd.push(function() { googletag.display('div-gpt-ad-1686325335779-0'); });\r\n  <\/script>\r\n<\/div>\t\t\t\t<\/div>\n\t\t\t\t<\/div>\n\t\t\t\t\t<\/div>\n\t\t<\/div>\n\t\t\t\t\t<\/div>\n\t\t<\/section>\n\t\t\t\t<section class=\"penci-section penci-dmcheck penci-elbg-activate penci-disSticky penci-structure-20 elementor-section elementor-top-section elementor-element elementor-element-56ef0257 elementor-section-boxed elementor-section-height-default elementor-section-height-default\" data-id=\"56ef0257\" data-element_type=\"section\" data-settings=\"{&quot;background_background&quot;:&quot;classic&quot;}\">\n\t\t\t\t\t\t<div class=\"elementor-container elementor-column-gap-default\">\n\t\t\t\t\t<div class=\"penci-ercol-50 penci-ercol-order-1 penci-sticky-ct    elementor-column elementor-col-50 elementor-top-column elementor-element elementor-element-2bda93b1\" data-id=\"2bda93b1\" data-element_type=\"column\">\n\t\t\t<div class=\"elementor-widget-wrap elementor-element-populated\">\n\t\t\t\t\t\t<div class=\"elementor-element elementor-element-696d692f elementor-widget elementor-widget-penci-block-heading\" data-id=\"696d692f\" data-element_type=\"widget\" data-widget_type=\"penci-block-heading.default\">\n\t\t\t\t<div class=\"elementor-widget-container\">\n\t\t\t\t\t\t\t<div class=\"penciel-bheading penci-border-arrow penci-homepage-title penci-home-latest-posts style-15 pcalign-left pciconp-left pcicon-right block-title-icon-left\">\n\t\t\t<h3 class=\"inner-arrow\">\n\t\t\t\t<span>\n\t\t\t\t<a href=\"https:\/\/realites.com.tn\/fr\/category\/opinions\/\">Opinions<\/a>\t\t\t\t<\/span>\n\t\t\t<\/h3>\n\t\t\t\t\t<\/div>\n\t\t\t\t\t\t<\/div>\n\t\t\t\t<\/div>\n\t\t\t\t<div class=\"elementor-element elementor-element-4ab3ca23 opinion elementor-widget__width-initial e-transform elementor-widget elementor-widget-penci-big-grid\" data-id=\"4ab3ca23\" data-element_type=\"widget\" data-settings=\"{&quot;_animation&quot;:&quot;none&quot;,&quot;_transform_rotateZ_effect_hover&quot;:{&quot;unit&quot;:&quot;px&quot;,&quot;size&quot;:0,&quot;sizes&quot;:[]},&quot;_transform_rotateZ_effect_hover_tablet&quot;:{&quot;unit&quot;:&quot;deg&quot;,&quot;size&quot;:&quot;&quot;,&quot;sizes&quot;:[]},&quot;_transform_rotateZ_effect_hover_mobile&quot;:{&quot;unit&quot;:&quot;deg&quot;,&quot;size&quot;:&quot;&quot;,&quot;sizes&quot;:[]}}\" data-widget_type=\"penci-big-grid.default\">\n\t\t\t\t<div class=\"elementor-widget-container\">\n\t\t\t\t\t        <div class=\"penci-clearfix penci-biggrid-wrapper penci-grid-col-5 penci-grid-tcol-4 penci-grid-mcol-1 penci-bgrid-based-post penci-bgrid-style-1 pcbg-ficonpo-top-right pcbg-reiconpo-top-left penci-bgrid-content-below pencibg-imageh-none pencibg-texth-none pencibg-textani-movetop textop pcbg-verbd\">\n\t\t\t            <div class=\"penci-clearfix penci-biggrid penci-bgstyle-1 penci-bgel\">\n                <div class=\"penci-biggrid-inner default\">\n\t\t\t\t\t<div class=\"penci-clearfix penci-biggrid-data penci-dflex\"><div class=\"penci-bgitem\">\n    <div class=\"penci-bgitin\">\n        <div class=\"penci-bgmain\">\n            <div class=\"pcbg-thumb\">\n\t\t\t\t\t\t\t\t                <div class=\"pcbg-thumbin\">\n                    <a class=\"pcbg-bgoverlay\"\n                       href=\"https:\/\/realites.com.tn\/fr\/insecurite-realite-ou-perception\/\" title=\"Ins\u00e9curit\u00e9\u00a0: r\u00e9alit\u00e9 ou perception\"><\/a>\n\n                        <div  data-bgset=\"https:\/\/realites.com.tn\/fr\/wp-content\/uploads\/2026\/06\/ledito.jpg\" data_bg_hidpi=\"https:\/\/realites.com.tn\/fr\/wp-content\/uploads\/2026\/06\/ledito.jpg\" class=\"penci-lazy penci-image-holder\">\n                                                    <\/div>\n\n                <\/div>\n            <\/div>\n            <div class=\"pcbg-content\">\n                <div class=\"pcbg-content-flex\">\n                    <a class=\"pcbg-bgoverlay\"\n                       href=\"https:\/\/realites.com.tn\/fr\/insecurite-realite-ou-perception\/\" title=\"Ins\u00e9curit\u00e9\u00a0: r\u00e9alit\u00e9 ou perception\"><\/a>\n                    <div class=\"pcbg-content-inner bgcontent-block\">\n                        <a href=\"https:\/\/realites.com.tn\/fr\/insecurite-realite-ou-perception\/\" title=\"Ins\u00e9curit\u00e9\u00a0: r\u00e9alit\u00e9 ou perception\"\n                           class=\"pcbg-bgoverlaytext item-hover\"><\/a>\n\n\t\t\t\t\t\t\n\t\t\t\t\t\t                            <div class=\"pcbg-heading item-hover\">\n                                <h3 class=\"pcbg-title\" title=\"Ins\u00e9curit\u00e9\u00a0: r\u00e9alit\u00e9 ou perception\">\n                                    <a href=\"https:\/\/realites.com.tn\/fr\/insecurite-realite-ou-perception\/\">\n\t\t\t\t\t\t\t\t\t\tIns\u00e9curit\u00e9\u00a0: r\u00e9alit\u00e9 ou perception                                    <\/a>\n                                <\/h3>\n                            <\/div>\n\t\t\t\t\t\t\n\t\t\t\t\t\t                            <div class=\"grid-post-box-meta pcbg-meta item-hover\">\n                                <div class=\"pcbg-meta-desc\">\n\t\t\t\t\t\t\t\t\t                                        <span class=\"bg-date-author author-italic author vcard\">\n\t\t\t\t\t\t\t\t\t\tPar                                                 <a class=\"author-url url fn n\"\n                                                   href=\"https:\/\/realites.com.tn\/fr\/author\/yasmine-arabi\/\">Yasmine Arabi<\/a>\n\t\t\t\t\t\t\t\t\t\t\t\t\t\t\t\t\t\t\t\t<\/span>\n\t\t\t\t\t\t\t\t\t\t\t\t\t\t\t\t\t\t\t\t\t\t\t\t\t\t\t\t\t\t\t\t\t\t\t\t\t\t\t\t\t\t\t\t\t\t\t\t\t\t\t\t\t\t                                <\/div>\n\t\t\t\t\t\t\t\t                            <\/div>\n\t\t\t\t\t\t\n\t\t\t\t\t\t                    <\/div>\n                <\/div>\n            <\/div>\n        <\/div>\n    <\/div>\n<\/div>\n<div class=\"penci-bgitem\">\n    <div class=\"penci-bgitin\">\n        <div class=\"penci-bgmain\">\n            <div class=\"pcbg-thumb\">\n\t\t\t\t\t\t\t\t                <div class=\"pcbg-thumbin\">\n                    <a class=\"pcbg-bgoverlay\"\n                       href=\"https:\/\/realites.com.tn\/fr\/incidence-de-lingerence\/\" title=\"Incidence de l\u2019ing\u00e9rence\"><\/a>\n\n                        <div  data-bgset=\"https:\/\/realites.com.tn\/fr\/wp-content\/uploads\/2018\/09\/khalil-zammiti.jpg\" data_bg_hidpi=\"https:\/\/realites.com.tn\/fr\/wp-content\/uploads\/2018\/09\/khalil-zammiti.jpg\" class=\"penci-lazy penci-image-holder\">\n                                                    <\/div>\n\n                <\/div>\n            <\/div>\n            <div class=\"pcbg-content\">\n                <div class=\"pcbg-content-flex\">\n                    <a class=\"pcbg-bgoverlay\"\n                       href=\"https:\/\/realites.com.tn\/fr\/incidence-de-lingerence\/\" title=\"Incidence de l\u2019ing\u00e9rence\"><\/a>\n                    <div class=\"pcbg-content-inner bgcontent-block\">\n                        <a href=\"https:\/\/realites.com.tn\/fr\/incidence-de-lingerence\/\" title=\"Incidence de l\u2019ing\u00e9rence\"\n                           class=\"pcbg-bgoverlaytext item-hover\"><\/a>\n\n\t\t\t\t\t\t\n\t\t\t\t\t\t                            <div class=\"pcbg-heading item-hover\">\n                                <h3 class=\"pcbg-title\" title=\"Incidence de l\u2019ing\u00e9rence\">\n                                    <a href=\"https:\/\/realites.com.tn\/fr\/incidence-de-lingerence\/\">\n\t\t\t\t\t\t\t\t\t\tIncidence de l\u2019ing\u00e9rence                                    <\/a>\n                                <\/h3>\n                            <\/div>\n\t\t\t\t\t\t\n\t\t\t\t\t\t                            <div class=\"grid-post-box-meta pcbg-meta item-hover\">\n                                <div class=\"pcbg-meta-desc\">\n\t\t\t\t\t\t\t\t\t                                        <span class=\"bg-date-author author-italic author vcard\">\n\t\t\t\t\t\t\t\t\t\tPar                                                 <a class=\"author-url url fn n\"\n                                                   href=\"https:\/\/realites.com.tn\/fr\/author\/khalil-zamiti\/\">Khalil Zamiti<\/a>\n\t\t\t\t\t\t\t\t\t\t\t\t\t\t\t\t\t\t\t\t<\/span>\n\t\t\t\t\t\t\t\t\t\t\t\t\t\t\t\t\t\t\t\t\t\t\t\t\t\t\t\t\t\t\t\t\t\t\t\t\t\t\t\t\t\t\t\t\t\t\t\t\t\t\t\t\t\t                                <\/div>\n\t\t\t\t\t\t\t\t                            <\/div>\n\t\t\t\t\t\t\n\t\t\t\t\t\t                    <\/div>\n                <\/div>\n            <\/div>\n        <\/div>\n    <\/div>\n<\/div>\n<div class=\"penci-bgitem\">\n    <div class=\"penci-bgitin\">\n        <div class=\"penci-bgmain\">\n            <div class=\"pcbg-thumb\">\n\t\t\t\t\t\t\t\t                <div class=\"pcbg-thumbin\">\n                    <a class=\"pcbg-bgoverlay\"\n                       href=\"https:\/\/realites.com.tn\/fr\/plus-vous-voyagez-plus-le-nombre-des-visiteurs-de-votre-pays-grandit\/\" title=\"Plus vous voyagez, plus le nombre des visiteurs de votre pays grandit\u00a0\"><\/a>\n\n                        <div  data-bgset=\"https:\/\/realites.com.tn\/fr\/wp-content\/uploads\/2026\/07\/Mohamed-Laaroussi-ben-salah.jpg\" data_bg_hidpi=\"https:\/\/realites.com.tn\/fr\/wp-content\/uploads\/2026\/07\/Mohamed-Laaroussi-ben-salah.jpg\" class=\"penci-lazy penci-image-holder\">\n                                                    <\/div>\n\n                <\/div>\n            <\/div>\n            <div class=\"pcbg-content\">\n                <div class=\"pcbg-content-flex\">\n                    <a class=\"pcbg-bgoverlay\"\n                       href=\"https:\/\/realites.com.tn\/fr\/plus-vous-voyagez-plus-le-nombre-des-visiteurs-de-votre-pays-grandit\/\" title=\"Plus vous voyagez, plus le nombre des visiteurs de votre pays grandit\u00a0\"><\/a>\n                    <div class=\"pcbg-content-inner bgcontent-block\">\n                        <a href=\"https:\/\/realites.com.tn\/fr\/plus-vous-voyagez-plus-le-nombre-des-visiteurs-de-votre-pays-grandit\/\" title=\"Plus vous voyagez, plus le nombre des visiteurs de votre pays grandit\u00a0\"\n                           class=\"pcbg-bgoverlaytext item-hover\"><\/a>\n\n\t\t\t\t\t\t\n\t\t\t\t\t\t                            <div class=\"pcbg-heading item-hover\">\n                                <h3 class=\"pcbg-title\" title=\"Plus vous voyagez, plus le nombre des visiteurs de votre pays grandit\u00a0\">\n                                    <a href=\"https:\/\/realites.com.tn\/fr\/plus-vous-voyagez-plus-le-nombre-des-visiteurs-de-votre-pays-grandit\/\">\n\t\t\t\t\t\t\t\t\t\tPlus vous voyagez, plus le nombre des visiteurs...                                    <\/a>\n                                <\/h3>\n                            <\/div>\n\t\t\t\t\t\t\n\t\t\t\t\t\t                            <div class=\"grid-post-box-meta pcbg-meta item-hover\">\n                                <div class=\"pcbg-meta-desc\">\n\t\t\t\t\t\t\t\t\t                                        <span class=\"bg-date-author author-italic author vcard\">\n\t\t\t\t\t\t\t\t\t\tPar                                                 <a class=\"author-url url fn n\"\n                                                   href=\"https:\/\/realites.com.tn\/fr\/author\/realites5201\/\">La R\u00e9daction<\/a>\n\t\t\t\t\t\t\t\t\t\t\t\t\t\t\t\t\t\t\t\t<\/span>\n\t\t\t\t\t\t\t\t\t\t\t\t\t\t\t\t\t\t\t\t\t\t\t\t\t\t\t\t\t\t\t\t\t\t\t\t\t\t\t\t\t\t\t\t\t\t\t\t\t\t\t\t\t\t                                <\/div>\n\t\t\t\t\t\t\t\t                            <\/div>\n\t\t\t\t\t\t\n\t\t\t\t\t\t                    <\/div>\n                <\/div>\n            <\/div>\n        <\/div>\n    <\/div>\n<\/div>\n<div class=\"penci-bgitem\">\n    <div class=\"penci-bgitin\">\n        <div class=\"penci-bgmain\">\n            <div class=\"pcbg-thumb\">\n\t\t\t\t\t\t\t\t                <div class=\"pcbg-thumbin\">\n                    <a class=\"pcbg-bgoverlay\"\n                       href=\"https:\/\/realites.com.tn\/fr\/pourquoi-le-tunisien-fuit-le-service-public\/\" title=\"Pourquoi le Tunisien fuit le service public\"><\/a>\n\n                        <div  data-bgset=\"https:\/\/realites.com.tn\/fr\/wp-content\/uploads\/2022\/05\/edito-1.png\" data_bg_hidpi=\"https:\/\/realites.com.tn\/fr\/wp-content\/uploads\/2022\/05\/edito-1.png\" class=\"penci-lazy penci-image-holder\">\n                                                    <\/div>\n\n                <\/div>\n            <\/div>\n            <div class=\"pcbg-content\">\n                <div class=\"pcbg-content-flex\">\n                    <a class=\"pcbg-bgoverlay\"\n                       href=\"https:\/\/realites.com.tn\/fr\/pourquoi-le-tunisien-fuit-le-service-public\/\" title=\"Pourquoi le Tunisien fuit le service public\"><\/a>\n                    <div class=\"pcbg-content-inner bgcontent-block\">\n                        <a href=\"https:\/\/realites.com.tn\/fr\/pourquoi-le-tunisien-fuit-le-service-public\/\" title=\"Pourquoi le Tunisien fuit le service public\"\n                           class=\"pcbg-bgoverlaytext item-hover\"><\/a>\n\n\t\t\t\t\t\t\n\t\t\t\t\t\t                            <div class=\"pcbg-heading item-hover\">\n                                <h3 class=\"pcbg-title\" title=\"Pourquoi le Tunisien fuit le service public\">\n                                    <a href=\"https:\/\/realites.com.tn\/fr\/pourquoi-le-tunisien-fuit-le-service-public\/\">\n\t\t\t\t\t\t\t\t\t\tPourquoi le Tunisien fuit le service public                                    <\/a>\n                                <\/h3>\n                            <\/div>\n\t\t\t\t\t\t\n\t\t\t\t\t\t                            <div class=\"grid-post-box-meta pcbg-meta item-hover\">\n                                <div class=\"pcbg-meta-desc\">\n\t\t\t\t\t\t\t\t\t                                        <span class=\"bg-date-author author-italic author vcard\">\n\t\t\t\t\t\t\t\t\t\tPar                                                 <a class=\"author-url url fn n\"\n                                                   href=\"https:\/\/realites.com.tn\/fr\/author\/yasmine-arabi\/\">Yasmine Arabi<\/a>\n\t\t\t\t\t\t\t\t\t\t\t\t\t\t\t\t\t\t\t\t<\/span>\n\t\t\t\t\t\t\t\t\t\t\t\t\t\t\t\t\t\t\t\t\t\t\t\t\t\t\t\t\t\t\t\t\t\t\t\t\t\t\t\t\t\t\t\t\t\t\t\t\t\t\t\t\t\t                                <\/div>\n\t\t\t\t\t\t\t\t                            <\/div>\n\t\t\t\t\t\t\n\t\t\t\t\t\t                    <\/div>\n                <\/div>\n            <\/div>\n        <\/div>\n    <\/div>\n<\/div>\n<div class=\"penci-bgitem\">\n    <div class=\"penci-bgitin\">\n        <div class=\"penci-bgmain\">\n            <div class=\"pcbg-thumb\">\n\t\t\t\t\t\t\t\t                <div class=\"pcbg-thumbin\">\n                    <a class=\"pcbg-bgoverlay\"\n                       href=\"https:\/\/realites.com.tn\/fr\/un-geste-charge-dhistoire\/\" title=\"Un geste charg\u00e9 d\u2019histoire\"><\/a>\n\n                        <div  data-bgset=\"https:\/\/realites.com.tn\/fr\/wp-content\/uploads\/2026\/07\/Med-Ali-Sghaier.jpg\" data_bg_hidpi=\"https:\/\/realites.com.tn\/fr\/wp-content\/uploads\/2026\/07\/Med-Ali-Sghaier.jpg\" class=\"penci-lazy penci-image-holder\">\n                                                    <\/div>\n\n                <\/div>\n            <\/div>\n            <div class=\"pcbg-content\">\n                <div class=\"pcbg-content-flex\">\n                    <a class=\"pcbg-bgoverlay\"\n                       href=\"https:\/\/realites.com.tn\/fr\/un-geste-charge-dhistoire\/\" title=\"Un geste charg\u00e9 d\u2019histoire\"><\/a>\n                    <div class=\"pcbg-content-inner bgcontent-block\">\n                        <a href=\"https:\/\/realites.com.tn\/fr\/un-geste-charge-dhistoire\/\" title=\"Un geste charg\u00e9 d\u2019histoire\"\n                           class=\"pcbg-bgoverlaytext item-hover\"><\/a>\n\n\t\t\t\t\t\t\n\t\t\t\t\t\t                            <div class=\"pcbg-heading item-hover\">\n                                <h3 class=\"pcbg-title\" title=\"Un geste charg\u00e9 d\u2019histoire\">\n                                    <a href=\"https:\/\/realites.com.tn\/fr\/un-geste-charge-dhistoire\/\">\n\t\t\t\t\t\t\t\t\t\tUn geste charg\u00e9 d\u2019histoire                                    <\/a>\n                                <\/h3>\n                            <\/div>\n\t\t\t\t\t\t\n\t\t\t\t\t\t                            <div class=\"grid-post-box-meta pcbg-meta item-hover\">\n                                <div class=\"pcbg-meta-desc\">\n\t\t\t\t\t\t\t\t\t                                        <span class=\"bg-date-author author-italic author vcard\">\n\t\t\t\t\t\t\t\t\t\tPar                                                 <a class=\"author-url url fn n\"\n                                                   href=\"https:\/\/realites.com.tn\/fr\/author\/mohamed-ali-sghaier\/\">M. A. Sgha\u00efer<\/a>\n\t\t\t\t\t\t\t\t\t\t\t\t\t\t\t\t\t\t\t\t<\/span>\n\t\t\t\t\t\t\t\t\t\t\t\t\t\t\t\t\t\t\t\t\t\t\t\t\t\t\t\t\t\t\t\t\t\t\t\t\t\t\t\t\t\t\t\t\t\t\t\t\t\t\t\t\t\t                                <\/div>\n\t\t\t\t\t\t\t\t                            <\/div>\n\t\t\t\t\t\t\n\t\t\t\t\t\t                    <\/div>\n                <\/div>\n            <\/div>\n        <\/div>\n    <\/div>\n<\/div>\n<\/div>                <\/div>\n\t\t\t\t            <\/div>\n        <\/div>\n\t\t\t\t\t\t<\/div>\n\t\t\t\t<\/div>\n\t\t\t\t<div class=\"elementor-element elementor-element-2407cc1b elementor-widget-divider--view-line elementor-widget elementor-widget-divider\" data-id=\"2407cc1b\" data-element_type=\"widget\" data-widget_type=\"divider.default\">\n\t\t\t\t<div class=\"elementor-widget-container\">\n\t\t\t\t\t\t\t<div class=\"elementor-divider\">\n\t\t\t<span class=\"elementor-divider-separator\">\n\t\t\t\t\t\t<\/span>\n\t\t<\/div>\n\t\t\t\t\t\t<\/div>\n\t\t\t\t<\/div>\n\t\t\t\t\t<\/div>\n\t\t<\/div>\n\t\t\t\t<div class=\"penci-ercol-50 penci-ercol-order-2 penci-sticky-ct    elementor-column elementor-col-50 elementor-top-column elementor-element elementor-element-5c3d8845\" data-id=\"5c3d8845\" data-element_type=\"column\">\n\t\t\t<div class=\"elementor-widget-wrap elementor-element-populated\">\n\t\t\t\t\t\t<div class=\"elementor-element elementor-element-16d205c8 elementor-hidden-tablet ref300_f elementor-widget elementor-widget-html\" data-id=\"16d205c8\" data-element_type=\"widget\" data-widget_type=\"html.default\">\n\t\t\t\t<div class=\"elementor-widget-container\">\n\t\t\t\t\t<div id='div-gpt-ad-1686514237918-0' style='min-width: 300px; min-height: 250px;'>\r\n  <script>\r\n    googletag.cmd.push(function() { googletag.display('div-gpt-ad-1686514237918-0'); });\r\n  <\/script>\r\n<\/div>\t\t\t\t<\/div>\n\t\t\t\t<\/div>\n\t\t\t\t\t<\/div>\n\t\t<\/div>\n\t\t\t\t\t<\/div>\n\t\t<\/section>\n\t\t\t\t<section class=\"penci-section penci-dmcheck penci-elbg-activate penci-disSticky penci-structure-10 elementor-section elementor-top-section elementor-element elementor-element-2cb45f02 elementor-section-boxed elementor-section-height-default elementor-section-height-default\" data-id=\"2cb45f02\" data-element_type=\"section\" data-settings=\"{&quot;background_background&quot;:&quot;classic&quot;}\">\n\t\t\t\t\t\t<div class=\"elementor-container elementor-column-gap-default\">\n\t\t\t\t\t<div class=\"penci-ercol-100 penci-ercol-order-1 penci-sticky-ct    elementor-column elementor-col-100 elementor-top-column elementor-element elementor-element-452cb8fa\" data-id=\"452cb8fa\" data-element_type=\"column\">\n\t\t\t<div class=\"elementor-widget-wrap elementor-element-populated\">\n\t\t\t\t\t\t<div class=\"elementor-element elementor-element-7dc2ad3 adfront elementor-widget elementor-widget-html\" data-id=\"7dc2ad3\" data-element_type=\"widget\" data-widget_type=\"html.default\">\n\t\t\t\t<div class=\"elementor-widget-container\">\n\t\t\t\t\t<!-- \/21816787485\/1000x300_scroll1 -->\r\n<div id='div-gpt-ad-1686342260976-0' style='min-width: 1000px; min-height: 300px;'>\r\n  <script>\r\n    googletag.cmd.push(function() { googletag.display('div-gpt-ad-1686342260976-0'); });\r\n  <\/script>\r\n<\/div>\t\t\t\t<\/div>\n\t\t\t\t<\/div>\n\t\t\t\t\t<\/div>\n\t\t<\/div>\n\t\t\t\t\t<\/div>\n\t\t<\/section>\n\t\t\t\t<section class=\"penci-section penci-dmcheck penci-elbg-activate penci-disSticky penci-structure-10 elementor-section elementor-top-section elementor-element elementor-element-33ac4168 elementor-section-boxed elementor-section-height-default elementor-section-height-default\" data-id=\"33ac4168\" data-element_type=\"section\" data-settings=\"{&quot;background_background&quot;:&quot;classic&quot;}\">\n\t\t\t\t\t\t<div class=\"elementor-container elementor-column-gap-default\">\n\t\t\t\t\t<div class=\"penci-ercol-100 penci-ercol-order-1 penci-sticky-ct    elementor-column elementor-col-100 elementor-top-column elementor-element elementor-element-403fdd7c\" data-id=\"403fdd7c\" data-element_type=\"column\">\n\t\t\t<div class=\"elementor-widget-wrap elementor-element-populated\">\n\t\t\t\t\t\t<section class=\"penci-section penci-dmcheck penci-elbg-activate penci-disSticky penci-structure-20 elementor-section elementor-inner-section elementor-element elementor-element-70eaf7d7 elementor-section-boxed elementor-section-height-default elementor-section-height-default\" data-id=\"70eaf7d7\" data-element_type=\"section\" data-settings=\"{&quot;background_background&quot;:&quot;classic&quot;}\">\n\t\t\t\t\t\t<div class=\"elementor-container elementor-column-gap-no\">\n\t\t\t\t\t<div class=\"penci-ercol-50 penci-ercol-order-1 penci-sticky-ct  penci-dmcheck penci-elbg-activate  elementor-column elementor-col-50 elementor-inner-column elementor-element elementor-element-7c05f9b2\" data-id=\"7c05f9b2\" data-element_type=\"column\" data-settings=\"{&quot;background_background&quot;:&quot;classic&quot;}\">\n\t\t\t<div class=\"elementor-widget-wrap elementor-element-populated\">\n\t\t\t\t\t\t<div class=\"elementor-element elementor-element-55f914fc elementor-widget__width-inherit elementor-hidden-tablet ref300_f elementor-widget elementor-widget-html\" data-id=\"55f914fc\" data-element_type=\"widget\" data-widget_type=\"html.default\">\n\t\t\t\t<div class=\"elementor-widget-container\">\n\t\t\t\t\t<div id='div-gpt-ad-1686514171874-0' style='min-width: 300px; min-height: 250px;'>\r\n  <script>\r\n    googletag.cmd.push(function() { googletag.display('div-gpt-ad-1686514171874-0'); });\r\n  <\/script>\r\n<\/div>\t\t\t\t<\/div>\n\t\t\t\t<\/div>\n\t\t\t\t<div class=\"elementor-element elementor-element-378bd11 elementor-hidden-tablet elementor-widget elementor-widget-penci-block-heading\" data-id=\"378bd11\" data-element_type=\"widget\" data-widget_type=\"penci-block-heading.default\">\n\t\t\t\t<div class=\"elementor-widget-container\">\n\t\t\t\t\t\t\t<div class=\"penciel-bheading penci-border-arrow penci-homepage-title penci-home-latest-posts style-15 pcalign-left pciconp-left pcicon-right block-title-icon-left\">\n\t\t\t<h3 class=\"inner-arrow\">\n\t\t\t\t<span>\n\t\t\t\t<span>Dans les kiosques<\/span>\t\t\t\t<\/span>\n\t\t\t<\/h3>\n\t\t\t\t\t<\/div>\n\t\t\t\t\t\t<\/div>\n\t\t\t\t<\/div>\n\t\t\t\t<div class=\"elementor-element elementor-element-4c38a86 elementor-widget elementor-widget-shortcode\" data-id=\"4c38a86\" data-element_type=\"widget\" data-widget_type=\"shortcode.default\">\n\t\t\t\t<div class=\"elementor-widget-container\">\n\t\t\t\t\t    <div class=\"couverture\">\r\n      <a href=\"https:\/\/realites.com.tn\/fr\/abonnement\" target=\"_blank\">\r\n        <img decoding=\"async\" src=\"https:\/\/realites.com.tn\/fr\/wp-content\/uploads\/2026\/09\/Couverture%202110.jpg\" alt=\"Couverture Image\">\r\n        <div class=\"overlay-link\"><\/div>\r\n      <\/a>\r\n    <\/div>\r\n    \t\t<div class=\"elementor-shortcode\"><\/div>\n\t\t\t\t\t\t<\/div>\n\t\t\t\t<\/div>\n\t\t\t\t\t<\/div>\n\t\t<\/div>\n\t\t\t\t<div class=\"penci-ercol-50 penci-ercol-order-2 penci-sticky-ct    elementor-column elementor-col-50 elementor-inner-column elementor-element elementor-element-4a9f61a3\" data-id=\"4a9f61a3\" data-element_type=\"column\">\n\t\t\t<div class=\"elementor-widget-wrap elementor-element-populated\">\n\t\t\t\t\t\t<div class=\"elementor-element elementor-element-6f758d1c elementor-widget elementor-widget-penci-block-heading\" data-id=\"6f758d1c\" data-element_type=\"widget\" data-widget_type=\"penci-block-heading.default\">\n\t\t\t\t<div class=\"elementor-widget-container\">\n\t\t\t\t\t\t\t<div class=\"penciel-bheading penci-border-arrow penci-homepage-title penci-home-latest-posts style-15 pcalign-left pciconp-left pcicon-right block-title-icon-left\">\n\t\t\t<h3 class=\"inner-arrow\">\n\t\t\t\t<span>\n\t\t\t\t<a href=\"https:\/\/realites.com.tn\/fr\/category\/politique\/\">politique<\/a>\t\t\t\t<\/span>\n\t\t\t<\/h3>\n\t\t\t\t\t<\/div>\n\t\t\t\t\t\t<\/div>\n\t\t\t\t<\/div>\n\t\t\t\t<div class=\"elementor-element elementor-element-2303a1ea elementor-widget elementor-widget-penci-big-grid\" data-id=\"2303a1ea\" data-element_type=\"widget\" data-widget_type=\"penci-big-grid.default\">\n\t\t\t\t<div class=\"elementor-widget-container\">\n\t\t\t\t\t        <div class=\"penci-clearfix penci-biggrid-wrapper penci-grid-col-3 penci-grid-tcol-3 penci-grid-mcol-1 penci-bgrid-based-post penci-bgrid-style-1 pcbg-ficonpo-top-right pcbg-reiconpo-top-left penci-bgrid-content-below pencibg-imageh-none pencibg-texth-none pencibg-textani-movetop textop\">\n\t\t\t            <div class=\"penci-clearfix penci-biggrid penci-bgstyle-1 penci-bgel\">\n                <div class=\"penci-biggrid-inner default\">\n\t\t\t\t\t<div class=\"penci-clearfix penci-biggrid-data penci-dflex\"><div class=\"penci-bgitem\">\n    <div class=\"penci-bgitin\">\n        <div class=\"penci-bgmain\">\n            <div class=\"pcbg-thumb\">\n\t\t\t\t\t\t\t\t                <div class=\"pcbg-thumbin\">\n                    <a class=\"pcbg-bgoverlay\"\n                       href=\"https:\/\/realites.com.tn\/fr\/affaire-du-complot-audience-decisive-aujourdhui-a-la-cour-de-cassation\/\" title=\"\u00ab Affaire du complot \u00bb : audience d\u00e9cisive aujourd&rsquo;hui \u00e0 la Cour de cassation\"><\/a>\n\n                        <div  data-bgset=\"https:\/\/realites.com.tn\/fr\/wp-content\/uploads\/2025\/04\/justice.jpg\" data_bg_hidpi=\"https:\/\/realites.com.tn\/fr\/wp-content\/uploads\/2025\/04\/justice.jpg\" class=\"penci-lazy penci-image-holder\">\n                                                    <\/div>\n\n                <\/div>\n            <\/div>\n            <div class=\"pcbg-content\">\n                <div class=\"pcbg-content-flex\">\n                    <a class=\"pcbg-bgoverlay\"\n                       href=\"https:\/\/realites.com.tn\/fr\/affaire-du-complot-audience-decisive-aujourdhui-a-la-cour-de-cassation\/\" title=\"\u00ab Affaire du complot \u00bb : audience d\u00e9cisive aujourd&rsquo;hui \u00e0 la Cour de cassation\"><\/a>\n                    <div class=\"pcbg-content-inner bgcontent-block\">\n                        <a href=\"https:\/\/realites.com.tn\/fr\/affaire-du-complot-audience-decisive-aujourdhui-a-la-cour-de-cassation\/\" title=\"\u00ab Affaire du complot \u00bb : audience d\u00e9cisive aujourd&rsquo;hui \u00e0 la Cour de cassation\"\n                           class=\"pcbg-bgoverlaytext active-overlay item-hover\"><\/a>\n\n\t\t\t\t\t\t\n\t\t\t\t\t\t                            <div class=\"pcbg-heading item-hover\">\n                                <h3 class=\"pcbg-title\" title=\"\u00ab Affaire du complot \u00bb : audience d\u00e9cisive aujourd&rsquo;hui \u00e0 la Cour de cassation\">\n                                    <a href=\"https:\/\/realites.com.tn\/fr\/affaire-du-complot-audience-decisive-aujourdhui-a-la-cour-de-cassation\/\">\n\t\t\t\t\t\t\t\t\t\t\u00ab Affaire du complot \u00bb : audience d\u00e9cisive aujourd&rsquo;hui \u00e0 la Cour de cassation                                    <\/a>\n                                <\/h3>\n                            <\/div>\n\t\t\t\t\t\t\n\t\t\t\t\t\t                            <div class=\"grid-post-box-meta pcbg-meta item-hover\">\n                                <div class=\"pcbg-meta-desc\">\n\t\t\t\t\t\t\t\t\t\t\t\t\t\t\t\t\t\t                                        <span class=\"bg-date\"><time class=\"entry-date published\" datetime=\"2026-09-03T08:57:16+01:00\">03-09-2026<\/time><\/span>\n\t\t\t\t\t\t\t\t\t\t\t\t\t\t\t\t\t\t\t\t\t\t\t\t\t\t\t\t\t\t\t\t\t\t\t\t\t\t\t\t\t\t\t\t\t                                <\/div>\n\t\t\t\t\t\t\t\t                            <\/div>\n\t\t\t\t\t\t\n\t\t\t\t\t\t                    <\/div>\n                <\/div>\n            <\/div>\n        <\/div>\n    <\/div>\n<\/div>\n<div class=\"penci-bgitem\">\n    <div class=\"penci-bgitin\">\n        <div class=\"penci-bgmain\">\n            <div class=\"pcbg-thumb\">\n\t\t\t\t\t\t\t\t                <div class=\"pcbg-thumbin\">\n                    <a class=\"pcbg-bgoverlay\"\n                       href=\"https:\/\/realites.com.tn\/fr\/tunisie-libye-kais-saied-appelle-a-intensifier-la-concertation-et-a-faciliter-le-passage-aux-frontieres\/\" title=\"Tunisie-Libye : Ka\u00efs Sa\u00efed appelle \u00e0 intensifier la concertation et \u00e0 faciliter le passage aux fronti\u00e8res\"><\/a>\n\n                        <div  data-bgset=\"https:\/\/realites.com.tn\/fr\/wp-content\/uploads\/2026\/09\/792109606_3719035104931959_62320014943664189_n.jpg\" data_bg_hidpi=\"https:\/\/realites.com.tn\/fr\/wp-content\/uploads\/2026\/09\/792109606_3719035104931959_62320014943664189_n.jpg\" class=\"penci-lazy penci-image-holder\">\n                                                    <\/div>\n\n                <\/div>\n            <\/div>\n            <div class=\"pcbg-content\">\n                <div class=\"pcbg-content-flex\">\n                    <a class=\"pcbg-bgoverlay\"\n                       href=\"https:\/\/realites.com.tn\/fr\/tunisie-libye-kais-saied-appelle-a-intensifier-la-concertation-et-a-faciliter-le-passage-aux-frontieres\/\" title=\"Tunisie-Libye : Ka\u00efs Sa\u00efed appelle \u00e0 intensifier la concertation et \u00e0 faciliter le passage aux fronti\u00e8res\"><\/a>\n                    <div class=\"pcbg-content-inner bgcontent-block\">\n                        <a href=\"https:\/\/realites.com.tn\/fr\/tunisie-libye-kais-saied-appelle-a-intensifier-la-concertation-et-a-faciliter-le-passage-aux-frontieres\/\" title=\"Tunisie-Libye : Ka\u00efs Sa\u00efed appelle \u00e0 intensifier la concertation et \u00e0 faciliter le passage aux fronti\u00e8res\"\n                           class=\"pcbg-bgoverlaytext active-overlay item-hover\"><\/a>\n\n\t\t\t\t\t\t\n\t\t\t\t\t\t                            <div class=\"pcbg-heading item-hover\">\n                                <h3 class=\"pcbg-title\" title=\"Tunisie-Libye : Ka\u00efs Sa\u00efed appelle \u00e0 intensifier la concertation et \u00e0 faciliter le passage aux fronti\u00e8res\">\n                                    <a href=\"https:\/\/realites.com.tn\/fr\/tunisie-libye-kais-saied-appelle-a-intensifier-la-concertation-et-a-faciliter-le-passage-aux-frontieres\/\">\n\t\t\t\t\t\t\t\t\t\tTunisie-Libye : Ka\u00efs Sa\u00efed appelle \u00e0 intensifier la concertation et \u00e0 faciliter le passage aux fronti\u00e8res                                    <\/a>\n                                <\/h3>\n                            <\/div>\n\t\t\t\t\t\t\n\t\t\t\t\t\t                            <div class=\"grid-post-box-meta pcbg-meta item-hover\">\n                                <div class=\"pcbg-meta-desc\">\n\t\t\t\t\t\t\t\t\t\t\t\t\t\t\t\t\t\t                                        <span class=\"bg-date\"><time class=\"entry-date published\" datetime=\"2026-09-03T08:29:24+01:00\">03-09-2026<\/time><\/span>\n\t\t\t\t\t\t\t\t\t\t\t\t\t\t\t\t\t\t\t\t\t\t\t\t\t\t\t\t\t\t\t\t\t\t\t\t\t\t\t\t\t\t\t\t\t                                <\/div>\n\t\t\t\t\t\t\t\t                            <\/div>\n\t\t\t\t\t\t\n\t\t\t\t\t\t                    <\/div>\n                <\/div>\n            <\/div>\n        <\/div>\n    <\/div>\n<\/div>\n<div class=\"penci-bgitem\">\n    <div class=\"penci-bgitin\">\n        <div class=\"penci-bgmain\">\n            <div class=\"pcbg-thumb\">\n\t\t\t\t\t\t\t\t                <div class=\"pcbg-thumbin\">\n                    <a class=\"pcbg-bgoverlay\"\n                       href=\"https:\/\/realites.com.tn\/fr\/le-parti-destourien-libre-annonce-une-marche-de-protestation-le-12-septembre\/\" title=\"Le Parti destourien libre annonce une marche de protestation le 12 septembre\"><\/a>\n\n                        <div  data-bgset=\"https:\/\/realites.com.tn\/fr\/wp-content\/uploads\/2021\/12\/PDL-Sigle-neue.jpg\" data_bg_hidpi=\"https:\/\/realites.com.tn\/fr\/wp-content\/uploads\/2021\/12\/PDL-Sigle-neue.jpg\" class=\"penci-lazy penci-image-holder\">\n                                                    <\/div>\n\n                <\/div>\n            <\/div>\n            <div class=\"pcbg-content\">\n                <div class=\"pcbg-content-flex\">\n                    <a class=\"pcbg-bgoverlay\"\n                       href=\"https:\/\/realites.com.tn\/fr\/le-parti-destourien-libre-annonce-une-marche-de-protestation-le-12-septembre\/\" title=\"Le Parti destourien libre annonce une marche de protestation le 12 septembre\"><\/a>\n                    <div class=\"pcbg-content-inner bgcontent-block\">\n                        <a href=\"https:\/\/realites.com.tn\/fr\/le-parti-destourien-libre-annonce-une-marche-de-protestation-le-12-septembre\/\" title=\"Le Parti destourien libre annonce une marche de protestation le 12 septembre\"\n                           class=\"pcbg-bgoverlaytext active-overlay item-hover\"><\/a>\n\n\t\t\t\t\t\t\n\t\t\t\t\t\t                            <div class=\"pcbg-heading item-hover\">\n                                <h3 class=\"pcbg-title\" title=\"Le Parti destourien libre annonce une marche de protestation le 12 septembre\">\n                                    <a href=\"https:\/\/realites.com.tn\/fr\/le-parti-destourien-libre-annonce-une-marche-de-protestation-le-12-septembre\/\">\n\t\t\t\t\t\t\t\t\t\tLe Parti destourien libre annonce une marche de protestation le 12 septembre                                    <\/a>\n                                <\/h3>\n                            <\/div>\n\t\t\t\t\t\t\n\t\t\t\t\t\t                            <div class=\"grid-post-box-meta pcbg-meta item-hover\">\n                                <div class=\"pcbg-meta-desc\">\n\t\t\t\t\t\t\t\t\t\t\t\t\t\t\t\t\t\t                                        <span class=\"bg-date\"><time class=\"entry-date published\" datetime=\"2026-09-02T20:51:37+01:00\">02-09-2026<\/time><\/span>\n\t\t\t\t\t\t\t\t\t\t\t\t\t\t\t\t\t\t\t\t\t\t\t\t\t\t\t\t\t\t\t\t\t\t\t\t\t\t\t\t\t\t\t\t\t                                <\/div>\n\t\t\t\t\t\t\t\t                            <\/div>\n\t\t\t\t\t\t\n\t\t\t\t\t\t                    <\/div>\n                <\/div>\n            <\/div>\n        <\/div>\n    <\/div>\n<\/div>\n<\/div>                <\/div>\n\t\t\t\t            <\/div>\n        <\/div>\n\t\t\t\t\t\t<\/div>\n\t\t\t\t<\/div>\n\t\t\t\t<div class=\"elementor-element elementor-element-675a2e03 elementor-widget elementor-widget-penci-block-heading\" data-id=\"675a2e03\" data-element_type=\"widget\" data-widget_type=\"penci-block-heading.default\">\n\t\t\t\t<div class=\"elementor-widget-container\">\n\t\t\t\t\t\t\t<div class=\"penciel-bheading penci-border-arrow penci-homepage-title penci-home-latest-posts style-15 pcalign-left pciconp-left pcicon-right block-title-icon-left\">\n\t\t\t<h3 class=\"inner-arrow\">\n\t\t\t\t<span>\n\t\t\t\t<a href=\"https:\/\/realites.com.tn\/fr\/category\/regions\/\">R\u00c9GIONS<\/a>\t\t\t\t<\/span>\n\t\t\t<\/h3>\n\t\t\t\t\t<\/div>\n\t\t\t\t\t\t<\/div>\n\t\t\t\t<\/div>\n\t\t\t\t<div class=\"elementor-element elementor-element-16471644 elementor-widget elementor-widget-penci-big-grid\" data-id=\"16471644\" data-element_type=\"widget\" data-widget_type=\"penci-big-grid.default\">\n\t\t\t\t<div class=\"elementor-widget-container\">\n\t\t\t\t\t        <div class=\"penci-clearfix penci-biggrid-wrapper penci-grid-col-3 penci-grid-tcol-3 penci-grid-mcol-1 penci-bgrid-based-post penci-bgrid-style-1 pcbg-ficonpo-top-right pcbg-reiconpo-top-left penci-bgrid-content-below pencibg-imageh-none pencibg-texth-none pencibg-textani-movetop textop\">\n\t\t\t            <div class=\"penci-clearfix penci-biggrid penci-bgstyle-1 penci-bgel\">\n                <div class=\"penci-biggrid-inner default\">\n\t\t\t\t\t<div class=\"penci-clearfix penci-biggrid-data penci-dflex\"><div class=\"penci-bgitem\">\n    <div class=\"penci-bgitin\">\n        <div class=\"penci-bgmain\">\n            <div class=\"pcbg-thumb\">\n\t\t\t\t\t\t\t\t                <div class=\"pcbg-thumbin\">\n                    <a class=\"pcbg-bgoverlay\"\n                       href=\"https:\/\/realites.com.tn\/fr\/sfax-decouverte-du-corps-dune-femme-a-son-domicile-apres-plusieurs-jours\/\" title=\"Sfax : d\u00e9couverte du corps d&rsquo;une femme \u00e0 son domicile apr\u00e8s plusieurs jours\"><\/a>\n\n                        <div  data-bgset=\"https:\/\/realites.com.tn\/fr\/wp-content\/uploads\/2025\/04\/femme-morte.jpg\" data_bg_hidpi=\"https:\/\/realites.com.tn\/fr\/wp-content\/uploads\/2025\/04\/femme-morte.jpg\" class=\"penci-lazy penci-image-holder\">\n                                                    <\/div>\n\n                <\/div>\n            <\/div>\n            <div class=\"pcbg-content\">\n                <div class=\"pcbg-content-flex\">\n                    <a class=\"pcbg-bgoverlay\"\n                       href=\"https:\/\/realites.com.tn\/fr\/sfax-decouverte-du-corps-dune-femme-a-son-domicile-apres-plusieurs-jours\/\" title=\"Sfax : d\u00e9couverte du corps d&rsquo;une femme \u00e0 son domicile apr\u00e8s plusieurs jours\"><\/a>\n                    <div class=\"pcbg-content-inner bgcontent-block\">\n                        <a href=\"https:\/\/realites.com.tn\/fr\/sfax-decouverte-du-corps-dune-femme-a-son-domicile-apres-plusieurs-jours\/\" title=\"Sfax : d\u00e9couverte du corps d&rsquo;une femme \u00e0 son domicile apr\u00e8s plusieurs jours\"\n                           class=\"pcbg-bgoverlaytext active-overlay item-hover\"><\/a>\n\n\t\t\t\t\t\t\n\t\t\t\t\t\t                            <div class=\"pcbg-heading item-hover\">\n                                <h3 class=\"pcbg-title\" title=\"Sfax : d\u00e9couverte du corps d&rsquo;une femme \u00e0 son domicile apr\u00e8s plusieurs jours\">\n                                    <a href=\"https:\/\/realites.com.tn\/fr\/sfax-decouverte-du-corps-dune-femme-a-son-domicile-apres-plusieurs-jours\/\">\n\t\t\t\t\t\t\t\t\t\tSfax : d\u00e9couverte du corps d&rsquo;une femme \u00e0 son domicile apr\u00e8s plusieurs jours                                    <\/a>\n                                <\/h3>\n                            <\/div>\n\t\t\t\t\t\t\n\t\t\t\t\t\t                            <div class=\"grid-post-box-meta pcbg-meta item-hover\">\n                                <div class=\"pcbg-meta-desc\">\n\t\t\t\t\t\t\t\t\t\t\t\t\t\t\t\t\t\t                                        <span class=\"bg-date\"><time class=\"entry-date published\" datetime=\"2026-09-03T09:25:37+01:00\">03-09-2026<\/time><\/span>\n\t\t\t\t\t\t\t\t\t\t\t\t\t\t\t\t\t\t\t\t\t\t\t\t\t\t\t\t\t\t\t\t\t\t\t\t\t\t\t\t\t\t\t\t\t                                <\/div>\n\t\t\t\t\t\t\t\t                            <\/div>\n\t\t\t\t\t\t\n\t\t\t\t\t\t                    <\/div>\n                <\/div>\n            <\/div>\n        <\/div>\n    <\/div>\n<\/div>\n<div class=\"penci-bgitem\">\n    <div class=\"penci-bgitin\">\n        <div class=\"penci-bgmain\">\n            <div class=\"pcbg-thumb\">\n\t\t\t\t\t\t\t\t                <div class=\"pcbg-thumbin\">\n                    <a class=\"pcbg-bgoverlay\"\n                       href=\"https:\/\/realites.com.tn\/fr\/eau-minerale-plus-de-23-millions-de-bouteilles-distribuees-chaque-jour-dans-le-grand-tunis\/\" title=\"Eau min\u00e9rale : plus de 2,3 millions de bouteilles distribu\u00e9es chaque jour dans le Grand Tunis\"><\/a>\n\n                        <div  data-bgset=\"https:\/\/realites.com.tn\/fr\/wp-content\/uploads\/2026\/09\/eau-embouteilee-010926-1.webp\" data_bg_hidpi=\"https:\/\/realites.com.tn\/fr\/wp-content\/uploads\/2026\/09\/eau-embouteilee-010926-1.webp\" class=\"penci-lazy penci-image-holder\">\n                                                    <\/div>\n\n                <\/div>\n            <\/div>\n            <div class=\"pcbg-content\">\n                <div class=\"pcbg-content-flex\">\n                    <a class=\"pcbg-bgoverlay\"\n                       href=\"https:\/\/realites.com.tn\/fr\/eau-minerale-plus-de-23-millions-de-bouteilles-distribuees-chaque-jour-dans-le-grand-tunis\/\" title=\"Eau min\u00e9rale : plus de 2,3 millions de bouteilles distribu\u00e9es chaque jour dans le Grand Tunis\"><\/a>\n                    <div class=\"pcbg-content-inner bgcontent-block\">\n                        <a href=\"https:\/\/realites.com.tn\/fr\/eau-minerale-plus-de-23-millions-de-bouteilles-distribuees-chaque-jour-dans-le-grand-tunis\/\" title=\"Eau min\u00e9rale : plus de 2,3 millions de bouteilles distribu\u00e9es chaque jour dans le Grand Tunis\"\n                           class=\"pcbg-bgoverlaytext active-overlay item-hover\"><\/a>\n\n\t\t\t\t\t\t\n\t\t\t\t\t\t                            <div class=\"pcbg-heading item-hover\">\n                                <h3 class=\"pcbg-title\" title=\"Eau min\u00e9rale : plus de 2,3 millions de bouteilles distribu\u00e9es chaque jour dans le Grand Tunis\">\n                                    <a href=\"https:\/\/realites.com.tn\/fr\/eau-minerale-plus-de-23-millions-de-bouteilles-distribuees-chaque-jour-dans-le-grand-tunis\/\">\n\t\t\t\t\t\t\t\t\t\tEau min\u00e9rale : plus de 2,3 millions de bouteilles distribu\u00e9es chaque jour dans le Grand Tunis                                    <\/a>\n                                <\/h3>\n                            <\/div>\n\t\t\t\t\t\t\n\t\t\t\t\t\t                            <div class=\"grid-post-box-meta pcbg-meta item-hover\">\n                                <div class=\"pcbg-meta-desc\">\n\t\t\t\t\t\t\t\t\t\t\t\t\t\t\t\t\t\t                                        <span class=\"bg-date\"><time class=\"entry-date published\" datetime=\"2026-09-02T12:51:28+01:00\">02-09-2026<\/time><\/span>\n\t\t\t\t\t\t\t\t\t\t\t\t\t\t\t\t\t\t\t\t\t\t\t\t\t\t\t\t\t\t\t\t\t\t\t\t\t\t\t\t\t\t\t\t\t                                <\/div>\n\t\t\t\t\t\t\t\t                            <\/div>\n\t\t\t\t\t\t\n\t\t\t\t\t\t                    <\/div>\n                <\/div>\n            <\/div>\n        <\/div>\n    <\/div>\n<\/div>\n<div class=\"penci-bgitem\">\n    <div class=\"penci-bgitin\">\n        <div class=\"penci-bgmain\">\n            <div class=\"pcbg-thumb\">\n\t\t\t\t\t\t\t\t                <div class=\"pcbg-thumbin\">\n                    <a class=\"pcbg-bgoverlay\"\n                       href=\"https:\/\/realites.com.tn\/fr\/ariana-vol-des-4-roues-dune-voiture-garee-pres-dune-mosquee-photos\/\" title=\"Ariana : vol des 4 roues d\u2019une voiture gar\u00e9e pr\u00e8s d&rsquo;une mosqu\u00e9e (PHOTOS)\"><\/a>\n\n                        <div  data-bgset=\"https:\/\/realites.com.tn\/fr\/wp-content\/uploads\/2026\/09\/borj-louzir.jpg\" data_bg_hidpi=\"https:\/\/realites.com.tn\/fr\/wp-content\/uploads\/2026\/09\/borj-louzir.jpg\" class=\"penci-lazy penci-image-holder\">\n                                                    <\/div>\n\n                <\/div>\n            <\/div>\n            <div class=\"pcbg-content\">\n                <div class=\"pcbg-content-flex\">\n                    <a class=\"pcbg-bgoverlay\"\n                       href=\"https:\/\/realites.com.tn\/fr\/ariana-vol-des-4-roues-dune-voiture-garee-pres-dune-mosquee-photos\/\" title=\"Ariana : vol des 4 roues d\u2019une voiture gar\u00e9e pr\u00e8s d&rsquo;une mosqu\u00e9e (PHOTOS)\"><\/a>\n                    <div class=\"pcbg-content-inner bgcontent-block\">\n                        <a href=\"https:\/\/realites.com.tn\/fr\/ariana-vol-des-4-roues-dune-voiture-garee-pres-dune-mosquee-photos\/\" title=\"Ariana : vol des 4 roues d\u2019une voiture gar\u00e9e pr\u00e8s d&rsquo;une mosqu\u00e9e (PHOTOS)\"\n                           class=\"pcbg-bgoverlaytext active-overlay item-hover\"><\/a>\n\n\t\t\t\t\t\t\n\t\t\t\t\t\t                            <div class=\"pcbg-heading item-hover\">\n                                <h3 class=\"pcbg-title\" title=\"Ariana : vol des 4 roues d\u2019une voiture gar\u00e9e pr\u00e8s d&rsquo;une mosqu\u00e9e (PHOTOS)\">\n                                    <a href=\"https:\/\/realites.com.tn\/fr\/ariana-vol-des-4-roues-dune-voiture-garee-pres-dune-mosquee-photos\/\">\n\t\t\t\t\t\t\t\t\t\tAriana : vol des 4 roues d\u2019une voiture gar\u00e9e pr\u00e8s d&rsquo;une mosqu\u00e9e (PHOTOS)                                    <\/a>\n                                <\/h3>\n                            <\/div>\n\t\t\t\t\t\t\n\t\t\t\t\t\t                            <div class=\"grid-post-box-meta pcbg-meta item-hover\">\n                                <div class=\"pcbg-meta-desc\">\n\t\t\t\t\t\t\t\t\t\t\t\t\t\t\t\t\t\t                                        <span class=\"bg-date\"><time class=\"entry-date published\" datetime=\"2026-09-02T11:57:22+01:00\">02-09-2026<\/time><\/span>\n\t\t\t\t\t\t\t\t\t\t\t\t\t\t\t\t\t\t\t\t\t\t\t\t\t\t\t\t\t\t\t\t\t\t\t\t\t\t\t\t\t\t\t\t\t                                <\/div>\n\t\t\t\t\t\t\t\t                            <\/div>\n\t\t\t\t\t\t\n\t\t\t\t\t\t                    <\/div>\n                <\/div>\n            <\/div>\n        <\/div>\n    <\/div>\n<\/div>\n<\/div>                <\/div>\n\t\t\t\t            <\/div>\n        <\/div>\n\t\t\t\t\t\t<\/div>\n\t\t\t\t<\/div>\n\t\t\t\t\t<\/div>\n\t\t<\/div>\n\t\t\t\t\t<\/div>\n\t\t<\/section>\n\t\t\t\t\t<\/div>\n\t\t<\/div>\n\t\t\t\t\t<\/div>\n\t\t<\/section>\n\t\t\t\t<section class=\"penci-section penci-dmcheck penci-elbg-activate penci-disSticky penci-structure-10 elementor-section elementor-top-section elementor-element elementor-element-7f53a85d elementor-section-boxed elementor-section-height-default elementor-section-height-default\" data-id=\"7f53a85d\" data-element_type=\"section\" data-settings=\"{&quot;background_background&quot;:&quot;classic&quot;}\">\n\t\t\t\t\t\t<div class=\"elementor-container elementor-column-gap-no\">\n\t\t\t\t\t<div class=\"penci-ercol-100 penci-ercol-order-1 penci-sticky-ct    elementor-column elementor-col-100 elementor-top-column elementor-element elementor-element-466e35f4\" data-id=\"466e35f4\" data-element_type=\"column\">\n\t\t\t<div class=\"elementor-widget-wrap elementor-element-populated\">\n\t\t\t\t\t\t<div class=\"elementor-element elementor-element-3ab661c7 elementor-widget elementor-widget-penci-block-heading\" data-id=\"3ab661c7\" data-element_type=\"widget\" data-widget_type=\"penci-block-heading.default\">\n\t\t\t\t<div class=\"elementor-widget-container\">\n\t\t\t\t\t\t\t<div class=\"penciel-bheading penci-border-arrow penci-homepage-title penci-home-latest-posts style-15 pcalign-left pciconp-left pcicon-right block-title-icon-left\">\n\t\t\t<h3 class=\"inner-arrow\">\n\t\t\t\t<span>\n\t\t\t\t<a href=\"https:\/\/realites.com.tn\/fr\/category\/automobile\/\">automobile<\/a>\t\t\t\t<\/span>\n\t\t\t<\/h3>\n\t\t\t\t\t<\/div>\n\t\t\t\t\t\t<\/div>\n\t\t\t\t<\/div>\n\t\t\t\t<div class=\"elementor-element elementor-element-b07b5da elementor-widget elementor-widget-penci-big-grid\" data-id=\"b07b5da\" data-element_type=\"widget\" data-widget_type=\"penci-big-grid.default\">\n\t\t\t\t<div class=\"elementor-widget-container\">\n\t\t\t\t\t        <div class=\"penci-clearfix penci-biggrid-wrapper penci-grid-col-3 penci-grid-mcol-1 penci-bgrid-based-post penci-bgrid-style-1 pcbg-ficonpo-top-right pcbg-reiconpo-top-left penci-bgrid-content-below pencibg-imageh-none pencibg-texth-none pencibg-textani-movetop textop\">\n\t\t\t            <div class=\"penci-clearfix penci-biggrid penci-bgstyle-1 penci-bgel\">\n                <div class=\"penci-biggrid-inner default\">\n\t\t\t\t\t<div class=\"penci-clearfix penci-biggrid-data penci-dflex\"><div class=\"penci-bgitem\">\n    <div class=\"penci-bgitin\">\n        <div class=\"penci-bgmain\">\n            <div class=\"pcbg-thumb\">\n\t\t\t\t\t\t\t\t                <div class=\"pcbg-thumbin\">\n                    <a class=\"pcbg-bgoverlay active-overlay\"\n                       href=\"https:\/\/realites.com.tn\/fr\/chery-tiggo-7-tiggo-8-5-etoiles-sur-5-aux-tests-euro-ncap\/\" title=\"CHERY TIGGO 7 &#038; TIGGO 8 : 5 \u00e9toiles sur 5 aux tests Euro NCAP\"><\/a>\n\n                        <div  data-bgset=\"https:\/\/realites.com.tn\/fr\/wp-content\/uploads\/2026\/08\/chery-111.png\" data_bg_hidpi=\"https:\/\/realites.com.tn\/fr\/wp-content\/uploads\/2026\/08\/chery-111.png\" class=\"penci-lazy penci-image-holder\">\n                                                    <\/div>\n\n                <\/div>\n            <\/div>\n            <div class=\"pcbg-content\">\n                <div class=\"pcbg-content-flex\">\n                    <a class=\"pcbg-bgoverlay\"\n                       href=\"https:\/\/realites.com.tn\/fr\/chery-tiggo-7-tiggo-8-5-etoiles-sur-5-aux-tests-euro-ncap\/\" title=\"CHERY TIGGO 7 &#038; TIGGO 8 : 5 \u00e9toiles sur 5 aux tests Euro NCAP\"><\/a>\n                    <div class=\"pcbg-content-inner bgcontent-block\">\n                        <a href=\"https:\/\/realites.com.tn\/fr\/chery-tiggo-7-tiggo-8-5-etoiles-sur-5-aux-tests-euro-ncap\/\" title=\"CHERY TIGGO 7 &#038; TIGGO 8 : 5 \u00e9toiles sur 5 aux tests Euro NCAP\"\n                           class=\"pcbg-bgoverlaytext item-hover\"><\/a>\n\n\t\t\t\t\t\t\n\t\t\t\t\t\t                            <div class=\"pcbg-heading item-hover\">\n                                <h3 class=\"pcbg-title\">\n                                    <a href=\"https:\/\/realites.com.tn\/fr\/chery-tiggo-7-tiggo-8-5-etoiles-sur-5-aux-tests-euro-ncap\/\">\n\t\t\t\t\t\t\t\t\t\tCHERY TIGGO 7 &#038; TIGGO 8 : 5 \u00e9toiles sur 5 aux tests Euro NCAP                                    <\/a>\n                                <\/h3>\n                            <\/div>\n\t\t\t\t\t\t\n\t\t\t\t\t\t                            <div class=\"grid-post-box-meta pcbg-meta item-hover\">\n                                <div class=\"pcbg-meta-desc\">\n\t\t\t\t\t\t\t\t\t\t\t\t\t\t\t\t\t\t                                        <span class=\"bg-date\"><time class=\"entry-date published\" datetime=\"2026-08-28T13:49:07+01:00\">28-08-2026<\/time><\/span>\n\t\t\t\t\t\t\t\t\t\t\t\t\t\t\t\t\t\t\t\t\t\t\t\t\t\t\t\t\t\t\t\t\t\t\t\t\t\t\t\t\t\t\t\t\t                                <\/div>\n\t\t\t\t\t\t\t\t                            <\/div>\n\t\t\t\t\t\t\n\t\t\t\t\t\t                    <\/div>\n                <\/div>\n            <\/div>\n        <\/div>\n    <\/div>\n<\/div>\n<div class=\"penci-bgitem\">\n    <div class=\"penci-bgitin\">\n        <div class=\"penci-bgmain\">\n            <div class=\"pcbg-thumb\">\n\t\t\t\t\t\t\t\t                <div class=\"pcbg-thumbin\">\n                    <a class=\"pcbg-bgoverlay active-overlay\"\n                       href=\"https:\/\/realites.com.tn\/fr\/hyundai-aide-ses-clients-a-prendre-des-decisions-plus-eclairees-en-matiere-dachat-et-de-possession-automobile-avec-sa-nouvelle-campagne-votre-partenaire-ideal\/\" title=\"Hyundai aide ses clients \u00e0 prendre des d\u00e9cisions plus \u00e9clair\u00e9es en mati\u00e8re d\u2019achat et de possession automobile avec sa nouvelle campagne \u00ab Votre Partenaire Id\u00e9al \u00bb\"><\/a>\n\n                        <div  data-bgset=\"https:\/\/realites.com.tn\/fr\/wp-content\/uploads\/2026\/08\/PR-1-Image-1.png\" data_bg_hidpi=\"https:\/\/realites.com.tn\/fr\/wp-content\/uploads\/2026\/08\/PR-1-Image-1.png\" class=\"penci-lazy penci-image-holder\">\n                                                    <\/div>\n\n                <\/div>\n            <\/div>\n            <div class=\"pcbg-content\">\n                <div class=\"pcbg-content-flex\">\n                    <a class=\"pcbg-bgoverlay\"\n                       href=\"https:\/\/realites.com.tn\/fr\/hyundai-aide-ses-clients-a-prendre-des-decisions-plus-eclairees-en-matiere-dachat-et-de-possession-automobile-avec-sa-nouvelle-campagne-votre-partenaire-ideal\/\" title=\"Hyundai aide ses clients \u00e0 prendre des d\u00e9cisions plus \u00e9clair\u00e9es en mati\u00e8re d\u2019achat et de possession automobile avec sa nouvelle campagne \u00ab Votre Partenaire Id\u00e9al \u00bb\"><\/a>\n                    <div class=\"pcbg-content-inner bgcontent-block\">\n                        <a href=\"https:\/\/realites.com.tn\/fr\/hyundai-aide-ses-clients-a-prendre-des-decisions-plus-eclairees-en-matiere-dachat-et-de-possession-automobile-avec-sa-nouvelle-campagne-votre-partenaire-ideal\/\" title=\"Hyundai aide ses clients \u00e0 prendre des d\u00e9cisions plus \u00e9clair\u00e9es en mati\u00e8re d\u2019achat et de possession automobile avec sa nouvelle campagne \u00ab Votre Partenaire Id\u00e9al \u00bb\"\n                           class=\"pcbg-bgoverlaytext item-hover\"><\/a>\n\n\t\t\t\t\t\t\n\t\t\t\t\t\t                            <div class=\"pcbg-heading item-hover\">\n                                <h3 class=\"pcbg-title\">\n                                    <a href=\"https:\/\/realites.com.tn\/fr\/hyundai-aide-ses-clients-a-prendre-des-decisions-plus-eclairees-en-matiere-dachat-et-de-possession-automobile-avec-sa-nouvelle-campagne-votre-partenaire-ideal\/\">\n\t\t\t\t\t\t\t\t\t\tHyundai aide ses clients \u00e0 prendre des d\u00e9cisions plus \u00e9clair\u00e9es en mati\u00e8re d\u2019achat et de possession automobile avec sa nouvelle campagne \u00ab Votre Partenaire Id\u00e9al \u00bb                                    <\/a>\n                                <\/h3>\n                            <\/div>\n\t\t\t\t\t\t\n\t\t\t\t\t\t                            <div class=\"grid-post-box-meta pcbg-meta item-hover\">\n                                <div class=\"pcbg-meta-desc\">\n\t\t\t\t\t\t\t\t\t\t\t\t\t\t\t\t\t\t                                        <span class=\"bg-date\"><time class=\"entry-date published\" datetime=\"2026-08-11T11:13:24+01:00\">11-08-2026<\/time><\/span>\n\t\t\t\t\t\t\t\t\t\t\t\t\t\t\t\t\t\t\t\t\t\t\t\t\t\t\t\t\t\t\t\t\t\t\t\t\t\t\t\t\t\t\t\t\t                                <\/div>\n\t\t\t\t\t\t\t\t                            <\/div>\n\t\t\t\t\t\t\n\t\t\t\t\t\t                    <\/div>\n                <\/div>\n            <\/div>\n        <\/div>\n    <\/div>\n<\/div>\n<div class=\"penci-bgitem\">\n    <div class=\"penci-bgitin\">\n        <div class=\"penci-bgmain\">\n            <div class=\"pcbg-thumb\">\n\t\t\t\t\t\t\t\t                <div class=\"pcbg-thumbin\">\n                    <a class=\"pcbg-bgoverlay active-overlay\"\n                       href=\"https:\/\/realites.com.tn\/fr\/automobile-genesis-sallie-a-alpha-hyundai-motor-pour-investir-le-marche-du-luxe-en-tunisie\/\" title=\"Automobile : Genesis s\u2019allie \u00e0 Alpha Hyundai Motor pour investir le march\u00e9 du luxe en Tunisie\"><\/a>\n\n                        <div  data-bgset=\"https:\/\/realites.com.tn\/fr\/wp-content\/uploads\/2026\/07\/WhatsApp-Image-2026-07-17-at-11.46.56.jpeg\" data_bg_hidpi=\"https:\/\/realites.com.tn\/fr\/wp-content\/uploads\/2026\/07\/WhatsApp-Image-2026-07-17-at-11.46.56.jpeg\" class=\"penci-lazy penci-image-holder\">\n                                                    <\/div>\n\n                <\/div>\n            <\/div>\n            <div class=\"pcbg-content\">\n                <div class=\"pcbg-content-flex\">\n                    <a class=\"pcbg-bgoverlay\"\n                       href=\"https:\/\/realites.com.tn\/fr\/automobile-genesis-sallie-a-alpha-hyundai-motor-pour-investir-le-marche-du-luxe-en-tunisie\/\" title=\"Automobile : Genesis s\u2019allie \u00e0 Alpha Hyundai Motor pour investir le march\u00e9 du luxe en Tunisie\"><\/a>\n                    <div class=\"pcbg-content-inner bgcontent-block\">\n                        <a href=\"https:\/\/realites.com.tn\/fr\/automobile-genesis-sallie-a-alpha-hyundai-motor-pour-investir-le-marche-du-luxe-en-tunisie\/\" title=\"Automobile : Genesis s\u2019allie \u00e0 Alpha Hyundai Motor pour investir le march\u00e9 du luxe en Tunisie\"\n                           class=\"pcbg-bgoverlaytext item-hover\"><\/a>\n\n\t\t\t\t\t\t\n\t\t\t\t\t\t                            <div class=\"pcbg-heading item-hover\">\n                                <h3 class=\"pcbg-title\">\n                                    <a href=\"https:\/\/realites.com.tn\/fr\/automobile-genesis-sallie-a-alpha-hyundai-motor-pour-investir-le-marche-du-luxe-en-tunisie\/\">\n\t\t\t\t\t\t\t\t\t\tAutomobile : Genesis s\u2019allie \u00e0 Alpha Hyundai Motor pour investir le march\u00e9 du luxe en Tunisie                                    <\/a>\n                                <\/h3>\n                            <\/div>\n\t\t\t\t\t\t\n\t\t\t\t\t\t                            <div class=\"grid-post-box-meta pcbg-meta item-hover\">\n                                <div class=\"pcbg-meta-desc\">\n\t\t\t\t\t\t\t\t\t\t\t\t\t\t\t\t\t\t                                        <span class=\"bg-date\"><time class=\"entry-date published\" datetime=\"2026-07-18T00:21:27+01:00\">18-07-2026<\/time><\/span>\n\t\t\t\t\t\t\t\t\t\t\t\t\t\t\t\t\t\t\t\t\t\t\t\t\t\t\t\t\t\t\t\t\t\t\t\t\t\t\t\t\t\t\t\t\t                                <\/div>\n\t\t\t\t\t\t\t\t                            <\/div>\n\t\t\t\t\t\t\n\t\t\t\t\t\t                    <\/div>\n                <\/div>\n            <\/div>\n        <\/div>\n    <\/div>\n<\/div>\n<\/div>                <\/div>\n\t\t\t\t            <\/div>\n        <\/div>\n\t\t\t\t\t\t<\/div>\n\t\t\t\t<\/div>\n\t\t\t\t\t<\/div>\n\t\t<\/div>\n\t\t\t\t\t<\/div>\n\t\t<\/section>\n\t\t\t\t<section class=\"penci-section penci-dmcheck penci-elbg-activate penci-disSticky penci-structure-40 elementor-section elementor-top-section elementor-element elementor-element-73661f7e elementor-section-boxed elementor-section-height-default elementor-section-height-default\" data-id=\"73661f7e\" data-element_type=\"section\" data-settings=\"{&quot;background_background&quot;:&quot;classic&quot;}\">\n\t\t\t\t\t\t<div class=\"elementor-container elementor-column-gap-narrow\">\n\t\t\t\t\t<div class=\"penci-ercol-25 penci-ercol-order-1 penci-sticky-sb penci-sidebarSC   elementor-column elementor-col-25 elementor-top-column elementor-element elementor-element-607180eb\" data-id=\"607180eb\" data-element_type=\"column\">\n\t\t\t<div class=\"elementor-widget-wrap elementor-element-populated\">\n\t\t\t\t\t\t<div class=\"elementor-element elementor-element-6711be8c elementor-widget elementor-widget-penci-block-heading\" data-id=\"6711be8c\" data-element_type=\"widget\" data-widget_type=\"penci-block-heading.default\">\n\t\t\t\t<div class=\"elementor-widget-container\">\n\t\t\t\t\t\t\t<div class=\"penciel-bheading penci-border-arrow penci-homepage-title penci-home-latest-posts style-15 pcalign-left pciconp-left pcicon-right block-title-icon-left\">\n\t\t\t<h3 class=\"inner-arrow\">\n\t\t\t\t<span>\n\t\t\t\t<a href=\"https:\/\/realites.com.tn\/fr\/category\/sport\/\">Sport<\/a>\t\t\t\t<\/span>\n\t\t\t<\/h3>\n\t\t\t\t\t<\/div>\n\t\t\t\t\t\t<\/div>\n\t\t\t\t<\/div>\n\t\t\t\t<div class=\"elementor-element elementor-element-74310352 bgitem-section4 elementor-widget elementor-widget-penci-big-grid\" data-id=\"74310352\" data-element_type=\"widget\" data-widget_type=\"penci-big-grid.default\">\n\t\t\t\t<div class=\"elementor-widget-container\">\n\t\t\t\t\t        <div class=\"penci-clearfix penci-biggrid-wrapper penci-grid-col-1 penci-grid-mcol-1 penci-bgrid-based-post penci-bgrid-style-1 pcbg-ficonpo-top-right pcbg-reiconpo-top-left penci-bgrid-content-below pencibg-imageh-none pencibg-texth-none pencibg-textani-movetop textop\">\n\t\t\t            <div class=\"penci-clearfix penci-biggrid penci-bgstyle-1 penci-bgel\">\n                <div class=\"penci-biggrid-inner default\">\n\t\t\t\t\t<div class=\"penci-clearfix penci-biggrid-data penci-dflex\"><div class=\"penci-bgitem\">\n    <div class=\"penci-bgitin\">\n        <div class=\"penci-bgmain\">\n            <div class=\"pcbg-thumb\">\n\t\t\t\t\t\t\t\t                <div class=\"pcbg-thumbin\">\n                    <a class=\"pcbg-bgoverlay\"\n                       href=\"https:\/\/realites.com.tn\/fr\/handball-feminin-la-composition-du-nouveau-bureau-de-la-ligue-nationale\/\" title=\"Handball f\u00e9minin : la composition du nouveau bureau de la Ligue nationale\"><\/a>\n\n                        <div  data-bgset=\"https:\/\/realites.com.tn\/fr\/wp-content\/uploads\/2026\/09\/handball.jpg\" data_bg_hidpi=\"https:\/\/realites.com.tn\/fr\/wp-content\/uploads\/2026\/09\/handball.jpg\" class=\"penci-lazy penci-image-holder\">\n                                                    <\/div>\n\n                <\/div>\n            <\/div>\n            <div class=\"pcbg-content\">\n                <div class=\"pcbg-content-flex\">\n                    <a class=\"pcbg-bgoverlay\"\n                       href=\"https:\/\/realites.com.tn\/fr\/handball-feminin-la-composition-du-nouveau-bureau-de-la-ligue-nationale\/\" title=\"Handball f\u00e9minin : la composition du nouveau bureau de la Ligue nationale\"><\/a>\n                    <div class=\"pcbg-content-inner bgcontent-block\">\n                        <a href=\"https:\/\/realites.com.tn\/fr\/handball-feminin-la-composition-du-nouveau-bureau-de-la-ligue-nationale\/\" title=\"Handball f\u00e9minin : la composition du nouveau bureau de la Ligue nationale\"\n                           class=\"pcbg-bgoverlaytext active-overlay item-hover\"><\/a>\n\n\t\t\t\t\t\t\n\t\t\t\t\t\t                            <div class=\"pcbg-heading item-hover\">\n                                <h3 class=\"pcbg-title\" title=\"Handball f\u00e9minin : la composition du nouveau bureau de la Ligue nationale\">\n                                    <a href=\"https:\/\/realites.com.tn\/fr\/handball-feminin-la-composition-du-nouveau-bureau-de-la-ligue-nationale\/\">\n\t\t\t\t\t\t\t\t\t\tHandball f\u00e9minin : la composition du nouveau...                                    <\/a>\n                                <\/h3>\n                            <\/div>\n\t\t\t\t\t\t\n\t\t\t\t\t\t                            <div class=\"grid-post-box-meta pcbg-meta item-hover\">\n                                <div class=\"pcbg-meta-desc\">\n\t\t\t\t\t\t\t\t\t\t\t\t\t\t\t\t\t\t                                        <span class=\"bg-date\"><time class=\"entry-date published\" datetime=\"2026-09-02T12:39:20+01:00\">02-09-2026<\/time><\/span>\n\t\t\t\t\t\t\t\t\t\t\t\t\t\t\t\t\t\t\t\t\t\t\t\t\t\t\t\t\t\t\t\t\t\t\t\t\t\t\t\t\t\t\t\t\t                                <\/div>\n\t\t\t\t\t\t\t\t                            <\/div>\n\t\t\t\t\t\t\n\t\t\t\t\t\t                    <\/div>\n                <\/div>\n            <\/div>\n        <\/div>\n    <\/div>\n<\/div>\n<\/div>                <\/div>\n\t\t\t\t            <\/div>\n        <\/div>\n\t\t\t\t\t\t<\/div>\n\t\t\t\t<\/div>\n\t\t\t\t<div class=\"elementor-element elementor-element-2a138cb4 elementor-widget-divider--view-line elementor-widget elementor-widget-divider\" data-id=\"2a138cb4\" data-element_type=\"widget\" data-widget_type=\"divider.default\">\n\t\t\t\t<div class=\"elementor-widget-container\">\n\t\t\t\t\t\t\t<div class=\"elementor-divider\">\n\t\t\t<span class=\"elementor-divider-separator\">\n\t\t\t\t\t\t<\/span>\n\t\t<\/div>\n\t\t\t\t\t\t<\/div>\n\t\t\t\t<\/div>\n\t\t\t\t<div class=\"elementor-element elementor-element-6170ad0f section4 elementor-widget elementor-widget-penci-small-list\" data-id=\"6170ad0f\" data-element_type=\"widget\" data-widget_type=\"penci-small-list.default\">\n\t\t\t\t<div class=\"elementor-widget-container\">\n\t\t\t\t\t<script>if( typeof(penciBlock) === \"undefined\" ) {function penciBlock() { this.atts_json = ''; this.content = ''; }}var penciBlocksArray = penciBlocksArray || [];var PENCILOCALCACHE = PENCILOCALCACHE || {};var pcblock_340 = new penciBlock();pcblock_340.blockID=\"pcblock_340\";pcblock_340.atts_json = '{\"type\":\"grid\",\"dformat\":\"\",\"date_pos\":\"left\",\"column\":\"1\",\"tab_column\":\"1\",\"mb_column\":\"\",\"imgpos\":\"left\",\"thumb_size\":\"\",\"mthumb_size\":\"\",\"post_meta\":[\"title\",\"date\"],\"primary_cat\":\"\",\"title_length\":8,\"excerpt_pos\":\"below\",\"rmstyle\":\"filled\",\"excerpt_length\":15,\"nocrop\":\"\",\"hide_cat_mobile\":\"\",\"hide_meta_mobile\":\"\",\"hide_excerpt_mobile\":\"\",\"hide_rm_mobile\":\"\",\"imgtop_mobile\":\"\",\"ver_border\":\"\",\"hide_thumb\":\"\",\"show_reviewpie\":\"\",\"show_formaticon\":\"\",\"disable_lazy\":\"\",\"show_excerpt\":\"\",\"show_readmore\":\"\",\"query\":{\"orderby\":\"date\",\"order\":\"desc\",\"ignore_sticky_posts\":1,\"post_status\":\"publish\",\"post__not_in\":[],\"post_type\":\"post\",\"posts_per_page\":2,\"tax_query\":[{\"taxonomy\":\"category\",\"field\":\"term_id\",\"terms\":[\"10\"]}],\"offset\":1},\"category_ids\":\"\",\"taxonomy\":\"\"}';penciBlocksArray.push(pcblock_340);<\/script>        <div class=\"penci-wrapper-smalllist\">\n\t\t\t\t\t\t            <div class=\"penci-smalllist-wrapper\">\n\t\t\t\t                    <div class=\"penci-smalllist pcsl-wrapper pwsl-id-default\">\n                        <div class=\"pcsl-inner penci-clearfix pcsl-grid pcsl-imgpos-left pcsl-col-1 pcsl-tabcol-1 pcsl-mobcol-1\">\n\t\t\t\t\t\t\t\t\t\t\t\t\t\t\t\t\t\t\t\t\t\t\t\t                                    <div class=\"pcsl-item\">\n                                        <div class=\"pcsl-itemin\">\n                                            <div class=\"pcsl-iteminer\">\n\t\t\t\t\t\t\t\t\t\t\t\t\n\t\t\t\t\t\t\t\t\t\t\t\t                                                    <div class=\"pcsl-thumb\">\n\t\t\t\t\t\t\t\t\t\t\t\t\t\t\t\t\t\t\t\t\t\t\t\t\t\t\t\t                                                            <a  data-bgset=\"https:\/\/realites.com.tn\/fr\/wp-content\/uploads\/2026\/08\/528e7fc7-6458-4fb1-aa46-c3f4f1682980-263x175.jpg\" href=\"https:\/\/realites.com.tn\/fr\/ligue-1-lesperance-de-tunis-chute-face-a-la-js-omrane-le-ca-bizertin-prend-la-tete\/\"\n                                                               title=\"Ligue 1 : l&rsquo;Esp\u00e9rance de Tunis chute face \u00e0 la JS Omrane, le CA Bizertin prend la t\u00eate\"\n                                                               class=\"penci-lazy penci-image-holder\">\n\t                                                                                                                        <\/a>\n\n                                                    <\/div>\n\t\t\t\t\t\t\t\t\t\t\t\t                                                <div class=\"pcsl-content\">\n\t\t\t\t\t\t\t\t\t\t\t\t\t\n\t\t\t\t\t\t\t\t\t\t\t\t\t                                                        <div class=\"pcsl-title\">\n                                                            <a href=\"https:\/\/realites.com.tn\/fr\/ligue-1-lesperance-de-tunis-chute-face-a-la-js-omrane-le-ca-bizertin-prend-la-tete\/\" title=\"Ligue 1 : l&rsquo;Esp\u00e9rance de Tunis chute face \u00e0 la JS Omrane, le CA Bizertin prend la t\u00eate\">Ligue 1 : l&rsquo;Esp\u00e9rance de Tunis chute face...<\/a>\n                                                        <\/div>\n\t\t\t\t\t\t\t\t\t\t\t\t\t\n\t\t\t\t\t\t\t\t\t\t\t\t\t                                                        <div class=\"grid-post-box-meta pcsl-meta\">\n\t\t\t\t\t\t\t\t\t\t\t\t\t\t\t\t\t\t\t\t\t\t\t\t\t\t\t\t\t\t                                                                <span class=\"sl-date\"><time class=\"entry-date published\" datetime=\"2026-08-30T19:39:16+01:00\">30-08-2026<\/time><\/span>\n\t\t\t\t\t\t\t\t\t\t\t\t\t\t\t\t\t\t\t\t\t\t\t\t\t\t\t\t\t\t\t\t\t\t\t\t\t\t\t\t\t\t\t\t\t\t\t\t\t\t\t\t\t\t\t\t\t\t\t\t\t\t\t\t\t\t\t\t\t\t\t\t\t\t\t                                                        <\/div>\n\t\t\t\t\t\t\t\t\t\t\t\t\t\n\t\t\t\t\t\t\t\t\t\t\t\t\t\t\t\t\t\t\t\t\t\t\t\t\t\t\n                                                <\/div>\n\n\t\t\t\t\t\t\t\t\t\t\t\t                                            <\/div>\n                                        <\/div>\n                                    <\/div>\n                                \t\t\t\t\t\t\t\t\t\t\t\t\t\t\t\t\t                                    <div class=\"pcsl-item\">\n                                        <div class=\"pcsl-itemin\">\n                                            <div class=\"pcsl-iteminer\">\n\t\t\t\t\t\t\t\t\t\t\t\t\n\t\t\t\t\t\t\t\t\t\t\t\t                                                    <div class=\"pcsl-thumb\">\n\t\t\t\t\t\t\t\t\t\t\t\t\t\t\t\t\t\t\t\t\t\t\t\t\t\t\t\t                                                            <a  data-bgset=\"https:\/\/realites.com.tn\/fr\/wp-content\/uploads\/2026\/08\/791437062_1061502856459485_9212855920173071678_n-263x175.jpg\" href=\"https:\/\/realites.com.tn\/fr\/basketball-deces-de-lancienne-joueuse-de-lequipe-nationale-amina-mkada\/\"\n                                                               title=\"Basketball : D\u00e9c\u00e8s de l&rsquo;ancienne joueuse de l&rsquo;\u00e9quipe nationale, Amina Mkada\"\n                                                               class=\"penci-lazy penci-image-holder\">\n\t                                                                                                                        <\/a>\n\n                                                    <\/div>\n\t\t\t\t\t\t\t\t\t\t\t\t                                                <div class=\"pcsl-content\">\n\t\t\t\t\t\t\t\t\t\t\t\t\t\n\t\t\t\t\t\t\t\t\t\t\t\t\t                                                        <div class=\"pcsl-title\">\n                                                            <a href=\"https:\/\/realites.com.tn\/fr\/basketball-deces-de-lancienne-joueuse-de-lequipe-nationale-amina-mkada\/\" title=\"Basketball : D\u00e9c\u00e8s de l&rsquo;ancienne joueuse de l&rsquo;\u00e9quipe nationale, Amina Mkada\">Basketball : D\u00e9c\u00e8s de l&rsquo;ancienne joueuse de l&rsquo;\u00e9quipe...<\/a>\n                                                        <\/div>\n\t\t\t\t\t\t\t\t\t\t\t\t\t\n\t\t\t\t\t\t\t\t\t\t\t\t\t                                                        <div class=\"grid-post-box-meta pcsl-meta\">\n\t\t\t\t\t\t\t\t\t\t\t\t\t\t\t\t\t\t\t\t\t\t\t\t\t\t\t\t\t\t                                                                <span class=\"sl-date\"><time class=\"entry-date published\" datetime=\"2026-08-30T11:53:03+01:00\">30-08-2026<\/time><\/span>\n\t\t\t\t\t\t\t\t\t\t\t\t\t\t\t\t\t\t\t\t\t\t\t\t\t\t\t\t\t\t\t\t\t\t\t\t\t\t\t\t\t\t\t\t\t\t\t\t\t\t\t\t\t\t\t\t\t\t\t\t\t\t\t\t\t\t\t\t\t\t\t\t\t\t\t                                                        <\/div>\n\t\t\t\t\t\t\t\t\t\t\t\t\t\n\t\t\t\t\t\t\t\t\t\t\t\t\t\t\t\t\t\t\t\t\t\t\t\t\t\t\n                                                <\/div>\n\n\t\t\t\t\t\t\t\t\t\t\t\t                                            <\/div>\n                                        <\/div>\n                                    <\/div>\n                                \t\t\t\t\t\t\t\t\t\t\t\t\t\t\t\t                        <\/div>\n\n\t\t\t\t\t\t\n                    <\/div>\n\t\t\t\t\t            <\/div>\n        <\/div>\n\t\t\t\t\t\t<\/div>\n\t\t\t\t<\/div>\n\t\t\t\t\t<\/div>\n\t\t<\/div>\n\t\t\t\t<div class=\"penci-ercol-25 penci-ercol-order-2 penci-sticky-sb penci-sidebarSC   elementor-column elementor-col-25 elementor-top-column elementor-element elementor-element-330caf68\" data-id=\"330caf68\" data-element_type=\"column\">\n\t\t\t<div class=\"elementor-widget-wrap elementor-element-populated\">\n\t\t\t\t\t\t<div class=\"elementor-element elementor-element-24bf7ebb elementor-widget elementor-widget-penci-block-heading\" data-id=\"24bf7ebb\" data-element_type=\"widget\" data-widget_type=\"penci-block-heading.default\">\n\t\t\t\t<div class=\"elementor-widget-container\">\n\t\t\t\t\t\t\t<div class=\"penciel-bheading penci-border-arrow penci-homepage-title penci-home-latest-posts style-15 pcalign-left pciconp-left pcicon-right block-title-icon-left\">\n\t\t\t<h3 class=\"inner-arrow\">\n\t\t\t\t<span>\n\t\t\t\t<a href=\"https:\/\/realites.com.tn\/fr\/category\/entreprises\/\">entreprises<\/a>\t\t\t\t<\/span>\n\t\t\t<\/h3>\n\t\t\t\t\t<\/div>\n\t\t\t\t\t\t<\/div>\n\t\t\t\t<\/div>\n\t\t\t\t<div class=\"elementor-element elementor-element-190e449d bgitem-section4 elementor-widget elementor-widget-penci-big-grid\" data-id=\"190e449d\" data-element_type=\"widget\" data-widget_type=\"penci-big-grid.default\">\n\t\t\t\t<div class=\"elementor-widget-container\">\n\t\t\t\t\t        <div class=\"penci-clearfix penci-biggrid-wrapper penci-grid-col-1 penci-grid-mcol-1 penci-bgrid-based-post penci-bgrid-style-1 pcbg-ficonpo-top-right pcbg-reiconpo-top-left penci-bgrid-content-below pencibg-imageh-none pencibg-texth-none pencibg-textani-movetop textop\">\n\t\t\t            <div class=\"penci-clearfix penci-biggrid penci-bgstyle-1 penci-bgel\">\n                <div class=\"penci-biggrid-inner default\">\n\t\t\t\t\t<div class=\"penci-clearfix penci-biggrid-data penci-dflex\"><div class=\"penci-bgitem\">\n    <div class=\"penci-bgitin\">\n        <div class=\"penci-bgmain\">\n            <div class=\"pcbg-thumb\">\n\t\t\t\t\t\t\t\t                <div class=\"pcbg-thumbin\">\n                    <a class=\"pcbg-bgoverlay\"\n                       href=\"https:\/\/realites.com.tn\/fr\/63-181-m%c2%b3-deau-sauves-et-8747-de-dechets-valorises-la-sfbt-accelere-sa-transition-ecologique-en-2025\/\" title=\"63 181 m\u00b3 d\u2019eau sauv\u00e9s et 87,47 % de d\u00e9chets valoris\u00e9s : la SFBT acc\u00e9l\u00e8re sa transition \u00e9cologique en 2025\"><\/a>\n\n                        <div  data-bgset=\"https:\/\/realites.com.tn\/fr\/wp-content\/uploads\/2026\/09\/sfbt-1.webp\" data_bg_hidpi=\"https:\/\/realites.com.tn\/fr\/wp-content\/uploads\/2026\/09\/sfbt-1.webp\" class=\"penci-lazy penci-image-holder\">\n                                                    <\/div>\n\n                <\/div>\n            <\/div>\n            <div class=\"pcbg-content\">\n                <div class=\"pcbg-content-flex\">\n                    <a class=\"pcbg-bgoverlay\"\n                       href=\"https:\/\/realites.com.tn\/fr\/63-181-m%c2%b3-deau-sauves-et-8747-de-dechets-valorises-la-sfbt-accelere-sa-transition-ecologique-en-2025\/\" title=\"63 181 m\u00b3 d\u2019eau sauv\u00e9s et 87,47 % de d\u00e9chets valoris\u00e9s : la SFBT acc\u00e9l\u00e8re sa transition \u00e9cologique en 2025\"><\/a>\n                    <div class=\"pcbg-content-inner bgcontent-block\">\n                        <a href=\"https:\/\/realites.com.tn\/fr\/63-181-m%c2%b3-deau-sauves-et-8747-de-dechets-valorises-la-sfbt-accelere-sa-transition-ecologique-en-2025\/\" title=\"63 181 m\u00b3 d\u2019eau sauv\u00e9s et 87,47 % de d\u00e9chets valoris\u00e9s : la SFBT acc\u00e9l\u00e8re sa transition \u00e9cologique en 2025\"\n                           class=\"pcbg-bgoverlaytext active-overlay item-hover\"><\/a>\n\n\t\t\t\t\t\t\n\t\t\t\t\t\t                            <div class=\"pcbg-heading item-hover\">\n                                <h3 class=\"pcbg-title\" title=\"63 181 m\u00b3 d\u2019eau sauv\u00e9s et 87,47 % de d\u00e9chets valoris\u00e9s : la SFBT acc\u00e9l\u00e8re sa transition \u00e9cologique en 2025\">\n                                    <a href=\"https:\/\/realites.com.tn\/fr\/63-181-m%c2%b3-deau-sauves-et-8747-de-dechets-valorises-la-sfbt-accelere-sa-transition-ecologique-en-2025\/\">\n\t\t\t\t\t\t\t\t\t\t63 181 m\u00b3 d\u2019eau sauv\u00e9s et 87,47...                                    <\/a>\n                                <\/h3>\n                            <\/div>\n\t\t\t\t\t\t\n\t\t\t\t\t\t                            <div class=\"grid-post-box-meta pcbg-meta item-hover\">\n                                <div class=\"pcbg-meta-desc\">\n\t\t\t\t\t\t\t\t\t\t\t\t\t\t\t\t\t\t                                        <span class=\"bg-date\"><time class=\"entry-date published\" datetime=\"2026-09-02T13:14:44+01:00\">02-09-2026<\/time><\/span>\n\t\t\t\t\t\t\t\t\t\t\t\t\t\t\t\t\t\t\t\t\t\t\t\t\t\t\t\t\t\t\t\t\t\t\t\t\t\t\t\t\t\t\t\t\t                                <\/div>\n\t\t\t\t\t\t\t\t                            <\/div>\n\t\t\t\t\t\t\n\t\t\t\t\t\t                    <\/div>\n                <\/div>\n            <\/div>\n        <\/div>\n    <\/div>\n<\/div>\n<\/div>                <\/div>\n\t\t\t\t            <\/div>\n        <\/div>\n\t\t\t\t\t\t<\/div>\n\t\t\t\t<\/div>\n\t\t\t\t<div class=\"elementor-element elementor-element-756f58ea elementor-widget-divider--view-line elementor-widget elementor-widget-divider\" data-id=\"756f58ea\" data-element_type=\"widget\" data-widget_type=\"divider.default\">\n\t\t\t\t<div class=\"elementor-widget-container\">\n\t\t\t\t\t\t\t<div class=\"elementor-divider\">\n\t\t\t<span class=\"elementor-divider-separator\">\n\t\t\t\t\t\t<\/span>\n\t\t<\/div>\n\t\t\t\t\t\t<\/div>\n\t\t\t\t<\/div>\n\t\t\t\t<div class=\"elementor-element elementor-element-246274c8 section4 elementor-widget elementor-widget-penci-small-list\" data-id=\"246274c8\" data-element_type=\"widget\" data-widget_type=\"penci-small-list.default\">\n\t\t\t\t<div class=\"elementor-widget-container\">\n\t\t\t\t\t<script>if( typeof(penciBlock) === \"undefined\" ) {function penciBlock() { this.atts_json = ''; this.content = ''; }}var penciBlocksArray = penciBlocksArray || [];var PENCILOCALCACHE = PENCILOCALCACHE || {};var pcblock_4641 = new penciBlock();pcblock_4641.blockID=\"pcblock_4641\";pcblock_4641.atts_json = '{\"type\":\"grid\",\"dformat\":\"\",\"date_pos\":\"left\",\"column\":\"1\",\"tab_column\":\"1\",\"mb_column\":\"\",\"imgpos\":\"left\",\"thumb_size\":\"\",\"mthumb_size\":\"\",\"post_meta\":[\"title\",\"date\"],\"primary_cat\":\"\",\"title_length\":8,\"excerpt_pos\":\"below\",\"rmstyle\":\"filled\",\"excerpt_length\":15,\"nocrop\":\"\",\"hide_cat_mobile\":\"\",\"hide_meta_mobile\":\"\",\"hide_excerpt_mobile\":\"\",\"hide_rm_mobile\":\"\",\"imgtop_mobile\":\"\",\"ver_border\":\"\",\"hide_thumb\":\"\",\"show_reviewpie\":\"\",\"show_formaticon\":\"\",\"disable_lazy\":\"\",\"show_excerpt\":\"\",\"show_readmore\":\"\",\"query\":{\"orderby\":\"date\",\"order\":\"desc\",\"ignore_sticky_posts\":1,\"post_status\":\"publish\",\"post__not_in\":[],\"post_type\":\"post\",\"posts_per_page\":2,\"tax_query\":[{\"taxonomy\":\"category\",\"field\":\"term_id\",\"terms\":[\"1464\"]}],\"offset\":1},\"category_ids\":\"\",\"taxonomy\":\"\"}';penciBlocksArray.push(pcblock_4641);<\/script>        <div class=\"penci-wrapper-smalllist\">\n\t\t\t\t\t\t            <div class=\"penci-smalllist-wrapper\">\n\t\t\t\t                    <div class=\"penci-smalllist pcsl-wrapper pwsl-id-default\">\n                        <div class=\"pcsl-inner penci-clearfix pcsl-grid pcsl-imgpos-left pcsl-col-1 pcsl-tabcol-1 pcsl-mobcol-1\">\n\t\t\t\t\t\t\t\t\t\t\t\t\t\t\t\t\t\t\t\t\t\t\t\t                                    <div class=\"pcsl-item\">\n                                        <div class=\"pcsl-itemin\">\n                                            <div class=\"pcsl-iteminer\">\n\t\t\t\t\t\t\t\t\t\t\t\t\n\t\t\t\t\t\t\t\t\t\t\t\t                                                    <div class=\"pcsl-thumb\">\n\t\t\t\t\t\t\t\t\t\t\t\t\t\t\t\t\t\t\t\t\t\t\t\t\t\t\t\t                                                            <a  data-bgset=\"https:\/\/realites.com.tn\/fr\/wp-content\/uploads\/2026\/09\/jupdlc-kantar-brandz-2026-valeur-marques-mondiales-263x175.webp\" href=\"https:\/\/realites.com.tn\/fr\/iqos-parmi-les-marques-mondiales-les-plus-valorisees-selon-le-classement-brandz-2026-de-kantar\/\"\n                                                               title=\"IQOS parmi les marques mondiales les plus valoris\u00e9es selon le classement BrandZ 2026 de Kantar\"\n                                                               class=\"penci-lazy penci-image-holder\">\n\t                                                                                                                        <\/a>\n\n                                                    <\/div>\n\t\t\t\t\t\t\t\t\t\t\t\t                                                <div class=\"pcsl-content\">\n\t\t\t\t\t\t\t\t\t\t\t\t\t\n\t\t\t\t\t\t\t\t\t\t\t\t\t                                                        <div class=\"pcsl-title\">\n                                                            <a href=\"https:\/\/realites.com.tn\/fr\/iqos-parmi-les-marques-mondiales-les-plus-valorisees-selon-le-classement-brandz-2026-de-kantar\/\" title=\"IQOS parmi les marques mondiales les plus valoris\u00e9es selon le classement BrandZ 2026 de Kantar\">IQOS parmi les marques mondiales les plus valoris\u00e9es...<\/a>\n                                                        <\/div>\n\t\t\t\t\t\t\t\t\t\t\t\t\t\n\t\t\t\t\t\t\t\t\t\t\t\t\t                                                        <div class=\"grid-post-box-meta pcsl-meta\">\n\t\t\t\t\t\t\t\t\t\t\t\t\t\t\t\t\t\t\t\t\t\t\t\t\t\t\t\t\t\t                                                                <span class=\"sl-date\"><time class=\"entry-date published\" datetime=\"2026-09-01T14:05:34+01:00\">01-09-2026<\/time><\/span>\n\t\t\t\t\t\t\t\t\t\t\t\t\t\t\t\t\t\t\t\t\t\t\t\t\t\t\t\t\t\t\t\t\t\t\t\t\t\t\t\t\t\t\t\t\t\t\t\t\t\t\t\t\t\t\t\t\t\t\t\t\t\t\t\t\t\t\t\t\t\t\t\t\t\t\t                                                        <\/div>\n\t\t\t\t\t\t\t\t\t\t\t\t\t\n\t\t\t\t\t\t\t\t\t\t\t\t\t\t\t\t\t\t\t\t\t\t\t\t\t\t\n                                                <\/div>\n\n\t\t\t\t\t\t\t\t\t\t\t\t                                            <\/div>\n                                        <\/div>\n                                    <\/div>\n                                \t\t\t\t\t\t\t\t\t\t\t\t\t\t\t\t\t                                    <div class=\"pcsl-item\">\n                                        <div class=\"pcsl-itemin\">\n                                            <div class=\"pcsl-iteminer\">\n\t\t\t\t\t\t\t\t\t\t\t\t\n\t\t\t\t\t\t\t\t\t\t\t\t                                                    <div class=\"pcsl-thumb\">\n\t\t\t\t\t\t\t\t\t\t\t\t\t\t\t\t\t\t\t\t\t\t\t\t\t\t\t\t                                                            <a  data-bgset=\"https:\/\/realites.com.tn\/fr\/wp-content\/uploads\/2026\/08\/certificat_RA3-263x175.jpeg\" href=\"https:\/\/realites.com.tn\/fr\/tav-tunisie-obtient-la-certification-ra3-pour-ses-operations-de-fret-a-laeroport-international-enfidha-hammamet\/\"\n                                                               title=\"TAV Tunisie obtient la certification RA3 pour ses op\u00e9rations de fret \u00e0 l&rsquo;A\u00e9roport International Enfidha\u2013Hammamet\"\n                                                               class=\"penci-lazy penci-image-holder\">\n\t                                                                                                                        <\/a>\n\n                                                    <\/div>\n\t\t\t\t\t\t\t\t\t\t\t\t                                                <div class=\"pcsl-content\">\n\t\t\t\t\t\t\t\t\t\t\t\t\t\n\t\t\t\t\t\t\t\t\t\t\t\t\t                                                        <div class=\"pcsl-title\">\n                                                            <a href=\"https:\/\/realites.com.tn\/fr\/tav-tunisie-obtient-la-certification-ra3-pour-ses-operations-de-fret-a-laeroport-international-enfidha-hammamet\/\" title=\"TAV Tunisie obtient la certification RA3 pour ses op\u00e9rations de fret \u00e0 l&rsquo;A\u00e9roport International Enfidha\u2013Hammamet\">TAV Tunisie obtient la certification RA3 pour ses...<\/a>\n                                                        <\/div>\n\t\t\t\t\t\t\t\t\t\t\t\t\t\n\t\t\t\t\t\t\t\t\t\t\t\t\t                                                        <div class=\"grid-post-box-meta pcsl-meta\">\n\t\t\t\t\t\t\t\t\t\t\t\t\t\t\t\t\t\t\t\t\t\t\t\t\t\t\t\t\t\t                                                                <span class=\"sl-date\"><time class=\"entry-date published\" datetime=\"2026-08-31T15:34:42+01:00\">31-08-2026<\/time><\/span>\n\t\t\t\t\t\t\t\t\t\t\t\t\t\t\t\t\t\t\t\t\t\t\t\t\t\t\t\t\t\t\t\t\t\t\t\t\t\t\t\t\t\t\t\t\t\t\t\t\t\t\t\t\t\t\t\t\t\t\t\t\t\t\t\t\t\t\t\t\t\t\t\t\t\t\t                                                        <\/div>\n\t\t\t\t\t\t\t\t\t\t\t\t\t\n\t\t\t\t\t\t\t\t\t\t\t\t\t\t\t\t\t\t\t\t\t\t\t\t\t\t\n                                                <\/div>\n\n\t\t\t\t\t\t\t\t\t\t\t\t                                            <\/div>\n                                        <\/div>\n                                    <\/div>\n                                \t\t\t\t\t\t\t\t\t\t\t\t\t\t\t\t                        <\/div>\n\n\t\t\t\t\t\t\n                    <\/div>\n\t\t\t\t\t            <\/div>\n        <\/div>\n\t\t\t\t\t\t<\/div>\n\t\t\t\t<\/div>\n\t\t\t\t\t<\/div>\n\t\t<\/div>\n\t\t\t\t<div class=\"penci-ercol-25 penci-ercol-order-3 penci-sticky-sb penci-sidebarSC   elementor-column elementor-col-25 elementor-top-column elementor-element elementor-element-525e7163\" data-id=\"525e7163\" data-element_type=\"column\">\n\t\t\t<div class=\"elementor-widget-wrap elementor-element-populated\">\n\t\t\t\t\t\t<div class=\"elementor-element elementor-element-1d175f20 elementor-widget elementor-widget-penci-block-heading\" data-id=\"1d175f20\" data-element_type=\"widget\" data-widget_type=\"penci-block-heading.default\">\n\t\t\t\t<div class=\"elementor-widget-container\">\n\t\t\t\t\t\t\t<div class=\"penciel-bheading penci-border-arrow penci-homepage-title penci-home-latest-posts style-15 pcalign-left pciconp-left pcicon-right block-title-icon-left\">\n\t\t\t<h3 class=\"inner-arrow\">\n\t\t\t\t<span>\n\t\t\t\t<a href=\"https:\/\/realites.com.tn\/fr\/category\/culture\/\">CULTURE<\/a>\t\t\t\t<\/span>\n\t\t\t<\/h3>\n\t\t\t\t\t<\/div>\n\t\t\t\t\t\t<\/div>\n\t\t\t\t<\/div>\n\t\t\t\t<div class=\"elementor-element elementor-element-77b98776 bgitem-section4 elementor-widget elementor-widget-penci-big-grid\" data-id=\"77b98776\" data-element_type=\"widget\" data-widget_type=\"penci-big-grid.default\">\n\t\t\t\t<div class=\"elementor-widget-container\">\n\t\t\t\t\t        <div class=\"penci-clearfix penci-biggrid-wrapper penci-grid-col-1 penci-grid-mcol-1 penci-bgrid-based-post penci-bgrid-style-1 pcbg-ficonpo-top-right pcbg-reiconpo-top-left penci-bgrid-content-below pencibg-imageh-none pencibg-texth-none pencibg-textani-movetop textop\">\n\t\t\t            <div class=\"penci-clearfix penci-biggrid penci-bgstyle-1 penci-bgel\">\n                <div class=\"penci-biggrid-inner default\">\n\t\t\t\t\t<div class=\"penci-clearfix penci-biggrid-data penci-dflex\"><div class=\"penci-bgitem\">\n    <div class=\"penci-bgitin\">\n        <div class=\"penci-bgmain\">\n            <div class=\"pcbg-thumb\">\n\t\t\t\t\t\t\t\t                <div class=\"pcbg-thumbin\">\n                    <a class=\"pcbg-bgoverlay\"\n                       href=\"https:\/\/realites.com.tn\/fr\/26e-edition-du-festival-arabe-de-la-radio-et-de-la-television-les-medias-face-aux-mutations-numeriques\/\" title=\"26e \u00e9dition du Festival arabe de la radio et de la t\u00e9l\u00e9vision : les m\u00e9dias face aux mutations num\u00e9riques\"><\/a>\n\n                        <div  data-bgset=\"https:\/\/realites.com.tn\/fr\/wp-content\/uploads\/2026\/05\/asbu.jpg\" data_bg_hidpi=\"https:\/\/realites.com.tn\/fr\/wp-content\/uploads\/2026\/05\/asbu.jpg\" class=\"penci-lazy penci-image-holder\">\n                                                    <\/div>\n\n                <\/div>\n            <\/div>\n            <div class=\"pcbg-content\">\n                <div class=\"pcbg-content-flex\">\n                    <a class=\"pcbg-bgoverlay\"\n                       href=\"https:\/\/realites.com.tn\/fr\/26e-edition-du-festival-arabe-de-la-radio-et-de-la-television-les-medias-face-aux-mutations-numeriques\/\" title=\"26e \u00e9dition du Festival arabe de la radio et de la t\u00e9l\u00e9vision : les m\u00e9dias face aux mutations num\u00e9riques\"><\/a>\n                    <div class=\"pcbg-content-inner bgcontent-block\">\n                        <a href=\"https:\/\/realites.com.tn\/fr\/26e-edition-du-festival-arabe-de-la-radio-et-de-la-television-les-medias-face-aux-mutations-numeriques\/\" title=\"26e \u00e9dition du Festival arabe de la radio et de la t\u00e9l\u00e9vision : les m\u00e9dias face aux mutations num\u00e9riques\"\n                           class=\"pcbg-bgoverlaytext active-overlay item-hover\"><\/a>\n\n\t\t\t\t\t\t\n\t\t\t\t\t\t                            <div class=\"pcbg-heading item-hover\">\n                                <h3 class=\"pcbg-title\" title=\"26e \u00e9dition du Festival arabe de la radio et de la t\u00e9l\u00e9vision : les m\u00e9dias face aux mutations num\u00e9riques\">\n                                    <a href=\"https:\/\/realites.com.tn\/fr\/26e-edition-du-festival-arabe-de-la-radio-et-de-la-television-les-medias-face-aux-mutations-numeriques\/\">\n\t\t\t\t\t\t\t\t\t\t26e \u00e9dition du Festival arabe de la...                                    <\/a>\n                                <\/h3>\n                            <\/div>\n\t\t\t\t\t\t\n\t\t\t\t\t\t                            <div class=\"grid-post-box-meta pcbg-meta item-hover\">\n                                <div class=\"pcbg-meta-desc\">\n\t\t\t\t\t\t\t\t\t\t\t\t\t\t\t\t\t\t                                        <span class=\"bg-date\"><time class=\"entry-date published\" datetime=\"2026-09-03T00:00:49+01:00\">03-09-2026<\/time><\/span>\n\t\t\t\t\t\t\t\t\t\t\t\t\t\t\t\t\t\t\t\t\t\t\t\t\t\t\t\t\t\t\t\t\t\t\t\t\t\t\t\t\t\t\t\t\t                                <\/div>\n\t\t\t\t\t\t\t\t                            <\/div>\n\t\t\t\t\t\t\n\t\t\t\t\t\t                    <\/div>\n                <\/div>\n            <\/div>\n        <\/div>\n    <\/div>\n<\/div>\n<\/div>                <\/div>\n\t\t\t\t            <\/div>\n        <\/div>\n\t\t\t\t\t\t<\/div>\n\t\t\t\t<\/div>\n\t\t\t\t<div class=\"elementor-element elementor-element-60f5e9d6 elementor-widget-divider--view-line elementor-widget elementor-widget-divider\" data-id=\"60f5e9d6\" data-element_type=\"widget\" data-widget_type=\"divider.default\">\n\t\t\t\t<div class=\"elementor-widget-container\">\n\t\t\t\t\t\t\t<div class=\"elementor-divider\">\n\t\t\t<span class=\"elementor-divider-separator\">\n\t\t\t\t\t\t<\/span>\n\t\t<\/div>\n\t\t\t\t\t\t<\/div>\n\t\t\t\t<\/div>\n\t\t\t\t<div class=\"elementor-element elementor-element-a83cf3f section4 elementor-widget elementor-widget-penci-small-list\" data-id=\"a83cf3f\" data-element_type=\"widget\" data-widget_type=\"penci-small-list.default\">\n\t\t\t\t<div class=\"elementor-widget-container\">\n\t\t\t\t\t<script>if( typeof(penciBlock) === \"undefined\" ) {function penciBlock() { this.atts_json = ''; this.content = ''; }}var penciBlocksArray = penciBlocksArray || [];var PENCILOCALCACHE = PENCILOCALCACHE || {};var pcblock_2165 = new penciBlock();pcblock_2165.blockID=\"pcblock_2165\";pcblock_2165.atts_json = '{\"type\":\"grid\",\"dformat\":\"\",\"date_pos\":\"left\",\"column\":\"1\",\"tab_column\":\"1\",\"mb_column\":\"\",\"imgpos\":\"left\",\"thumb_size\":\"\",\"mthumb_size\":\"\",\"post_meta\":[\"title\",\"date\"],\"primary_cat\":\"\",\"title_length\":8,\"excerpt_pos\":\"below\",\"rmstyle\":\"filled\",\"excerpt_length\":15,\"nocrop\":\"\",\"hide_cat_mobile\":\"\",\"hide_meta_mobile\":\"\",\"hide_excerpt_mobile\":\"\",\"hide_rm_mobile\":\"\",\"imgtop_mobile\":\"\",\"ver_border\":\"\",\"hide_thumb\":\"\",\"show_reviewpie\":\"\",\"show_formaticon\":\"\",\"disable_lazy\":\"\",\"show_excerpt\":\"\",\"show_readmore\":\"\",\"query\":{\"orderby\":\"date\",\"order\":\"desc\",\"ignore_sticky_posts\":1,\"post_status\":\"publish\",\"post__not_in\":[],\"post_type\":\"post\",\"posts_per_page\":2,\"tax_query\":[{\"taxonomy\":\"category\",\"field\":\"term_id\",\"terms\":[\"8\"]}],\"offset\":1},\"category_ids\":\"\",\"taxonomy\":\"\"}';penciBlocksArray.push(pcblock_2165);<\/script>        <div class=\"penci-wrapper-smalllist\">\n\t\t\t\t\t\t            <div class=\"penci-smalllist-wrapper\">\n\t\t\t\t                    <div class=\"penci-smalllist pcsl-wrapper pwsl-id-default\">\n                        <div class=\"pcsl-inner penci-clearfix pcsl-grid pcsl-imgpos-left pcsl-col-1 pcsl-tabcol-1 pcsl-mobcol-1\">\n\t\t\t\t\t\t\t\t\t\t\t\t\t\t\t\t\t\t\t\t\t\t\t\t                                    <div class=\"pcsl-item\">\n                                        <div class=\"pcsl-itemin\">\n                                            <div class=\"pcsl-iteminer\">\n\t\t\t\t\t\t\t\t\t\t\t\t\n\t\t\t\t\t\t\t\t\t\t\t\t                                                    <div class=\"pcsl-thumb\">\n\t\t\t\t\t\t\t\t\t\t\t\t\t\t\t\t\t\t\t\t\t\t\t\t\t\t\t\t                                                            <a  data-bgset=\"https:\/\/realites.com.tn\/fr\/wp-content\/uploads\/2026\/08\/770758983_1608389177512383_5447635982354954738_n-1-263x175.jpg\" href=\"https:\/\/realites.com.tn\/fr\/kelibia-le-palmares-de-la-39e-edition-du-festival-international-du-film-amateur\/\"\n                                                               title=\"K\u00e9libia : le palmar\u00e8s de la 39e \u00e9dition du Festival international du film amateur\"\n                                                               class=\"penci-lazy penci-image-holder\">\n\t                                                                                                                        <\/a>\n\n                                                    <\/div>\n\t\t\t\t\t\t\t\t\t\t\t\t                                                <div class=\"pcsl-content\">\n\t\t\t\t\t\t\t\t\t\t\t\t\t\n\t\t\t\t\t\t\t\t\t\t\t\t\t                                                        <div class=\"pcsl-title\">\n                                                            <a href=\"https:\/\/realites.com.tn\/fr\/kelibia-le-palmares-de-la-39e-edition-du-festival-international-du-film-amateur\/\" title=\"K\u00e9libia : le palmar\u00e8s de la 39e \u00e9dition du Festival international du film amateur\">K\u00e9libia : le palmar\u00e8s de la 39e \u00e9dition...<\/a>\n                                                        <\/div>\n\t\t\t\t\t\t\t\t\t\t\t\t\t\n\t\t\t\t\t\t\t\t\t\t\t\t\t                                                        <div class=\"grid-post-box-meta pcsl-meta\">\n\t\t\t\t\t\t\t\t\t\t\t\t\t\t\t\t\t\t\t\t\t\t\t\t\t\t\t\t\t\t                                                                <span class=\"sl-date\"><time class=\"entry-date published\" datetime=\"2026-08-30T11:22:50+01:00\">30-08-2026<\/time><\/span>\n\t\t\t\t\t\t\t\t\t\t\t\t\t\t\t\t\t\t\t\t\t\t\t\t\t\t\t\t\t\t\t\t\t\t\t\t\t\t\t\t\t\t\t\t\t\t\t\t\t\t\t\t\t\t\t\t\t\t\t\t\t\t\t\t\t\t\t\t\t\t\t\t\t\t\t                                                        <\/div>\n\t\t\t\t\t\t\t\t\t\t\t\t\t\n\t\t\t\t\t\t\t\t\t\t\t\t\t\t\t\t\t\t\t\t\t\t\t\t\t\t\n                                                <\/div>\n\n\t\t\t\t\t\t\t\t\t\t\t\t                                            <\/div>\n                                        <\/div>\n                                    <\/div>\n                                \t\t\t\t\t\t\t\t\t\t\t\t\t\t\t\t\t                                    <div class=\"pcsl-item\">\n                                        <div class=\"pcsl-itemin\">\n                                            <div class=\"pcsl-iteminer\">\n\t\t\t\t\t\t\t\t\t\t\t\t\n\t\t\t\t\t\t\t\t\t\t\t\t                                                    <div class=\"pcsl-thumb\">\n\t\t\t\t\t\t\t\t\t\t\t\t\t\t\t\t\t\t\t\t\t\t\t\t\t\t\t\t                                                            <a  data-bgset=\"https:\/\/realites.com.tn\/fr\/wp-content\/uploads\/2026\/08\/jmc-263x175.jpg\" href=\"https:\/\/realites.com.tn\/fr\/les-journees-musicales-de-carthage-2026-du-3-au-10-octobre-2026-ce-que-lon-sait\/\"\n                                                               title=\"Les Journ\u00e9es Musicales de Carthage 2026 du 3 au 10 octobre 2026: ce que l&rsquo;on sait\"\n                                                               class=\"penci-lazy penci-image-holder\">\n\t                                                                                                                        <\/a>\n\n                                                    <\/div>\n\t\t\t\t\t\t\t\t\t\t\t\t                                                <div class=\"pcsl-content\">\n\t\t\t\t\t\t\t\t\t\t\t\t\t\n\t\t\t\t\t\t\t\t\t\t\t\t\t                                                        <div class=\"pcsl-title\">\n                                                            <a href=\"https:\/\/realites.com.tn\/fr\/les-journees-musicales-de-carthage-2026-du-3-au-10-octobre-2026-ce-que-lon-sait\/\" title=\"Les Journ\u00e9es Musicales de Carthage 2026 du 3 au 10 octobre 2026: ce que l&rsquo;on sait\">Les Journ\u00e9es Musicales de Carthage 2026 du 3...<\/a>\n                                                        <\/div>\n\t\t\t\t\t\t\t\t\t\t\t\t\t\n\t\t\t\t\t\t\t\t\t\t\t\t\t                                                        <div class=\"grid-post-box-meta pcsl-meta\">\n\t\t\t\t\t\t\t\t\t\t\t\t\t\t\t\t\t\t\t\t\t\t\t\t\t\t\t\t\t\t                                                                <span class=\"sl-date\"><time class=\"entry-date published\" datetime=\"2026-08-29T09:13:00+01:00\">29-08-2026<\/time><\/span>\n\t\t\t\t\t\t\t\t\t\t\t\t\t\t\t\t\t\t\t\t\t\t\t\t\t\t\t\t\t\t\t\t\t\t\t\t\t\t\t\t\t\t\t\t\t\t\t\t\t\t\t\t\t\t\t\t\t\t\t\t\t\t\t\t\t\t\t\t\t\t\t\t\t\t\t                                                        <\/div>\n\t\t\t\t\t\t\t\t\t\t\t\t\t\n\t\t\t\t\t\t\t\t\t\t\t\t\t\t\t\t\t\t\t\t\t\t\t\t\t\t\n                                                <\/div>\n\n\t\t\t\t\t\t\t\t\t\t\t\t                                            <\/div>\n                                        <\/div>\n                                    <\/div>\n                                \t\t\t\t\t\t\t\t\t\t\t\t\t\t\t\t                        <\/div>\n\n\t\t\t\t\t\t\n                    <\/div>\n\t\t\t\t\t            <\/div>\n        <\/div>\n\t\t\t\t\t\t<\/div>\n\t\t\t\t<\/div>\n\t\t\t\t\t<\/div>\n\t\t<\/div>\n\t\t\t\t<div class=\"penci-ercol-25 penci-ercol-order-4 penci-sticky-sb penci-sidebarSC   elementor-column elementor-col-25 elementor-top-column elementor-element elementor-element-27344ab8\" data-id=\"27344ab8\" data-element_type=\"column\">\n\t\t\t<div class=\"elementor-widget-wrap elementor-element-populated\">\n\t\t\t\t\t\t<div class=\"elementor-element elementor-element-4304b98c elementor-widget elementor-widget-penci-block-heading\" data-id=\"4304b98c\" data-element_type=\"widget\" data-widget_type=\"penci-block-heading.default\">\n\t\t\t\t<div class=\"elementor-widget-container\">\n\t\t\t\t\t\t\t<div class=\"penciel-bheading penci-border-arrow penci-homepage-title penci-home-latest-posts style-15 pcalign-left pciconp-left pcicon-right block-title-icon-left\">\n\t\t\t<h3 class=\"inner-arrow\">\n\t\t\t\t<span>\n\t\t\t\t<a href=\"https:\/\/realites.com.tn\/fr\/category\/monde\/\">Monde<\/a>\t\t\t\t<\/span>\n\t\t\t<\/h3>\n\t\t\t\t\t<\/div>\n\t\t\t\t\t\t<\/div>\n\t\t\t\t<\/div>\n\t\t\t\t<div class=\"elementor-element elementor-element-6bd7102d elementor-widget elementor-widget-penci-big-grid\" data-id=\"6bd7102d\" data-element_type=\"widget\" data-widget_type=\"penci-big-grid.default\">\n\t\t\t\t<div class=\"elementor-widget-container\">\n\t\t\t\t\t        <div class=\"penci-clearfix penci-biggrid-wrapper penci-grid-col-1 penci-grid-mcol-1 penci-bgrid-based-post penci-bgrid-style-1 pcbg-ficonpo-top-right pcbg-reiconpo-top-left penci-bgrid-content-below pencibg-imageh-none pencibg-texth-none pencibg-textani-movetop textop\">\n\t\t\t            <div class=\"penci-clearfix penci-biggrid penci-bgstyle-1 penci-bgel\">\n                <div class=\"penci-biggrid-inner default\">\n\t\t\t\t\t<div class=\"penci-clearfix penci-biggrid-data penci-dflex\"><div class=\"penci-bgitem\">\n    <div class=\"penci-bgitin\">\n        <div class=\"penci-bgmain\">\n            <div class=\"pcbg-thumb\">\n\t\t\t\t\t\t\t\t                <div class=\"pcbg-thumbin\">\n                    <a class=\"pcbg-bgoverlay\"\n                       href=\"https:\/\/realites.com.tn\/fr\/la-france-denonce-les-actions-hybrides-russes-et-convoque-le-charge-daffaires-de-moscou\/\" title=\"La France d\u00e9nonce les actions hybrides russes et convoque le charg\u00e9 d\u2019affaires de Moscou\"><\/a>\n\n                        <div  data-bgset=\"https:\/\/realites.com.tn\/fr\/wp-content\/uploads\/2026\/09\/france-russie.jpeg\" data_bg_hidpi=\"https:\/\/realites.com.tn\/fr\/wp-content\/uploads\/2026\/09\/france-russie.jpeg\" class=\"penci-lazy penci-image-holder\">\n                                                    <\/div>\n\n                <\/div>\n            <\/div>\n            <div class=\"pcbg-content\">\n                <div class=\"pcbg-content-flex\">\n                    <a class=\"pcbg-bgoverlay\"\n                       href=\"https:\/\/realites.com.tn\/fr\/la-france-denonce-les-actions-hybrides-russes-et-convoque-le-charge-daffaires-de-moscou\/\" title=\"La France d\u00e9nonce les actions hybrides russes et convoque le charg\u00e9 d\u2019affaires de Moscou\"><\/a>\n                    <div class=\"pcbg-content-inner bgcontent-block\">\n                        <a href=\"https:\/\/realites.com.tn\/fr\/la-france-denonce-les-actions-hybrides-russes-et-convoque-le-charge-daffaires-de-moscou\/\" title=\"La France d\u00e9nonce les actions hybrides russes et convoque le charg\u00e9 d\u2019affaires de Moscou\"\n                           class=\"pcbg-bgoverlaytext active-overlay item-hover\"><\/a>\n\n\t\t\t\t\t\t\n\t\t\t\t\t\t                            <div class=\"pcbg-heading item-hover\">\n                                <h3 class=\"pcbg-title\" title=\"La France d\u00e9nonce les actions hybrides russes et convoque le charg\u00e9 d\u2019affaires de Moscou\">\n                                    <a href=\"https:\/\/realites.com.tn\/fr\/la-france-denonce-les-actions-hybrides-russes-et-convoque-le-charge-daffaires-de-moscou\/\">\n\t\t\t\t\t\t\t\t\t\tLa France d\u00e9nonce les actions hybrides russes...                                    <\/a>\n                                <\/h3>\n                            <\/div>\n\t\t\t\t\t\t\n\t\t\t\t\t\t                            <div class=\"grid-post-box-meta pcbg-meta item-hover\">\n                                <div class=\"pcbg-meta-desc\">\n\t\t\t\t\t\t\t\t\t\t\t\t\t\t\t\t\t\t                                        <span class=\"bg-date\"><time class=\"entry-date published\" datetime=\"2026-09-02T12:26:55+01:00\">02-09-2026<\/time><\/span>\n\t\t\t\t\t\t\t\t\t\t\t\t\t\t\t\t\t\t\t\t\t\t\t\t\t\t\t\t\t\t\t\t\t\t\t\t\t\t\t\t\t\t\t\t\t                                <\/div>\n\t\t\t\t\t\t\t\t                            <\/div>\n\t\t\t\t\t\t\n\t\t\t\t\t\t                    <\/div>\n                <\/div>\n            <\/div>\n        <\/div>\n    <\/div>\n<\/div>\n<\/div>                <\/div>\n\t\t\t\t            <\/div>\n        <\/div>\n\t\t\t\t\t\t<\/div>\n\t\t\t\t<\/div>\n\t\t\t\t<div class=\"elementor-element elementor-element-78417638 elementor-widget-divider--view-line elementor-widget elementor-widget-divider\" data-id=\"78417638\" data-element_type=\"widget\" data-widget_type=\"divider.default\">\n\t\t\t\t<div class=\"elementor-widget-container\">\n\t\t\t\t\t\t\t<div class=\"elementor-divider\">\n\t\t\t<span class=\"elementor-divider-separator\">\n\t\t\t\t\t\t<\/span>\n\t\t<\/div>\n\t\t\t\t\t\t<\/div>\n\t\t\t\t<\/div>\n\t\t\t\t<div class=\"elementor-element elementor-element-2fa4302a section4 elementor-widget elementor-widget-penci-small-list\" data-id=\"2fa4302a\" data-element_type=\"widget\" data-widget_type=\"penci-small-list.default\">\n\t\t\t\t<div class=\"elementor-widget-container\">\n\t\t\t\t\t<script>if( typeof(penciBlock) === \"undefined\" ) {function penciBlock() { this.atts_json = ''; this.content = ''; }}var penciBlocksArray = penciBlocksArray || [];var PENCILOCALCACHE = PENCILOCALCACHE || {};var pcblock_7526 = new penciBlock();pcblock_7526.blockID=\"pcblock_7526\";pcblock_7526.atts_json = '{\"type\":\"grid\",\"dformat\":\"\",\"date_pos\":\"left\",\"column\":\"1\",\"tab_column\":\"1\",\"mb_column\":\"\",\"imgpos\":\"left\",\"thumb_size\":\"\",\"mthumb_size\":\"\",\"post_meta\":[\"title\",\"date\"],\"primary_cat\":\"\",\"title_length\":8,\"excerpt_pos\":\"below\",\"rmstyle\":\"filled\",\"excerpt_length\":15,\"nocrop\":\"\",\"hide_cat_mobile\":\"\",\"hide_meta_mobile\":\"\",\"hide_excerpt_mobile\":\"\",\"hide_rm_mobile\":\"\",\"imgtop_mobile\":\"\",\"ver_border\":\"\",\"hide_thumb\":\"\",\"show_reviewpie\":\"\",\"show_formaticon\":\"\",\"disable_lazy\":\"\",\"show_excerpt\":\"\",\"show_readmore\":\"\",\"query\":{\"orderby\":\"date\",\"order\":\"desc\",\"ignore_sticky_posts\":1,\"post_status\":\"publish\",\"post__not_in\":[],\"post_type\":\"post\",\"posts_per_page\":2,\"tax_query\":[{\"taxonomy\":\"category\",\"field\":\"term_id\",\"terms\":[\"7\"]}],\"offset\":1},\"category_ids\":\"\",\"taxonomy\":\"\"}';penciBlocksArray.push(pcblock_7526);<\/script>        <div class=\"penci-wrapper-smalllist\">\n\t\t\t\t\t\t            <div class=\"penci-smalllist-wrapper\">\n\t\t\t\t                    <div class=\"penci-smalllist pcsl-wrapper pwsl-id-default\">\n                        <div class=\"pcsl-inner penci-clearfix pcsl-grid pcsl-imgpos-left pcsl-col-1 pcsl-tabcol-1 pcsl-mobcol-1\">\n\t\t\t\t\t\t\t\t\t\t\t\t\t\t\t\t\t\t\t\t\t\t\t\t                                    <div class=\"pcsl-item\">\n                                        <div class=\"pcsl-itemin\">\n                                            <div class=\"pcsl-iteminer\">\n\t\t\t\t\t\t\t\t\t\t\t\t\n\t\t\t\t\t\t\t\t\t\t\t\t                                                    <div class=\"pcsl-thumb\">\n\t\t\t\t\t\t\t\t\t\t\t\t\t\t\t\t\t\t\t\t\t\t\t\t\t\t\t\t                                                            <a  data-bgset=\"https:\/\/realites.com.tn\/fr\/wp-content\/uploads\/2026\/09\/gare-263x175.jpg\" href=\"https:\/\/realites.com.tn\/fr\/allemagne-explosion-dans-une-gare-a-augsbourg-deux-personnes-legerement-blessees\/\"\n                                                               title=\"Allemagne : explosion dans une gare \u00e0 Augsbourg, deux personnes l\u00e9g\u00e8rement bless\u00e9es\"\n                                                               class=\"penci-lazy penci-image-holder\">\n\t                                                                                                                        <\/a>\n\n                                                    <\/div>\n\t\t\t\t\t\t\t\t\t\t\t\t                                                <div class=\"pcsl-content\">\n\t\t\t\t\t\t\t\t\t\t\t\t\t\n\t\t\t\t\t\t\t\t\t\t\t\t\t                                                        <div class=\"pcsl-title\">\n                                                            <a href=\"https:\/\/realites.com.tn\/fr\/allemagne-explosion-dans-une-gare-a-augsbourg-deux-personnes-legerement-blessees\/\" title=\"Allemagne : explosion dans une gare \u00e0 Augsbourg, deux personnes l\u00e9g\u00e8rement bless\u00e9es\">Allemagne : explosion dans une gare \u00e0 Augsbourg,...<\/a>\n                                                        <\/div>\n\t\t\t\t\t\t\t\t\t\t\t\t\t\n\t\t\t\t\t\t\t\t\t\t\t\t\t                                                        <div class=\"grid-post-box-meta pcsl-meta\">\n\t\t\t\t\t\t\t\t\t\t\t\t\t\t\t\t\t\t\t\t\t\t\t\t\t\t\t\t\t\t                                                                <span class=\"sl-date\"><time class=\"entry-date published\" datetime=\"2026-09-02T11:16:38+01:00\">02-09-2026<\/time><\/span>\n\t\t\t\t\t\t\t\t\t\t\t\t\t\t\t\t\t\t\t\t\t\t\t\t\t\t\t\t\t\t\t\t\t\t\t\t\t\t\t\t\t\t\t\t\t\t\t\t\t\t\t\t\t\t\t\t\t\t\t\t\t\t\t\t\t\t\t\t\t\t\t\t\t\t\t                                                        <\/div>\n\t\t\t\t\t\t\t\t\t\t\t\t\t\n\t\t\t\t\t\t\t\t\t\t\t\t\t\t\t\t\t\t\t\t\t\t\t\t\t\t\n                                                <\/div>\n\n\t\t\t\t\t\t\t\t\t\t\t\t                                            <\/div>\n                                        <\/div>\n                                    <\/div>\n                                \t\t\t\t\t\t\t\t\t\t\t\t\t\t\t\t\t                                    <div class=\"pcsl-item\">\n                                        <div class=\"pcsl-itemin\">\n                                            <div class=\"pcsl-iteminer\">\n\t\t\t\t\t\t\t\t\t\t\t\t\n\t\t\t\t\t\t\t\t\t\t\t\t                                                    <div class=\"pcsl-thumb\">\n\t\t\t\t\t\t\t\t\t\t\t\t\t\t\t\t\t\t\t\t\t\t\t\t\t\t\t\t                                                            <a  data-bgset=\"https:\/\/realites.com.tn\/fr\/wp-content\/uploads\/2026\/09\/onufrancepresidencecsnu-263x175.png\" href=\"https:\/\/realites.com.tn\/fr\/onu-la-france-prend-la-presidence-du-conseil-de-securite-pour-le-mois-de-septembre\/\"\n                                                               title=\"ONU : la France prend la pr\u00e9sidence du Conseil de s\u00e9curit\u00e9 pour le mois de septembre\"\n                                                               class=\"penci-lazy penci-image-holder\">\n\t                                                                                                                        <\/a>\n\n                                                    <\/div>\n\t\t\t\t\t\t\t\t\t\t\t\t                                                <div class=\"pcsl-content\">\n\t\t\t\t\t\t\t\t\t\t\t\t\t\n\t\t\t\t\t\t\t\t\t\t\t\t\t                                                        <div class=\"pcsl-title\">\n                                                            <a href=\"https:\/\/realites.com.tn\/fr\/onu-la-france-prend-la-presidence-du-conseil-de-securite-pour-le-mois-de-septembre\/\" title=\"ONU : la France prend la pr\u00e9sidence du Conseil de s\u00e9curit\u00e9 pour le mois de septembre\">ONU : la France prend la pr\u00e9sidence du...<\/a>\n                                                        <\/div>\n\t\t\t\t\t\t\t\t\t\t\t\t\t\n\t\t\t\t\t\t\t\t\t\t\t\t\t                                                        <div class=\"grid-post-box-meta pcsl-meta\">\n\t\t\t\t\t\t\t\t\t\t\t\t\t\t\t\t\t\t\t\t\t\t\t\t\t\t\t\t\t\t                                                                <span class=\"sl-date\"><time class=\"entry-date published\" datetime=\"2026-09-01T17:10:01+01:00\">01-09-2026<\/time><\/span>\n\t\t\t\t\t\t\t\t\t\t\t\t\t\t\t\t\t\t\t\t\t\t\t\t\t\t\t\t\t\t\t\t\t\t\t\t\t\t\t\t\t\t\t\t\t\t\t\t\t\t\t\t\t\t\t\t\t\t\t\t\t\t\t\t\t\t\t\t\t\t\t\t\t\t\t                                                        <\/div>\n\t\t\t\t\t\t\t\t\t\t\t\t\t\n\t\t\t\t\t\t\t\t\t\t\t\t\t\t\t\t\t\t\t\t\t\t\t\t\t\t\n                                                <\/div>\n\n\t\t\t\t\t\t\t\t\t\t\t\t                                            <\/div>\n                                        <\/div>\n                                    <\/div>\n                                \t\t\t\t\t\t\t\t\t\t\t\t\t\t\t\t                        <\/div>\n\n\t\t\t\t\t\t\n                    <\/div>\n\t\t\t\t\t            <\/div>\n        <\/div>\n\t\t\t\t\t\t<\/div>\n\t\t\t\t<\/div>\n\t\t\t\t\t<\/div>\n\t\t<\/div>\n\t\t\t\t\t<\/div>\n\t\t<\/section>\n\t\t\t\t<section class=\"penci-section penci-dmcheck penci-elbg-activate penci-disSticky penci-structure-10 elementor-section elementor-top-section elementor-element elementor-element-b62d375 elementor-section-boxed elementor-section-height-default elementor-section-height-default\" data-id=\"b62d375\" data-element_type=\"section\" data-settings=\"{&quot;background_background&quot;:&quot;classic&quot;}\">\n\t\t\t\t\t\t<div class=\"elementor-container elementor-column-gap-default\">\n\t\t\t\t\t<div class=\"penci-ercol-100 penci-ercol-order-1 penci-sticky-ct    elementor-column elementor-col-100 elementor-top-column elementor-element elementor-element-7a562f8\" data-id=\"7a562f8\" data-element_type=\"column\">\n\t\t\t<div class=\"elementor-widget-wrap elementor-element-populated\">\n\t\t\t\t\t\t<div class=\"elementor-element elementor-element-d03d794 elementor-widget elementor-widget-penci-block-heading\" data-id=\"d03d794\" data-element_type=\"widget\" data-widget_type=\"penci-block-heading.default\">\n\t\t\t\t<div class=\"elementor-widget-container\">\n\t\t\t\t\t\t\t<div class=\"penciel-bheading penci-border-arrow penci-homepage-title penci-home-latest-posts style-15 pcalign-left pciconp-left pcicon-right block-title-icon-left\">\n\t\t\t<h3 class=\"inner-arrow\">\n\t\t\t\t<span>\n\t\t\t\t<a href=\"https:\/\/realites.com.tn\/fr\/category\/economie\/\">\u00c9conomie<\/a>\t\t\t\t<\/span>\n\t\t\t<\/h3>\n\t\t\t\t\t<\/div>\n\t\t\t\t\t\t<\/div>\n\t\t\t\t<\/div>\n\t\t\t\t<div class=\"elementor-element elementor-element-05e74a9 elementor-widget elementor-widget-penci-big-grid\" data-id=\"05e74a9\" data-element_type=\"widget\" data-widget_type=\"penci-big-grid.default\">\n\t\t\t\t<div class=\"elementor-widget-container\">\n\t\t\t\t\t        <div class=\"penci-clearfix penci-biggrid-wrapper penci-grid-col-4 penci-grid-tcol-3 penci-grid-mcol-1 penci-bgrid-based-post penci-bgrid-style-1 pcbg-ficonpo-top-right pcbg-reiconpo-top-left penci-bgrid-content-below pencibg-imageh-none pencibg-texth-none pencibg-textani-movetop textop\">\n\t\t\t            <div class=\"penci-clearfix penci-biggrid penci-bgstyle-1 penci-bgel\">\n                <div class=\"penci-biggrid-inner default\">\n\t\t\t\t\t<div class=\"penci-clearfix penci-biggrid-data penci-dflex\"><div class=\"penci-bgitem\">\n    <div class=\"penci-bgitin\">\n        <div class=\"penci-bgmain\">\n            <div class=\"pcbg-thumb\">\n\t\t\t\t\t\t\t\t                <div class=\"pcbg-thumbin\">\n                    <a class=\"pcbg-bgoverlay\"\n                       href=\"https:\/\/realites.com.tn\/fr\/hausse-des-financements-bancaires-aux-entreprises-avec-des-evolutions-contrastees-selon-les-branches\/\" title=\"Hausse des financements bancaires aux entreprises, avec des \u00e9volutions contrast\u00e9es selon les branches\"><\/a>\n\n                        <div  data-bgset=\"https:\/\/realites.com.tn\/fr\/wp-content\/uploads\/2016\/06\/eco-tun-g7-22062016.jpg\" data_bg_hidpi=\"https:\/\/realites.com.tn\/fr\/wp-content\/uploads\/2016\/06\/eco-tun-g7-22062016.jpg\" class=\"penci-lazy penci-image-holder\">\n                                                    <\/div>\n\n                <\/div>\n            <\/div>\n            <div class=\"pcbg-content\">\n                <div class=\"pcbg-content-flex\">\n                    <a class=\"pcbg-bgoverlay\"\n                       href=\"https:\/\/realites.com.tn\/fr\/hausse-des-financements-bancaires-aux-entreprises-avec-des-evolutions-contrastees-selon-les-branches\/\" title=\"Hausse des financements bancaires aux entreprises, avec des \u00e9volutions contrast\u00e9es selon les branches\"><\/a>\n                    <div class=\"pcbg-content-inner bgcontent-block\">\n                        <a href=\"https:\/\/realites.com.tn\/fr\/hausse-des-financements-bancaires-aux-entreprises-avec-des-evolutions-contrastees-selon-les-branches\/\" title=\"Hausse des financements bancaires aux entreprises, avec des \u00e9volutions contrast\u00e9es selon les branches\"\n                           class=\"pcbg-bgoverlaytext active-overlay item-hover\"><\/a>\n\n\t\t\t\t\t\t\n\t\t\t\t\t\t                            <div class=\"pcbg-heading item-hover\">\n                                <h3 class=\"pcbg-title\" title=\"Hausse des financements bancaires aux entreprises, avec des \u00e9volutions contrast\u00e9es selon les branches\">\n                                    <a href=\"https:\/\/realites.com.tn\/fr\/hausse-des-financements-bancaires-aux-entreprises-avec-des-evolutions-contrastees-selon-les-branches\/\">\n\t\t\t\t\t\t\t\t\t\tHausse des financements bancaires aux entreprises, avec des \u00e9volutions contrast\u00e9es selon les branches                                    <\/a>\n                                <\/h3>\n                            <\/div>\n\t\t\t\t\t\t\n\t\t\t\t\t\t                            <div class=\"grid-post-box-meta pcbg-meta item-hover\">\n                                <div class=\"pcbg-meta-desc\">\n\t\t\t\t\t\t\t\t\t\t\t\t\t\t\t\t\t\t                                        <span class=\"bg-date\"><time class=\"entry-date published\" datetime=\"2026-09-03T00:06:20+01:00\">03-09-2026<\/time><\/span>\n\t\t\t\t\t\t\t\t\t\t\t\t\t\t\t\t\t\t\t\t\t\t\t\t\t\t\t\t\t\t\t\t\t\t\t\t\t\t\t\t\t\t\t\t\t                                <\/div>\n\t\t\t\t\t\t\t\t                            <\/div>\n\t\t\t\t\t\t\n\t\t\t\t\t\t                    <\/div>\n                <\/div>\n            <\/div>\n        <\/div>\n    <\/div>\n<\/div>\n<div class=\"penci-bgitem\">\n    <div class=\"penci-bgitin\">\n        <div class=\"penci-bgmain\">\n            <div class=\"pcbg-thumb\">\n\t\t\t\t\t\t\t\t                <div class=\"pcbg-thumbin\">\n                    <a class=\"pcbg-bgoverlay\"\n                       href=\"https:\/\/realites.com.tn\/fr\/mise-en-oeuvre-des-credits-sur-lhonneur-a-partir-du-mois-doctobre\/\" title=\"Mise en \u0153uvre des cr\u00e9dits sur l&rsquo;honneur \u00e0 partir du mois d&rsquo;octobre\"><\/a>\n\n                        <div  data-bgset=\"https:\/\/realites.com.tn\/fr\/wp-content\/uploads\/2024\/03\/group-small-businessmen-standing-coins-scaled.jpg\" data_bg_hidpi=\"https:\/\/realites.com.tn\/fr\/wp-content\/uploads\/2024\/03\/group-small-businessmen-standing-coins-scaled.jpg\" class=\"penci-lazy penci-image-holder\">\n                                                    <\/div>\n\n                <\/div>\n            <\/div>\n            <div class=\"pcbg-content\">\n                <div class=\"pcbg-content-flex\">\n                    <a class=\"pcbg-bgoverlay\"\n                       href=\"https:\/\/realites.com.tn\/fr\/mise-en-oeuvre-des-credits-sur-lhonneur-a-partir-du-mois-doctobre\/\" title=\"Mise en \u0153uvre des cr\u00e9dits sur l&rsquo;honneur \u00e0 partir du mois d&rsquo;octobre\"><\/a>\n                    <div class=\"pcbg-content-inner bgcontent-block\">\n                        <a href=\"https:\/\/realites.com.tn\/fr\/mise-en-oeuvre-des-credits-sur-lhonneur-a-partir-du-mois-doctobre\/\" title=\"Mise en \u0153uvre des cr\u00e9dits sur l&rsquo;honneur \u00e0 partir du mois d&rsquo;octobre\"\n                           class=\"pcbg-bgoverlaytext active-overlay item-hover\"><\/a>\n\n\t\t\t\t\t\t\n\t\t\t\t\t\t                            <div class=\"pcbg-heading item-hover\">\n                                <h3 class=\"pcbg-title\" title=\"Mise en \u0153uvre des cr\u00e9dits sur l&rsquo;honneur \u00e0 partir du mois d&rsquo;octobre\">\n                                    <a href=\"https:\/\/realites.com.tn\/fr\/mise-en-oeuvre-des-credits-sur-lhonneur-a-partir-du-mois-doctobre\/\">\n\t\t\t\t\t\t\t\t\t\tMise en \u0153uvre des cr\u00e9dits sur l&rsquo;honneur \u00e0 partir du mois d&rsquo;octobre                                    <\/a>\n                                <\/h3>\n                            <\/div>\n\t\t\t\t\t\t\n\t\t\t\t\t\t                            <div class=\"grid-post-box-meta pcbg-meta item-hover\">\n                                <div class=\"pcbg-meta-desc\">\n\t\t\t\t\t\t\t\t\t\t\t\t\t\t\t\t\t\t                                        <span class=\"bg-date\"><time class=\"entry-date published\" datetime=\"2026-09-02T23:58:13+01:00\">02-09-2026<\/time><\/span>\n\t\t\t\t\t\t\t\t\t\t\t\t\t\t\t\t\t\t\t\t\t\t\t\t\t\t\t\t\t\t\t\t\t\t\t\t\t\t\t\t\t\t\t\t\t                                <\/div>\n\t\t\t\t\t\t\t\t                            <\/div>\n\t\t\t\t\t\t\n\t\t\t\t\t\t                    <\/div>\n                <\/div>\n            <\/div>\n        <\/div>\n    <\/div>\n<\/div>\n<div class=\"penci-bgitem\">\n    <div class=\"penci-bgitin\">\n        <div class=\"penci-bgmain\">\n            <div class=\"pcbg-thumb\">\n\t\t\t\t\t\t\t\t                <div class=\"pcbg-thumbin\">\n                    <a class=\"pcbg-bgoverlay\"\n                       href=\"https:\/\/realites.com.tn\/fr\/lapia-alloue-pres-de-20-millions-de-dinars-a-des-projets-agricoles-et-de-peche-dans-trois-gouvernorats\/\" title=\"L\u2019APIA alloue pr\u00e8s de 20 millions de dinars \u00e0 des projets agricoles et de p\u00eache dans trois gouvernorats\"><\/a>\n\n                        <div  data-bgset=\"https:\/\/realites.com.tn\/fr\/wp-content\/uploads\/2016\/10\/investissement-17102016.jpg\" data_bg_hidpi=\"https:\/\/realites.com.tn\/fr\/wp-content\/uploads\/2016\/10\/investissement-17102016.jpg\" class=\"penci-lazy penci-image-holder\">\n                                                    <\/div>\n\n                <\/div>\n            <\/div>\n            <div class=\"pcbg-content\">\n                <div class=\"pcbg-content-flex\">\n                    <a class=\"pcbg-bgoverlay\"\n                       href=\"https:\/\/realites.com.tn\/fr\/lapia-alloue-pres-de-20-millions-de-dinars-a-des-projets-agricoles-et-de-peche-dans-trois-gouvernorats\/\" title=\"L\u2019APIA alloue pr\u00e8s de 20 millions de dinars \u00e0 des projets agricoles et de p\u00eache dans trois gouvernorats\"><\/a>\n                    <div class=\"pcbg-content-inner bgcontent-block\">\n                        <a href=\"https:\/\/realites.com.tn\/fr\/lapia-alloue-pres-de-20-millions-de-dinars-a-des-projets-agricoles-et-de-peche-dans-trois-gouvernorats\/\" title=\"L\u2019APIA alloue pr\u00e8s de 20 millions de dinars \u00e0 des projets agricoles et de p\u00eache dans trois gouvernorats\"\n                           class=\"pcbg-bgoverlaytext active-overlay item-hover\"><\/a>\n\n\t\t\t\t\t\t\n\t\t\t\t\t\t                            <div class=\"pcbg-heading item-hover\">\n                                <h3 class=\"pcbg-title\" title=\"L\u2019APIA alloue pr\u00e8s de 20 millions de dinars \u00e0 des projets agricoles et de p\u00eache dans trois gouvernorats\">\n                                    <a href=\"https:\/\/realites.com.tn\/fr\/lapia-alloue-pres-de-20-millions-de-dinars-a-des-projets-agricoles-et-de-peche-dans-trois-gouvernorats\/\">\n\t\t\t\t\t\t\t\t\t\tL\u2019APIA alloue pr\u00e8s de 20 millions de dinars \u00e0 des projets agricoles et de p\u00eache dans trois...                                    <\/a>\n                                <\/h3>\n                            <\/div>\n\t\t\t\t\t\t\n\t\t\t\t\t\t                            <div class=\"grid-post-box-meta pcbg-meta item-hover\">\n                                <div class=\"pcbg-meta-desc\">\n\t\t\t\t\t\t\t\t\t\t\t\t\t\t\t\t\t\t                                        <span class=\"bg-date\"><time class=\"entry-date published\" datetime=\"2026-09-02T07:43:10+01:00\">02-09-2026<\/time><\/span>\n\t\t\t\t\t\t\t\t\t\t\t\t\t\t\t\t\t\t\t\t\t\t\t\t\t\t\t\t\t\t\t\t\t\t\t\t\t\t\t\t\t\t\t\t\t                                <\/div>\n\t\t\t\t\t\t\t\t                            <\/div>\n\t\t\t\t\t\t\n\t\t\t\t\t\t                    <\/div>\n                <\/div>\n            <\/div>\n        <\/div>\n    <\/div>\n<\/div>\n<div class=\"penci-bgitem\">\n    <div class=\"penci-bgitin\">\n        <div class=\"penci-bgmain\">\n            <div class=\"pcbg-thumb\">\n\t\t\t\t\t\t\t\t                <div class=\"pcbg-thumbin\">\n                    <a class=\"pcbg-bgoverlay\"\n                       href=\"https:\/\/realites.com.tn\/fr\/excedent-commercial-de-pres-de-70-millions-de-dinars-pour-les-produits-de-la-peche-au-premier-semestre-2026\/\" title=\"Exc\u00e9dent commercial de pr\u00e8s de 70 millions de dinars pour les produits de la p\u00eache au premier semestre 2026\"><\/a>\n\n                        <div  data-bgset=\"https:\/\/realites.com.tn\/fr\/wp-content\/uploads\/2023\/12\/deficit-.jpg\" data_bg_hidpi=\"https:\/\/realites.com.tn\/fr\/wp-content\/uploads\/2023\/12\/deficit-.jpg\" class=\"penci-lazy penci-image-holder\">\n                                                    <\/div>\n\n                <\/div>\n            <\/div>\n            <div class=\"pcbg-content\">\n                <div class=\"pcbg-content-flex\">\n                    <a class=\"pcbg-bgoverlay\"\n                       href=\"https:\/\/realites.com.tn\/fr\/excedent-commercial-de-pres-de-70-millions-de-dinars-pour-les-produits-de-la-peche-au-premier-semestre-2026\/\" title=\"Exc\u00e9dent commercial de pr\u00e8s de 70 millions de dinars pour les produits de la p\u00eache au premier semestre 2026\"><\/a>\n                    <div class=\"pcbg-content-inner bgcontent-block\">\n                        <a href=\"https:\/\/realites.com.tn\/fr\/excedent-commercial-de-pres-de-70-millions-de-dinars-pour-les-produits-de-la-peche-au-premier-semestre-2026\/\" title=\"Exc\u00e9dent commercial de pr\u00e8s de 70 millions de dinars pour les produits de la p\u00eache au premier semestre 2026\"\n                           class=\"pcbg-bgoverlaytext active-overlay item-hover\"><\/a>\n\n\t\t\t\t\t\t\n\t\t\t\t\t\t                            <div class=\"pcbg-heading item-hover\">\n                                <h3 class=\"pcbg-title\" title=\"Exc\u00e9dent commercial de pr\u00e8s de 70 millions de dinars pour les produits de la p\u00eache au premier semestre 2026\">\n                                    <a href=\"https:\/\/realites.com.tn\/fr\/excedent-commercial-de-pres-de-70-millions-de-dinars-pour-les-produits-de-la-peche-au-premier-semestre-2026\/\">\n\t\t\t\t\t\t\t\t\t\tExc\u00e9dent commercial de pr\u00e8s de 70 millions de dinars pour les produits de la p\u00eache au premier...                                    <\/a>\n                                <\/h3>\n                            <\/div>\n\t\t\t\t\t\t\n\t\t\t\t\t\t                            <div class=\"grid-post-box-meta pcbg-meta item-hover\">\n                                <div class=\"pcbg-meta-desc\">\n\t\t\t\t\t\t\t\t\t\t\t\t\t\t\t\t\t\t                                        <span class=\"bg-date\"><time class=\"entry-date published\" datetime=\"2026-09-02T07:42:08+01:00\">02-09-2026<\/time><\/span>\n\t\t\t\t\t\t\t\t\t\t\t\t\t\t\t\t\t\t\t\t\t\t\t\t\t\t\t\t\t\t\t\t\t\t\t\t\t\t\t\t\t\t\t\t\t                                <\/div>\n\t\t\t\t\t\t\t\t                            <\/div>\n\t\t\t\t\t\t\n\t\t\t\t\t\t                    <\/div>\n                <\/div>\n            <\/div>\n        <\/div>\n    <\/div>\n<\/div>\n<\/div>                <\/div>\n\t\t\t\t            <\/div>\n        <\/div>\n\t\t\t\t\t\t<\/div>\n\t\t\t\t<\/div>\n\t\t\t\t\t<\/div>\n\t\t<\/div>\n\t\t\t\t\t<\/div>\n\t\t<\/section>\n\t\t\t\t<section class=\"penci-section penci-disSticky penci-structure-10 elementor-section elementor-top-section elementor-element elementor-element-f61f53a elementor-section-boxed elementor-section-height-default elementor-section-height-default\" data-id=\"f61f53a\" data-element_type=\"section\">\n\t\t\t\t\t\t<div class=\"elementor-container elementor-column-gap-default\">\n\t\t\t\t\t<div class=\"penci-ercol-100 penci-ercol-order-1 penci-sticky-ct    elementor-column elementor-col-100 elementor-top-column elementor-element elementor-element-5d9bad1\" data-id=\"5d9bad1\" data-element_type=\"column\">\n\t\t\t<div class=\"elementor-widget-wrap elementor-element-populated\">\n\t\t\t\t\t\t<div class=\"elementor-element elementor-element-ef8aeec elementor-widget elementor-widget-penci-block-heading\" data-id=\"ef8aeec\" data-element_type=\"widget\" data-widget_type=\"penci-block-heading.default\">\n\t\t\t\t<div class=\"elementor-widget-container\">\n\t\t\t\t\t\t\t<div class=\"penciel-bheading penci-border-arrow penci-homepage-title penci-home-latest-posts style-15 pcalign-left pciconp-left pcicon-right block-title-icon-left\">\n\t\t\t<h3 class=\"inner-arrow\">\n\t\t\t\t<span>\n\t\t\t\t<a href=\"https:\/\/realites.com.tn\/fr\/category\/cuisine\/\">Cuisine<\/a>\t\t\t\t<\/span>\n\t\t\t<\/h3>\n\t\t\t\t\t<\/div>\n\t\t\t\t\t\t<\/div>\n\t\t\t\t<\/div>\n\t\t\t\t<div class=\"elementor-element elementor-element-b2efc49 elementor-widget elementor-widget-penci-big-grid\" data-id=\"b2efc49\" data-element_type=\"widget\" data-widget_type=\"penci-big-grid.default\">\n\t\t\t\t<div class=\"elementor-widget-container\">\n\t\t\t\t\t        <div class=\"penci-clearfix penci-biggrid-wrapper penci-grid-col-3 penci-grid-tcol-3 penci-grid-mcol-1 penci-bgrid-based-post penci-bgrid-style-1 pcbg-ficonpo-top-right pcbg-reiconpo-top-left penci-bgrid-content-below pencibg-imageh-none pencibg-texth-none pencibg-textani-movetop textop\">\n\t\t\t            <div class=\"penci-clearfix penci-biggrid penci-bgstyle-1 penci-bgel\">\n                <div class=\"penci-biggrid-inner default\">\n\t\t\t\t\t<div class=\"penci-clearfix penci-biggrid-data penci-dflex\"><div class=\"penci-bgitem\">\n    <div class=\"penci-bgitin\">\n        <div class=\"penci-bgmain\">\n            <div class=\"pcbg-thumb\">\n\t\t\t\t\t\t\t\t                <div class=\"pcbg-thumbin\">\n                    <a class=\"pcbg-bgoverlay\"\n                       href=\"https:\/\/realites.com.tn\/fr\/le-sentido-bellevue-park-accueille-le-9-hands-dinner-une-experience-gastronomique-internationale\/\" title=\"Le Sentido Bellevue Park accueille le \u00ab\u00a09-Hands Dinner\u00a0\u00bb, une exp\u00e9rience gastronomique internationale\"><\/a>\n\n                        <div  data-bgset=\"https:\/\/realites.com.tn\/fr\/wp-content\/uploads\/2026\/07\/Hotel-Sentido-Bellevue-park-Kantaoui.jpeg\" data_bg_hidpi=\"https:\/\/realites.com.tn\/fr\/wp-content\/uploads\/2026\/07\/Hotel-Sentido-Bellevue-park-Kantaoui.jpeg\" class=\"penci-lazy penci-image-holder\">\n                                                    <\/div>\n\n                <\/div>\n            <\/div>\n            <div class=\"pcbg-content\">\n                <div class=\"pcbg-content-flex\">\n                    <a class=\"pcbg-bgoverlay\"\n                       href=\"https:\/\/realites.com.tn\/fr\/le-sentido-bellevue-park-accueille-le-9-hands-dinner-une-experience-gastronomique-internationale\/\" title=\"Le Sentido Bellevue Park accueille le \u00ab\u00a09-Hands Dinner\u00a0\u00bb, une exp\u00e9rience gastronomique internationale\"><\/a>\n                    <div class=\"pcbg-content-inner bgcontent-block\">\n                        <a href=\"https:\/\/realites.com.tn\/fr\/le-sentido-bellevue-park-accueille-le-9-hands-dinner-une-experience-gastronomique-internationale\/\" title=\"Le Sentido Bellevue Park accueille le \u00ab\u00a09-Hands Dinner\u00a0\u00bb, une exp\u00e9rience gastronomique internationale\"\n                           class=\"pcbg-bgoverlaytext active-overlay item-hover\"><\/a>\n\n\t\t\t\t\t\t\n\t\t\t\t\t\t                            <div class=\"pcbg-heading item-hover\">\n                                <h3 class=\"pcbg-title\" title=\"Le Sentido Bellevue Park accueille le \u00ab\u00a09-Hands Dinner\u00a0\u00bb, une exp\u00e9rience gastronomique internationale\">\n                                    <a href=\"https:\/\/realites.com.tn\/fr\/le-sentido-bellevue-park-accueille-le-9-hands-dinner-une-experience-gastronomique-internationale\/\">\n\t\t\t\t\t\t\t\t\t\tLe Sentido Bellevue Park accueille le \u00ab\u00a09-Hands Dinner\u00a0\u00bb, une exp\u00e9rience gastronomique internationale                                    <\/a>\n                                <\/h3>\n                            <\/div>\n\t\t\t\t\t\t\n\t\t\t\t\t\t                            <div class=\"grid-post-box-meta pcbg-meta item-hover\">\n                                <div class=\"pcbg-meta-desc\">\n\t\t\t\t\t\t\t\t\t\t\t\t\t\t\t\t\t\t                                        <span class=\"bg-date\"><time class=\"entry-date published\" datetime=\"2026-07-24T08:02:35+01:00\">24-07-2026<\/time><\/span>\n\t\t\t\t\t\t\t\t\t\t\t\t\t\t\t\t\t\t\t\t\t\t\t\t\t\t\t\t\t\t\t\t\t\t\t\t\t\t\t\t\t\t\t\t\t                                <\/div>\n\t\t\t\t\t\t\t\t                            <\/div>\n\t\t\t\t\t\t\n\t\t\t\t\t\t                    <\/div>\n                <\/div>\n            <\/div>\n        <\/div>\n    <\/div>\n<\/div>\n<div class=\"penci-bgitem\">\n    <div class=\"penci-bgitin\">\n        <div class=\"penci-bgmain\">\n            <div class=\"pcbg-thumb\">\n\t\t\t\t\t\t\t\t                <div class=\"pcbg-thumbin\">\n                    <a class=\"pcbg-bgoverlay\"\n                       href=\"https:\/\/realites.com.tn\/fr\/mawj-une-nouvelle-vague-gastronomique-deferle-sur-hammamet\/\" title=\"Mawj : une nouvelle vague gastronomique d\u00e9ferle sur Hammamet\"><\/a>\n\n                        <div  data-bgset=\"https:\/\/realites.com.tn\/fr\/wp-content\/uploads\/2026\/07\/2-3.jpg\" data_bg_hidpi=\"https:\/\/realites.com.tn\/fr\/wp-content\/uploads\/2026\/07\/2-3.jpg\" class=\"penci-lazy penci-image-holder\">\n                                                    <\/div>\n\n                <\/div>\n            <\/div>\n            <div class=\"pcbg-content\">\n                <div class=\"pcbg-content-flex\">\n                    <a class=\"pcbg-bgoverlay\"\n                       href=\"https:\/\/realites.com.tn\/fr\/mawj-une-nouvelle-vague-gastronomique-deferle-sur-hammamet\/\" title=\"Mawj : une nouvelle vague gastronomique d\u00e9ferle sur Hammamet\"><\/a>\n                    <div class=\"pcbg-content-inner bgcontent-block\">\n                        <a href=\"https:\/\/realites.com.tn\/fr\/mawj-une-nouvelle-vague-gastronomique-deferle-sur-hammamet\/\" title=\"Mawj : une nouvelle vague gastronomique d\u00e9ferle sur Hammamet\"\n                           class=\"pcbg-bgoverlaytext active-overlay item-hover\"><\/a>\n\n\t\t\t\t\t\t\n\t\t\t\t\t\t                            <div class=\"pcbg-heading item-hover\">\n                                <h3 class=\"pcbg-title\" title=\"Mawj : une nouvelle vague gastronomique d\u00e9ferle sur Hammamet\">\n                                    <a href=\"https:\/\/realites.com.tn\/fr\/mawj-une-nouvelle-vague-gastronomique-deferle-sur-hammamet\/\">\n\t\t\t\t\t\t\t\t\t\tMawj : une nouvelle vague gastronomique d\u00e9ferle sur Hammamet                                    <\/a>\n                                <\/h3>\n                            <\/div>\n\t\t\t\t\t\t\n\t\t\t\t\t\t                            <div class=\"grid-post-box-meta pcbg-meta item-hover\">\n                                <div class=\"pcbg-meta-desc\">\n\t\t\t\t\t\t\t\t\t\t\t\t\t\t\t\t\t\t                                        <span class=\"bg-date\"><time class=\"entry-date published\" datetime=\"2026-07-20T10:50:56+01:00\">20-07-2026<\/time><\/span>\n\t\t\t\t\t\t\t\t\t\t\t\t\t\t\t\t\t\t\t\t\t\t\t\t\t\t\t\t\t\t\t\t\t\t\t\t\t\t\t\t\t\t\t\t\t                                <\/div>\n\t\t\t\t\t\t\t\t                            <\/div>\n\t\t\t\t\t\t\n\t\t\t\t\t\t                    <\/div>\n                <\/div>\n            <\/div>\n        <\/div>\n    <\/div>\n<\/div>\n<div class=\"penci-bgitem\">\n    <div class=\"penci-bgitin\">\n        <div class=\"penci-bgmain\">\n            <div class=\"pcbg-thumb\">\n\t\t\t\t\t\t\t\t                <div class=\"pcbg-thumbin\">\n                    <a class=\"pcbg-bgoverlay\"\n                       href=\"https:\/\/realites.com.tn\/fr\/le-petit-robert-accueille-chakchouka-et-zaatar\/\" title=\"Le Petit Robert accueille \u00ab chakchouka \u00bb et \u00ab zaatar \u00bb\"><\/a>\n\n                        <div  data-bgset=\"https:\/\/realites.com.tn\/fr\/wp-content\/uploads\/2025\/10\/petitrobert.jpg\" data_bg_hidpi=\"https:\/\/realites.com.tn\/fr\/wp-content\/uploads\/2025\/10\/petitrobert.jpg\" class=\"penci-lazy penci-image-holder\">\n                                                    <\/div>\n\n                <\/div>\n            <\/div>\n            <div class=\"pcbg-content\">\n                <div class=\"pcbg-content-flex\">\n                    <a class=\"pcbg-bgoverlay\"\n                       href=\"https:\/\/realites.com.tn\/fr\/le-petit-robert-accueille-chakchouka-et-zaatar\/\" title=\"Le Petit Robert accueille \u00ab chakchouka \u00bb et \u00ab zaatar \u00bb\"><\/a>\n                    <div class=\"pcbg-content-inner bgcontent-block\">\n                        <a href=\"https:\/\/realites.com.tn\/fr\/le-petit-robert-accueille-chakchouka-et-zaatar\/\" title=\"Le Petit Robert accueille \u00ab chakchouka \u00bb et \u00ab zaatar \u00bb\"\n                           class=\"pcbg-bgoverlaytext active-overlay item-hover\"><\/a>\n\n\t\t\t\t\t\t\n\t\t\t\t\t\t                            <div class=\"pcbg-heading item-hover\">\n                                <h3 class=\"pcbg-title\" title=\"Le Petit Robert accueille \u00ab chakchouka \u00bb et \u00ab zaatar \u00bb\">\n                                    <a href=\"https:\/\/realites.com.tn\/fr\/le-petit-robert-accueille-chakchouka-et-zaatar\/\">\n\t\t\t\t\t\t\t\t\t\tLe Petit Robert accueille \u00ab chakchouka \u00bb et \u00ab zaatar \u00bb                                    <\/a>\n                                <\/h3>\n                            <\/div>\n\t\t\t\t\t\t\n\t\t\t\t\t\t                            <div class=\"grid-post-box-meta pcbg-meta item-hover\">\n                                <div class=\"pcbg-meta-desc\">\n\t\t\t\t\t\t\t\t\t\t\t\t\t\t\t\t\t\t                                        <span class=\"bg-date\"><time class=\"entry-date published\" datetime=\"2025-10-03T12:33:13+01:00\">03-10-2025<\/time><\/span>\n\t\t\t\t\t\t\t\t\t\t\t\t\t\t\t\t\t\t\t\t\t\t\t\t\t\t\t\t\t\t\t\t\t\t\t\t\t\t\t\t\t\t\t\t\t                                <\/div>\n\t\t\t\t\t\t\t\t                            <\/div>\n\t\t\t\t\t\t\n\t\t\t\t\t\t                    <\/div>\n                <\/div>\n            <\/div>\n        <\/div>\n    <\/div>\n<\/div>\n<\/div>                <\/div>\n\t\t\t\t            <\/div>\n        <\/div>\n\t\t\t\t\t\t<\/div>\n\t\t\t\t<\/div>\n\t\t\t\t\t<\/div>\n\t\t<\/div>\n\t\t\t\t\t<\/div>\n\t\t<\/section>\n\t\t\t\t<\/div>\n\t\t","protected":false},"excerpt":{"rendered":"<p>10 % du march\u00e9 mondial : La Tunisie confirme sa position de 4e exportateur d\u2019huile d&#8217;olive Tunisie \u2013 INM : Pluviom\u00e9trie des derni\u00e8res 24 heures Ka\u00efs Sa\u00efed insiste sur l\u2019urgence&hellip;<\/p>\n","protected":false},"author":39,"featured_media":0,"parent":0,"menu_order":0,"comment_status":"closed","ping_status":"closed","template":"elementor_header_footer","meta":{"_lmt_disableupdate":"","_lmt_disable":"","footnotes":""},"class_list":["post-282389","page","type-page","status-publish","hentry"],"yoast_head":"<!-- This site is optimized with the Yoast SEO plugin v26.3 - https:\/\/yoast.com\/wordpress\/plugins\/seo\/ -->\n<title>Home - R\u00e9alit\u00e9s Magazine<\/title>\n<meta name=\"robots\" content=\"index, follow, max-snippet:-1, max-image-preview:large, max-video-preview:-1\" \/>\n<link rel=\"canonical\" href=\"https:\/\/realites.com.tn\/fr\/\" \/>\n<meta property=\"og:locale\" content=\"fr_FR\" \/>\n<meta property=\"og:type\" content=\"article\" \/>\n<meta property=\"og:title\" content=\"Home - R\u00e9alit\u00e9s Magazine\" \/>\n<meta property=\"og:description\" content=\"10 % du march\u00e9 mondial : La Tunisie confirme sa position de 4e exportateur d\u2019huile d&#8217;olive Tunisie \u2013 INM : Pluviom\u00e9trie des derni\u00e8res 24 heures Ka\u00efs Sa\u00efed insiste sur l\u2019urgence&hellip;\" \/>\n<meta property=\"og:url\" content=\"https:\/\/realites.com.tn\/fr\/\" \/>\n<meta property=\"og:site_name\" content=\"R\u00e9alit\u00e9s Magazine\" \/>\n<meta property=\"article:publisher\" content=\"https:\/\/www.facebook.com\/realites.tn\/\" \/>\n<meta property=\"article:modified_time\" content=\"2025-04-17T09:58:12+00:00\" \/>\n<meta property=\"og:image\" content=\"https:\/\/realites.com.tn\/fr\/wp-content\/uploads\/2023\/06\/couverture.jpg\" \/>\n<meta name=\"twitter:card\" content=\"summary_large_image\" \/>\n<meta name=\"twitter:label1\" content=\"Dur\u00e9e de lecture estim\u00e9e\" \/>\n\t<meta name=\"twitter:data1\" content=\"4 minutes\" \/>\n<script type=\"application\/ld+json\" class=\"yoast-schema-graph\">{\"@context\":\"https:\/\/schema.org\",\"@graph\":[{\"@type\":\"WebPage\",\"@id\":\"https:\/\/realites.com.tn\/fr\/\",\"url\":\"https:\/\/realites.com.tn\/fr\/\",\"name\":\"Home - R\u00e9alit\u00e9s Magazine\",\"isPartOf\":{\"@id\":\"https:\/\/realites.com.tn\/fr\/#website\"},\"primaryImageOfPage\":{\"@id\":\"https:\/\/realites.com.tn\/fr\/#primaryimage\"},\"image\":{\"@id\":\"https:\/\/realites.com.tn\/fr\/#primaryimage\"},\"thumbnailUrl\":\"https:\/\/realites.com.tn\/fr\/wp-content\/uploads\/2023\/06\/couverture.jpg\",\"datePublished\":\"2023-06-12T19:53:44+00:00\",\"dateModified\":\"2025-04-17T09:58:12+00:00\",\"breadcrumb\":{\"@id\":\"https:\/\/realites.com.tn\/fr\/#breadcrumb\"},\"inLanguage\":\"fr-FR\",\"potentialAction\":[{\"@type\":\"ReadAction\",\"target\":[\"https:\/\/realites.com.tn\/fr\/\"]}]},{\"@type\":\"ImageObject\",\"inLanguage\":\"fr-FR\",\"@id\":\"https:\/\/realites.com.tn\/fr\/#primaryimage\",\"url\":\"https:\/\/realites.com.tn\/fr\/wp-content\/uploads\/2023\/06\/couverture.jpg\",\"contentUrl\":\"https:\/\/realites.com.tn\/fr\/wp-content\/uploads\/2023\/06\/couverture.jpg\",\"width\":1122,\"height\":1594},{\"@type\":\"BreadcrumbList\",\"@id\":\"https:\/\/realites.com.tn\/fr\/#breadcrumb\",\"itemListElement\":[{\"@type\":\"ListItem\",\"position\":1,\"name\":\"Home\",\"item\":\"https:\/\/realites.com.tn\/fr\/\"},{\"@type\":\"ListItem\",\"position\":2,\"name\":\"Home\"}]},{\"@type\":\"WebSite\",\"@id\":\"https:\/\/realites.com.tn\/fr\/#website\",\"url\":\"https:\/\/realites.com.tn\/fr\/\",\"name\":\"R\u00e9alit\u00e9s Magazine\",\"description\":\"Actualit\u00e9s de la Tunisie\",\"potentialAction\":[{\"@type\":\"SearchAction\",\"target\":{\"@type\":\"EntryPoint\",\"urlTemplate\":\"https:\/\/realites.com.tn\/fr\/?s={search_term_string}\"},\"query-input\":{\"@type\":\"PropertyValueSpecification\",\"valueRequired\":true,\"valueName\":\"search_term_string\"}}],\"inLanguage\":\"fr-FR\"}]}<\/script>\n<!-- \/ Yoast SEO plugin. -->","yoast_head_json":{"title":"Home - R\u00e9alit\u00e9s Magazine","robots":{"index":"index","follow":"follow","max-snippet":"max-snippet:-1","max-image-preview":"max-image-preview:large","max-video-preview":"max-video-preview:-1"},"canonical":"https:\/\/realites.com.tn\/fr\/","og_locale":"fr_FR","og_type":"article","og_title":"Home - R\u00e9alit\u00e9s Magazine","og_description":"10 % du march\u00e9 mondial : La Tunisie confirme sa position de 4e exportateur d\u2019huile d&#8217;olive Tunisie \u2013 INM : Pluviom\u00e9trie des derni\u00e8res 24 heures Ka\u00efs Sa\u00efed insiste sur l\u2019urgence&hellip;","og_url":"https:\/\/realites.com.tn\/fr\/","og_site_name":"R\u00e9alit\u00e9s Magazine","article_publisher":"https:\/\/www.facebook.com\/realites.tn\/","article_modified_time":"2025-04-17T09:58:12+00:00","og_image":[{"url":"https:\/\/realites.com.tn\/fr\/wp-content\/uploads\/2023\/06\/couverture.jpg","type":"","width":"","height":""}],"twitter_card":"summary_large_image","twitter_misc":{"Dur\u00e9e de lecture estim\u00e9e":"4 minutes"},"schema":{"@context":"https:\/\/schema.org","@graph":[{"@type":"WebPage","@id":"https:\/\/realites.com.tn\/fr\/","url":"https:\/\/realites.com.tn\/fr\/","name":"Home - R\u00e9alit\u00e9s Magazine","isPartOf":{"@id":"https:\/\/realites.com.tn\/fr\/#website"},"primaryImageOfPage":{"@id":"https:\/\/realites.com.tn\/fr\/#primaryimage"},"image":{"@id":"https:\/\/realites.com.tn\/fr\/#primaryimage"},"thumbnailUrl":"https:\/\/realites.com.tn\/fr\/wp-content\/uploads\/2023\/06\/couverture.jpg","datePublished":"2023-06-12T19:53:44+00:00","dateModified":"2025-04-17T09:58:12+00:00","breadcrumb":{"@id":"https:\/\/realites.com.tn\/fr\/#breadcrumb"},"inLanguage":"fr-FR","potentialAction":[{"@type":"ReadAction","target":["https:\/\/realites.com.tn\/fr\/"]}]},{"@type":"ImageObject","inLanguage":"fr-FR","@id":"https:\/\/realites.com.tn\/fr\/#primaryimage","url":"https:\/\/realites.com.tn\/fr\/wp-content\/uploads\/2023\/06\/couverture.jpg","contentUrl":"https:\/\/realites.com.tn\/fr\/wp-content\/uploads\/2023\/06\/couverture.jpg","width":1122,"height":1594},{"@type":"BreadcrumbList","@id":"https:\/\/realites.com.tn\/fr\/#breadcrumb","itemListElement":[{"@type":"ListItem","position":1,"name":"Home","item":"https:\/\/realites.com.tn\/fr\/"},{"@type":"ListItem","position":2,"name":"Home"}]},{"@type":"WebSite","@id":"https:\/\/realites.com.tn\/fr\/#website","url":"https:\/\/realites.com.tn\/fr\/","name":"R\u00e9alit\u00e9s Magazine","description":"Actualit\u00e9s de la Tunisie","potentialAction":[{"@type":"SearchAction","target":{"@type":"EntryPoint","urlTemplate":"https:\/\/realites.com.tn\/fr\/?s={search_term_string}"},"query-input":{"@type":"PropertyValueSpecification","valueRequired":true,"valueName":"search_term_string"}}],"inLanguage":"fr-FR"}]}},"jetpack_sharing_enabled":true,"_links":{"self":[{"href":"https:\/\/realites.com.tn\/fr\/wp-json\/wp\/v2\/pages\/282389","targetHints":{"allow":["GET"]}}],"collection":[{"href":"https:\/\/realites.com.tn\/fr\/wp-json\/wp\/v2\/pages"}],"about":[{"href":"https:\/\/realites.com.tn\/fr\/wp-json\/wp\/v2\/types\/page"}],"author":[{"embeddable":true,"href":"https:\/\/realites.com.tn\/fr\/wp-json\/wp\/v2\/users\/39"}],"replies":[{"embeddable":true,"href":"https:\/\/realites.com.tn\/fr\/wp-json\/wp\/v2\/comments?post=282389"}],"version-history":[{"count":1,"href":"https:\/\/realites.com.tn\/fr\/wp-json\/wp\/v2\/pages\/282389\/revisions"}],"predecessor-version":[{"id":354006,"href":"https:\/\/realites.com.tn\/fr\/wp-json\/wp\/v2\/pages\/282389\/revisions\/354006"}],"wp:attachment":[{"href":"https:\/\/realites.com.tn\/fr\/wp-json\/wp\/v2\/media?parent=282389"}],"curies":[{"name":"wp","href":"https:\/\/api.w.org\/{rel}","templated":true}]}}