{"id":447,"date":"2021-07-31T01:36:50","date_gmt":"2021-07-31T01:36:50","guid":{"rendered":"https:\/\/soledaddemo.pencidesign.net\/?page_id=447"},"modified":"2021-07-31T01:36:50","modified_gmt":"2021-07-31T01:36:50","slug":"blog","status":"publish","type":"page","link":"https:\/\/realites.com.tn\/fr\/blog\/","title":{"rendered":"Blog"},"content":{"rendered":"\t\t<div data-elementor-type=\"wp-page\" data-elementor-id=\"447\" class=\"elementor elementor-447\">\n\t\t\t\t\t\t<section class=\"penci-section penci-disSticky penci-structure-10 elementor-section elementor-top-section elementor-element elementor-element-bccaa1e elementor-section-boxed elementor-section-height-default elementor-section-height-default\" data-id=\"bccaa1e\" data-element_type=\"section\">\n\t\t\t\t\t\t<div class=\"elementor-container elementor-column-gap-no\">\n\t\t\t\t\t<div class=\"penci-ercol-100 penci-ercol-order-1 penci-sticky-ct    elementor-column elementor-col-100 elementor-top-column elementor-element elementor-element-907285b\" data-id=\"907285b\" data-element_type=\"column\">\n\t\t\t<div class=\"elementor-widget-wrap elementor-element-populated\">\n\t\t\t\t\t\t<div class=\"elementor-element elementor-element-ef88a58 elementor-widget elementor-widget-penci-latest-posts\" data-id=\"ef88a58\" data-element_type=\"widget\" data-widget_type=\"penci-latest-posts.default\">\n\t\t\t\t<div class=\"elementor-widget-container\">\n\t\t\t\t\t                <div id=\"pencilatest_posts_56033\" class=\"penci-latest-posts-sc penci-latest-posts-featured penci-latest-posts-el penci-el-mixed-s1 penci-latest-posts-left penci-std-continue-center penci-std-excerpt-left penci-grid-excerpt-left\">\n\t\t\t\t\t                    <div class=\"penci-wrapper-posts-ajax\">\n\n                        <div class=\"penci-wrapper-posts-content pwid-default\">\n\n\t\t\t\t\t\t\t                            <div class=\"penci-wrapper-data\">\t\t\t\t\t\t\t\t\t\t\t\t\t\t\t\t\t\t\t\t\t\t\t\t\t\t\t\t    <section class=\"grid-featured\">\n        <article id=\"post-394982\" class=\"item featured-layout\">\n            <div class=\"thumbnail\">\n                \t\t\t\t                    <div class=\"penci-post-share-box penci-featured-share-box\">\n                        <span class=\"penci-shareic\"><a\n                                    href=\"#\"><i class=\"penci-faicon fa fa-share\" ><\/i><\/a><\/span>\n                        <span class=\"penci-shareso\">\n\t\t\t\t\t\t\t\t\t\t<a class=\"new-ver-share post-share-item post-share-facebook\" aria-label=\"Share on Facebook\" target=\"_blank\"  rel=\"noreferrer\" href=\"https:\/\/www.facebook.com\/sharer\/sharer.php?u=https:\/\/realites.com.tn\/fr\/affaire-du-complot-audience-decisive-aujourdhui-a-la-cour-de-cassation\/\"><i class=\"penci-faicon fa fa-facebook\" ><\/i><span class=\"dt-share\">Facebook<\/span><\/a><a class=\"new-ver-share post-share-item post-share-twitter\" aria-label=\"Share on Twitter\" target=\"_blank\"  rel=\"noreferrer\" href=\"https:\/\/x.com\/intent\/tweet?text=Check%20out%20this%20article:%20%C2%AB%20Affaire%20du%20complot%20%C2%BB%20%3A%20audience%20d%C3%A9cisive%20aujourd%27hui%20%C3%A0%20la%20Cour%20de%20cassation%20-%20https:\/\/realites.com.tn\/fr\/affaire-du-complot-audience-decisive-aujourdhui-a-la-cour-de-cassation\/\"><i class=\"penci-faicon penciicon-x-twitter\" ><\/i><span class=\"dt-share\">Twitter<\/span><\/a><a class=\"new-ver-share post-share-item post-share-pinterest\" aria-label=\"Pin to Pinterest\" data-pin-do=\"none\"  rel=\"noreferrer\" target=\"_blank\" href=\"https:\/\/www.pinterest.com\/pin\/create\/button\/?url=https%3A%2F%2Frealites.com.tn%2Ffr%2Faffaire-du-complot-audience-decisive-aujourdhui-a-la-cour-de-cassation%2F&media=https%3A%2F%2Frealites.com.tn%2Ffr%2Fwp-content%2Fuploads%2F2025%2F04%2Fjustice.jpg&description=%C2%AB+Affaire+du+complot+%C2%BB+%3A+audience+d%C3%A9cisive+aujourd%27hui+%C3%A0+la+Cour+de+cassation\"><i class=\"penci-faicon fa fa-pinterest\" ><\/i><span class=\"dt-share\">Pinterest<\/span><\/a><a class=\"new-ver-share post-share-item post-share-whatsapp\" aria-label=\"Share on Whatsapp\" target=\"_blank\"  rel=\"noreferrer\" href=\"https:\/\/api.whatsapp.com\/send?text=%C2%AB%20Affaire%20du%20complot%20%C2%BB%20%3A%20audience%20d%C3%A9cisive%20aujourd%27hui%20%C3%A0%20la%20Cour%20de%20cassation %0A%0A https%3A%2F%2Frealites.com.tn%2Ffr%2Faffaire-du-complot-audience-decisive-aujourdhui-a-la-cour-de-cassation%2F\"><i class=\"penci-faicon fa fa-whatsapp\" ><\/i><span class=\"dt-share\">Whatsapp<\/span><\/a>\t\t\t\t\t<\/span>\n                    <\/div>\n\t\t\t\t\t\t\t\t\t\t\t\t                    <a class=\"penci-image-holder penci-lazy\"\n                       data-bgset=\"https:\/\/realites.com.tn\/fr\/wp-content\/uploads\/2025\/04\/justice.jpg\"\n                       href=\"https:\/\/realites.com.tn\/fr\/affaire-du-complot-audience-decisive-aujourdhui-a-la-cour-de-cassation\/\" title=\"\u00ab Affaire du complot \u00bb : audience d\u00e9cisive aujourd&rsquo;hui \u00e0 la Cour de cassation\">\n                    <\/a>\n\t\t\t\t            <\/div>\n\n            <div class=\"penci-featured-infor\">\n                <div class=\"grid-header-box featured-header-box\">\n\t\t\t\t\t                        <span class=\"cat\"><a style=\"\" class=\"penci-cat-name penci-cat-3\" href=\"https:\/\/realites.com.tn\/fr\/category\/a-la-une\/\"  rel=\"category tag\"><span style=\"\">A la Une<\/span><\/a><a style=\"\" class=\"penci-cat-name penci-cat-5\" href=\"https:\/\/realites.com.tn\/fr\/category\/politique\/\"  rel=\"category tag\"><span style=\"\">Politique<\/span><\/a><\/span>\n\t\t\t\t\t                    <h2 class=\"penci-entry-title entry-title overlay-title\"><a\n                                href=\"https:\/\/realites.com.tn\/fr\/affaire-du-complot-audience-decisive-aujourdhui-a-la-cour-de-cassation\/\">\u00ab Affaire du complot \u00bb : audience d\u00e9cisive aujourd&rsquo;hui \u00e0 la Cour de cassation<\/a>\n                    <\/h2>\n\t\t\t\t\t\t\t\t\t\t\t\t<div class=\"penci-hide-tagupdated\">\n\t\t\t<span class=\"author-italic author vcard\">Par \t\t\t\t\t\t\t\t\t\t<a class=\"author-url url fn n\"\n\t\t\t\t\t\t\t\t\t\t\thref=\"https:\/\/realites.com.tn\/fr\/author\/wkb2025\/\">WKB<\/a>\n\t\t\t\t\t\t\t\t\t<\/span>\n\t\t\t<time class=\"entry-date published\" datetime=\"2026-09-03T08:57:16+01:00\">03-09-2026<\/time>\t\t<\/div>\n\t\t\t\t\t\t\t\t                        <div class=\"grid-post-box-meta\">\n\t\t\t\t\t\t\t                                <span class=\"otherl-date-author author-italic author vcard\">Par                                         <a class=\"author-url url fn n\"\n                                           href=\"https:\/\/realites.com.tn\/fr\/author\/wkb2025\/\">WKB<\/a>\n\t                                <\/span>\n\t\t\t\t\t\t\t\t\t\t\t\t\t\t                                <span class=\"otherl-date\"><time class=\"entry-date published\" datetime=\"2026-09-03T08:57:16+01:00\">03-09-2026<\/time><\/span>\n\t\t\t\t\t\t\t\t\t\t\t\t\t\t\t\t\t\t\t\t\t\t\t\t\t\t\t\t\t                                                <\/div>\n\t\t\t\t\t                <\/div>\n\n\t\t\t\t                    <div class=\"item-content entry-content\">\n\t\t\t\t\t\t<p>La Cour de cassation se penche, ce jeudi 3 septembre, sur les pourvois d\u00e9pos\u00e9s contre les arr\u00eats d&rsquo;appel rendus dans l&rsquo;affaire dite du \u00ab complot contre la s\u00fbret\u00e9 de l&rsquo;\u00c9tat &#8230;<\/p>\n                    <\/div>\n\t\t\t\t\n\t\t\t\t                    <div class=\"penci-readmore-btn penci-btn-make-button penci-btn-align-left\">\n                        <a class=\"penci-btn-readmore\"\n                           href=\"https:\/\/realites.com.tn\/fr\/affaire-du-complot-audience-decisive-aujourdhui-a-la-cour-de-cassation\/\">lire la suite<i class=\"penci-faicon fa fa-angle-double-right\" ><\/i><\/a>\n                    <\/div>\n\t\t\t\t            <\/div>\n        <\/article>\n    <\/section>\n    <section class=\"grid-featured\">\n        <article id=\"post-394980\" class=\"item featured-layout\">\n            <div class=\"thumbnail\">\n                \t\t\t\t                    <div class=\"penci-post-share-box penci-featured-share-box\">\n                        <span class=\"penci-shareic\"><a\n                                    href=\"#\"><i class=\"penci-faicon fa fa-share\" ><\/i><\/a><\/span>\n                        <span class=\"penci-shareso\">\n\t\t\t\t\t\t\t\t\t\t<a class=\"new-ver-share post-share-item post-share-facebook\" aria-label=\"Share on Facebook\" target=\"_blank\"  rel=\"noreferrer\" href=\"https:\/\/www.facebook.com\/sharer\/sharer.php?u=https:\/\/realites.com.tn\/fr\/trafic-ferroviaire-retour-a-la-normale-apres-le-deraillement-dun-train\/\"><i class=\"penci-faicon fa fa-facebook\" ><\/i><span class=\"dt-share\">Facebook<\/span><\/a><a class=\"new-ver-share post-share-item post-share-twitter\" aria-label=\"Share on Twitter\" target=\"_blank\"  rel=\"noreferrer\" href=\"https:\/\/x.com\/intent\/tweet?text=Check%20out%20this%20article:%20Trafic%20ferroviaire%20%3A%20retour%20%C3%A0%20la%20normale%20apr%C3%A8s%20le%20d%C3%A9raillement%20d%E2%80%99un%20train%20-%20https:\/\/realites.com.tn\/fr\/trafic-ferroviaire-retour-a-la-normale-apres-le-deraillement-dun-train\/\"><i class=\"penci-faicon penciicon-x-twitter\" ><\/i><span class=\"dt-share\">Twitter<\/span><\/a><a class=\"new-ver-share post-share-item post-share-pinterest\" aria-label=\"Pin to Pinterest\" data-pin-do=\"none\"  rel=\"noreferrer\" target=\"_blank\" href=\"https:\/\/www.pinterest.com\/pin\/create\/button\/?url=https%3A%2F%2Frealites.com.tn%2Ffr%2Ftrafic-ferroviaire-retour-a-la-normale-apres-le-deraillement-dun-train%2F&media=https%3A%2F%2Frealites.com.tn%2Ffr%2Fwp-content%2Fuploads%2F2025%2F10%2Ftrain.jpg&description=Trafic+ferroviaire+%3A+retour+%C3%A0+la+normale+apr%C3%A8s+le+d%C3%A9raillement+d%E2%80%99un+train\"><i class=\"penci-faicon fa fa-pinterest\" ><\/i><span class=\"dt-share\">Pinterest<\/span><\/a><a class=\"new-ver-share post-share-item post-share-whatsapp\" aria-label=\"Share on Whatsapp\" target=\"_blank\"  rel=\"noreferrer\" href=\"https:\/\/api.whatsapp.com\/send?text=Trafic%20ferroviaire%20%3A%20retour%20%C3%A0%20la%20normale%20apr%C3%A8s%20le%20d%C3%A9raillement%20d%E2%80%99un%20train %0A%0A https%3A%2F%2Frealites.com.tn%2Ffr%2Ftrafic-ferroviaire-retour-a-la-normale-apres-le-deraillement-dun-train%2F\"><i class=\"penci-faicon fa fa-whatsapp\" ><\/i><span class=\"dt-share\">Whatsapp<\/span><\/a>\t\t\t\t\t<\/span>\n                    <\/div>\n\t\t\t\t\t\t\t\t\t\t\t\t                    <a class=\"penci-image-holder penci-lazy\"\n                       data-bgset=\"https:\/\/realites.com.tn\/fr\/wp-content\/uploads\/2025\/10\/train.jpg\"\n                       href=\"https:\/\/realites.com.tn\/fr\/trafic-ferroviaire-retour-a-la-normale-apres-le-deraillement-dun-train\/\" title=\"Trafic ferroviaire : retour \u00e0 la normale apr\u00e8s le d\u00e9raillement d\u2019un train\">\n                    <\/a>\n\t\t\t\t            <\/div>\n\n            <div class=\"penci-featured-infor\">\n                <div class=\"grid-header-box featured-header-box\">\n\t\t\t\t\t                        <span class=\"cat\"><a style=\"\" class=\"penci-cat-name penci-cat-4\" href=\"https:\/\/realites.com.tn\/fr\/category\/actualites\/\"  rel=\"category tag\"><span style=\"\">Actualit\u00e9s<\/span><\/a><\/span>\n\t\t\t\t\t                    <h2 class=\"penci-entry-title entry-title overlay-title\"><a\n                                href=\"https:\/\/realites.com.tn\/fr\/trafic-ferroviaire-retour-a-la-normale-apres-le-deraillement-dun-train\/\">Trafic ferroviaire : retour \u00e0 la normale apr\u00e8s le d\u00e9raillement d\u2019un train<\/a>\n                    <\/h2>\n\t\t\t\t\t\t\t\t\t\t\t\t<div class=\"penci-hide-tagupdated\">\n\t\t\t<span class=\"author-italic author vcard\">Par \t\t\t\t\t\t\t\t\t\t<a class=\"author-url url fn n\"\n\t\t\t\t\t\t\t\t\t\t\thref=\"https:\/\/realites.com.tn\/fr\/author\/wkb2025\/\">WKB<\/a>\n\t\t\t\t\t\t\t\t\t<\/span>\n\t\t\t<time class=\"entry-date published\" datetime=\"2026-09-03T08:44:24+01:00\">03-09-2026<\/time>\t\t<\/div>\n\t\t\t\t\t\t\t\t                        <div class=\"grid-post-box-meta\">\n\t\t\t\t\t\t\t                                <span class=\"otherl-date-author author-italic author vcard\">Par                                         <a class=\"author-url url fn n\"\n                                           href=\"https:\/\/realites.com.tn\/fr\/author\/wkb2025\/\">WKB<\/a>\n\t                                <\/span>\n\t\t\t\t\t\t\t\t\t\t\t\t\t\t                                <span class=\"otherl-date\"><time class=\"entry-date published\" datetime=\"2026-09-03T08:44:24+01:00\">03-09-2026<\/time><\/span>\n\t\t\t\t\t\t\t\t\t\t\t\t\t\t\t\t\t\t\t\t\t\t\t\t\t\t\t\t\t                                                <\/div>\n\t\t\t\t\t                <\/div>\n\n\t\t\t\t                    <div class=\"item-content entry-content\">\n\t\t\t\t\t\t<p>Le trafic ferroviaire a repris normalement ce matin, au lendemain d&rsquo;une interruption survenue suite au d\u00e9raillement d&rsquo;une rame \u00e0 l&rsquo;entr\u00e9e de la gare de Tunis-Ville (Barcelone). Les \u00e9quipes techniques de &#8230;<\/p>\n                    <\/div>\n\t\t\t\t\n\t\t\t\t                    <div class=\"penci-readmore-btn penci-btn-make-button penci-btn-align-left\">\n                        <a class=\"penci-btn-readmore\"\n                           href=\"https:\/\/realites.com.tn\/fr\/trafic-ferroviaire-retour-a-la-normale-apres-le-deraillement-dun-train\/\">lire la suite<i class=\"penci-faicon fa fa-angle-double-right\" ><\/i><\/a>\n                    <\/div>\n\t\t\t\t            <\/div>\n        <\/article>\n    <\/section>\n    <section class=\"grid-featured\">\n        <article id=\"post-394977\" class=\"item featured-layout\">\n            <div class=\"thumbnail\">\n                \t\t\t\t                    <div class=\"penci-post-share-box penci-featured-share-box\">\n                        <span class=\"penci-shareic\"><a\n                                    href=\"#\"><i class=\"penci-faicon fa fa-share\" ><\/i><\/a><\/span>\n                        <span class=\"penci-shareso\">\n\t\t\t\t\t\t\t\t\t\t<a class=\"new-ver-share post-share-item post-share-facebook\" aria-label=\"Share on Facebook\" target=\"_blank\"  rel=\"noreferrer\" href=\"https:\/\/www.facebook.com\/sharer\/sharer.php?u=https:\/\/realites.com.tn\/fr\/tunisie-libye-kais-saied-appelle-a-intensifier-la-concertation-et-a-faciliter-le-passage-aux-frontieres\/\"><i class=\"penci-faicon fa fa-facebook\" ><\/i><span class=\"dt-share\">Facebook<\/span><\/a><a class=\"new-ver-share post-share-item post-share-twitter\" aria-label=\"Share on Twitter\" target=\"_blank\"  rel=\"noreferrer\" href=\"https:\/\/x.com\/intent\/tweet?text=Check%20out%20this%20article:%20Tunisie-Libye%20%3A%20Ka%C3%AFs%20Sa%C3%AFed%20appelle%20%C3%A0%20intensifier%20la%20concertation%20et%20%C3%A0%20faciliter%20le%20passage%20aux%20fronti%C3%A8res%20-%20https:\/\/realites.com.tn\/fr\/tunisie-libye-kais-saied-appelle-a-intensifier-la-concertation-et-a-faciliter-le-passage-aux-frontieres\/\"><i class=\"penci-faicon penciicon-x-twitter\" ><\/i><span class=\"dt-share\">Twitter<\/span><\/a><a class=\"new-ver-share post-share-item post-share-pinterest\" aria-label=\"Pin to Pinterest\" data-pin-do=\"none\"  rel=\"noreferrer\" target=\"_blank\" href=\"https:\/\/www.pinterest.com\/pin\/create\/button\/?url=https%3A%2F%2Frealites.com.tn%2Ffr%2Ftunisie-libye-kais-saied-appelle-a-intensifier-la-concertation-et-a-faciliter-le-passage-aux-frontieres%2F&media=https%3A%2F%2Frealites.com.tn%2Ffr%2Fwp-content%2Fuploads%2F2026%2F09%2F792109606_3719035104931959_62320014943664189_n.jpg&description=Tunisie-Libye+%3A+Ka%C3%AFs+Sa%C3%AFed+appelle+%C3%A0+intensifier+la+concertation+et+%C3%A0+faciliter+le+passage+aux+fronti%C3%A8res\"><i class=\"penci-faicon fa fa-pinterest\" ><\/i><span class=\"dt-share\">Pinterest<\/span><\/a><a class=\"new-ver-share post-share-item post-share-whatsapp\" aria-label=\"Share on Whatsapp\" target=\"_blank\"  rel=\"noreferrer\" href=\"https:\/\/api.whatsapp.com\/send?text=Tunisie-Libye%20%3A%20Ka%C3%AFs%20Sa%C3%AFed%20appelle%20%C3%A0%20intensifier%20la%20concertation%20et%20%C3%A0%20faciliter%20le%20passage%20aux%20fronti%C3%A8res %0A%0A https%3A%2F%2Frealites.com.tn%2Ffr%2Ftunisie-libye-kais-saied-appelle-a-intensifier-la-concertation-et-a-faciliter-le-passage-aux-frontieres%2F\"><i class=\"penci-faicon fa fa-whatsapp\" ><\/i><span class=\"dt-share\">Whatsapp<\/span><\/a>\t\t\t\t\t<\/span>\n                    <\/div>\n\t\t\t\t\t\t\t\t\t\t\t\t                    <a class=\"penci-image-holder penci-lazy\"\n                       data-bgset=\"https:\/\/realites.com.tn\/fr\/wp-content\/uploads\/2026\/09\/792109606_3719035104931959_62320014943664189_n.jpg\"\n                       href=\"https:\/\/realites.com.tn\/fr\/tunisie-libye-kais-saied-appelle-a-intensifier-la-concertation-et-a-faciliter-le-passage-aux-frontieres\/\" title=\"Tunisie-Libye : Ka\u00efs Sa\u00efed appelle \u00e0 intensifier la concertation et \u00e0 faciliter le passage aux fronti\u00e8res\">\n                    <\/a>\n\t\t\t\t            <\/div>\n\n            <div class=\"penci-featured-infor\">\n                <div class=\"grid-header-box featured-header-box\">\n\t\t\t\t\t                        <span class=\"cat\"><a style=\"\" class=\"penci-cat-name penci-cat-4\" href=\"https:\/\/realites.com.tn\/fr\/category\/actualites\/\"  rel=\"category tag\"><span style=\"\">Actualit\u00e9s<\/span><\/a><a style=\"\" class=\"penci-cat-name penci-cat-5\" href=\"https:\/\/realites.com.tn\/fr\/category\/politique\/\"  rel=\"category tag\"><span style=\"\">Politique<\/span><\/a><\/span>\n\t\t\t\t\t                    <h2 class=\"penci-entry-title entry-title overlay-title\"><a\n                                href=\"https:\/\/realites.com.tn\/fr\/tunisie-libye-kais-saied-appelle-a-intensifier-la-concertation-et-a-faciliter-le-passage-aux-frontieres\/\">Tunisie-Libye : Ka\u00efs Sa\u00efed appelle \u00e0 intensifier la concertation et \u00e0 faciliter le passage aux fronti\u00e8res<\/a>\n                    <\/h2>\n\t\t\t\t\t\t\t\t\t\t\t\t<div class=\"penci-hide-tagupdated\">\n\t\t\t<span class=\"author-italic author vcard\">Par \t\t\t\t\t\t\t\t\t\t<a class=\"author-url url fn n\"\n\t\t\t\t\t\t\t\t\t\t\thref=\"https:\/\/realites.com.tn\/fr\/author\/wkb2025\/\">WKB<\/a>\n\t\t\t\t\t\t\t\t\t<\/span>\n\t\t\t<time class=\"entry-date published\" datetime=\"2026-09-03T08:29:24+01:00\">03-09-2026<\/time>\t\t<\/div>\n\t\t\t\t\t\t\t\t                        <div class=\"grid-post-box-meta\">\n\t\t\t\t\t\t\t                                <span class=\"otherl-date-author author-italic author vcard\">Par                                         <a class=\"author-url url fn n\"\n                                           href=\"https:\/\/realites.com.tn\/fr\/author\/wkb2025\/\">WKB<\/a>\n\t                                <\/span>\n\t\t\t\t\t\t\t\t\t\t\t\t\t\t                                <span class=\"otherl-date\"><time class=\"entry-date published\" datetime=\"2026-09-03T08:29:24+01:00\">03-09-2026<\/time><\/span>\n\t\t\t\t\t\t\t\t\t\t\t\t\t\t\t\t\t\t\t\t\t\t\t\t\t\t\t\t\t                                                <\/div>\n\t\t\t\t\t                <\/div>\n\n\t\t\t\t                    <div class=\"item-content entry-content\">\n\t\t\t\t\t\t<p>Le pr\u00e9sident de la R\u00e9publique, Ka\u00efs Sa\u00efed, a r\u00e9affirm\u00e9 la position constante de la Tunisie, attach\u00e9e \u00e0 l&rsquo;unit\u00e9 de la Libye et convaincue que la solution ne peut \u00eatre que &#8230;<\/p>\n                    <\/div>\n\t\t\t\t\n\t\t\t\t                    <div class=\"penci-readmore-btn penci-btn-make-button penci-btn-align-left\">\n                        <a class=\"penci-btn-readmore\"\n                           href=\"https:\/\/realites.com.tn\/fr\/tunisie-libye-kais-saied-appelle-a-intensifier-la-concertation-et-a-faciliter-le-passage-aux-frontieres\/\">lire la suite<i class=\"penci-faicon fa fa-angle-double-right\" ><\/i><\/a>\n                    <\/div>\n\t\t\t\t            <\/div>\n        <\/article>\n    <\/section>\n    <section class=\"grid-featured\">\n        <article id=\"post-394975\" class=\"item featured-layout\">\n            <div class=\"thumbnail\">\n                \t\t\t\t                    <div class=\"penci-post-share-box penci-featured-share-box\">\n                        <span class=\"penci-shareic\"><a\n                                    href=\"#\"><i class=\"penci-faicon fa fa-share\" ><\/i><\/a><\/span>\n                        <span class=\"penci-shareso\">\n\t\t\t\t\t\t\t\t\t\t<a class=\"new-ver-share post-share-item post-share-facebook\" aria-label=\"Share on Facebook\" target=\"_blank\"  rel=\"noreferrer\" href=\"https:\/\/www.facebook.com\/sharer\/sharer.php?u=https:\/\/realites.com.tn\/fr\/hausse-des-financements-bancaires-aux-entreprises-avec-des-evolutions-contrastees-selon-les-branches\/\"><i class=\"penci-faicon fa fa-facebook\" ><\/i><span class=\"dt-share\">Facebook<\/span><\/a><a class=\"new-ver-share post-share-item post-share-twitter\" aria-label=\"Share on Twitter\" target=\"_blank\"  rel=\"noreferrer\" href=\"https:\/\/x.com\/intent\/tweet?text=Check%20out%20this%20article:%20Hausse%20des%20financements%20bancaires%20aux%20entreprises%2C%20avec%20des%20%C3%A9volutions%20contrast%C3%A9es%20selon%20les%20branches%20-%20https:\/\/realites.com.tn\/fr\/hausse-des-financements-bancaires-aux-entreprises-avec-des-evolutions-contrastees-selon-les-branches\/\"><i class=\"penci-faicon penciicon-x-twitter\" ><\/i><span class=\"dt-share\">Twitter<\/span><\/a><a class=\"new-ver-share post-share-item post-share-pinterest\" aria-label=\"Pin to Pinterest\" data-pin-do=\"none\"  rel=\"noreferrer\" target=\"_blank\" href=\"https:\/\/www.pinterest.com\/pin\/create\/button\/?url=https%3A%2F%2Frealites.com.tn%2Ffr%2Fhausse-des-financements-bancaires-aux-entreprises-avec-des-evolutions-contrastees-selon-les-branches%2F&media=https%3A%2F%2Frealites.com.tn%2Ffr%2Fwp-content%2Fuploads%2F2016%2F06%2Feco-tun-g7-22062016-672x372.jpg&description=Hausse+des+financements+bancaires+aux+entreprises%2C+avec+des+%C3%A9volutions+contrast%C3%A9es+selon+les+branches\"><i class=\"penci-faicon fa fa-pinterest\" ><\/i><span class=\"dt-share\">Pinterest<\/span><\/a><a class=\"new-ver-share post-share-item post-share-whatsapp\" aria-label=\"Share on Whatsapp\" target=\"_blank\"  rel=\"noreferrer\" href=\"https:\/\/api.whatsapp.com\/send?text=Hausse%20des%20financements%20bancaires%20aux%20entreprises%2C%20avec%20des%20%C3%A9volutions%20contrast%C3%A9es%20selon%20les%20branches %0A%0A https%3A%2F%2Frealites.com.tn%2Ffr%2Fhausse-des-financements-bancaires-aux-entreprises-avec-des-evolutions-contrastees-selon-les-branches%2F\"><i class=\"penci-faicon fa fa-whatsapp\" ><\/i><span class=\"dt-share\">Whatsapp<\/span><\/a>\t\t\t\t\t<\/span>\n                    <\/div>\n\t\t\t\t\t\t\t\t\t\t\t\t                    <a class=\"penci-image-holder penci-lazy\"\n                       data-bgset=\"https:\/\/realites.com.tn\/fr\/wp-content\/uploads\/2016\/06\/eco-tun-g7-22062016.jpg\"\n                       href=\"https:\/\/realites.com.tn\/fr\/hausse-des-financements-bancaires-aux-entreprises-avec-des-evolutions-contrastees-selon-les-branches\/\" title=\"Hausse des financements bancaires aux entreprises, avec des \u00e9volutions contrast\u00e9es selon les branches\">\n                    <\/a>\n\t\t\t\t            <\/div>\n\n            <div class=\"penci-featured-infor\">\n                <div class=\"grid-header-box featured-header-box\">\n\t\t\t\t\t                        <span class=\"cat\"><a style=\"\" class=\"penci-cat-name penci-cat-6\" href=\"https:\/\/realites.com.tn\/fr\/category\/economie\/\"  rel=\"category tag\"><span style=\"\">Economie<\/span><\/a><\/span>\n\t\t\t\t\t                    <h2 class=\"penci-entry-title entry-title overlay-title\"><a\n                                href=\"https:\/\/realites.com.tn\/fr\/hausse-des-financements-bancaires-aux-entreprises-avec-des-evolutions-contrastees-selon-les-branches\/\">Hausse des financements bancaires aux entreprises, avec des \u00e9volutions contrast\u00e9es selon les branches<\/a>\n                    <\/h2>\n\t\t\t\t\t\t\t\t\t\t\t\t<div class=\"penci-hide-tagupdated\">\n\t\t\t<span class=\"author-italic author vcard\">Par \t\t\t\t\t\t\t\t\t\t<a class=\"author-url url fn n\"\n\t\t\t\t\t\t\t\t\t\t\thref=\"https:\/\/realites.com.tn\/fr\/author\/realites5201\/\">La R\u00e9daction<\/a>\n\t\t\t\t\t\t\t\t\t<\/span>\n\t\t\t<time class=\"entry-date published\" datetime=\"2026-09-03T00:06:20+01:00\">03-09-2026<\/time>\t\t<\/div>\n\t\t\t\t\t\t\t\t                        <div class=\"grid-post-box-meta\">\n\t\t\t\t\t\t\t                                <span class=\"otherl-date-author author-italic author vcard\">Par                                         <a class=\"author-url url fn n\"\n                                           href=\"https:\/\/realites.com.tn\/fr\/author\/realites5201\/\">La R\u00e9daction<\/a>\n\t                                <\/span>\n\t\t\t\t\t\t\t\t\t\t\t\t\t\t                                <span class=\"otherl-date\"><time class=\"entry-date published\" datetime=\"2026-09-03T00:06:20+01:00\">03-09-2026<\/time><\/span>\n\t\t\t\t\t\t\t\t\t\t\t\t\t\t\t\t\t\t\t\t\t\t\t\t\t\t\t\t\t                                                <\/div>\n\t\t\t\t\t                <\/div>\n\n\t\t\t\t                    <div class=\"item-content entry-content\">\n\t\t\t\t\t\t<p>Les \u00e9tablissements de cr\u00e9dit ont accord\u00e9 aux entreprises et aux travailleurs ind\u00e9pendants des financements suppl\u00e9mentaires pour un montant de 2,199 milliards de dinars entre janvier et juin 2026. Cette progression &#8230;<\/p>\n                    <\/div>\n\t\t\t\t\n\t\t\t\t                    <div class=\"penci-readmore-btn penci-btn-make-button penci-btn-align-left\">\n                        <a class=\"penci-btn-readmore\"\n                           href=\"https:\/\/realites.com.tn\/fr\/hausse-des-financements-bancaires-aux-entreprises-avec-des-evolutions-contrastees-selon-les-branches\/\">lire la suite<i class=\"penci-faicon fa fa-angle-double-right\" ><\/i><\/a>\n                    <\/div>\n\t\t\t\t            <\/div>\n        <\/article>\n    <\/section>\n    <section class=\"grid-featured\">\n        <article id=\"post-394973\" class=\"item featured-layout\">\n            <div class=\"thumbnail\">\n                \t\t\t\t                    <div class=\"penci-post-share-box penci-featured-share-box\">\n                        <span class=\"penci-shareic\"><a\n                                    href=\"#\"><i class=\"penci-faicon fa fa-share\" ><\/i><\/a><\/span>\n                        <span class=\"penci-shareso\">\n\t\t\t\t\t\t\t\t\t\t<a class=\"new-ver-share post-share-item post-share-facebook\" aria-label=\"Share on Facebook\" target=\"_blank\"  rel=\"noreferrer\" href=\"https:\/\/www.facebook.com\/sharer\/sharer.php?u=https:\/\/realites.com.tn\/fr\/26e-edition-du-festival-arabe-de-la-radio-et-de-la-television-les-medias-face-aux-mutations-numeriques\/\"><i class=\"penci-faicon fa fa-facebook\" ><\/i><span class=\"dt-share\">Facebook<\/span><\/a><a class=\"new-ver-share post-share-item post-share-twitter\" aria-label=\"Share on Twitter\" target=\"_blank\"  rel=\"noreferrer\" href=\"https:\/\/x.com\/intent\/tweet?text=Check%20out%20this%20article:%2026e%20%C3%A9dition%20du%20Festival%20arabe%20de%20la%20radio%20et%20de%20la%20t%C3%A9l%C3%A9vision%20%3A%20les%20m%C3%A9dias%20face%20aux%20mutations%20num%C3%A9riques%20-%20https:\/\/realites.com.tn\/fr\/26e-edition-du-festival-arabe-de-la-radio-et-de-la-television-les-medias-face-aux-mutations-numeriques\/\"><i class=\"penci-faicon penciicon-x-twitter\" ><\/i><span class=\"dt-share\">Twitter<\/span><\/a><a class=\"new-ver-share post-share-item post-share-pinterest\" aria-label=\"Pin to Pinterest\" data-pin-do=\"none\"  rel=\"noreferrer\" target=\"_blank\" href=\"https:\/\/www.pinterest.com\/pin\/create\/button\/?url=https%3A%2F%2Frealites.com.tn%2Ffr%2F26e-edition-du-festival-arabe-de-la-radio-et-de-la-television-les-medias-face-aux-mutations-numeriques%2F&media=https%3A%2F%2Frealites.com.tn%2Ffr%2Fwp-content%2Fuploads%2F2026%2F05%2Fasbu.jpg&description=26e+%C3%A9dition+du+Festival+arabe+de+la+radio+et+de+la+t%C3%A9l%C3%A9vision+%3A+les+m%C3%A9dias+face+aux+mutations+num%C3%A9riques\"><i class=\"penci-faicon fa fa-pinterest\" ><\/i><span class=\"dt-share\">Pinterest<\/span><\/a><a class=\"new-ver-share post-share-item post-share-whatsapp\" aria-label=\"Share on Whatsapp\" target=\"_blank\"  rel=\"noreferrer\" href=\"https:\/\/api.whatsapp.com\/send?text=26e%20%C3%A9dition%20du%20Festival%20arabe%20de%20la%20radio%20et%20de%20la%20t%C3%A9l%C3%A9vision%20%3A%20les%20m%C3%A9dias%20face%20aux%20mutations%20num%C3%A9riques %0A%0A https%3A%2F%2Frealites.com.tn%2Ffr%2F26e-edition-du-festival-arabe-de-la-radio-et-de-la-television-les-medias-face-aux-mutations-numeriques%2F\"><i class=\"penci-faicon fa fa-whatsapp\" ><\/i><span class=\"dt-share\">Whatsapp<\/span><\/a>\t\t\t\t\t<\/span>\n                    <\/div>\n\t\t\t\t\t\t\t\t\t\t\t\t                    <a class=\"penci-image-holder penci-lazy\"\n                       data-bgset=\"https:\/\/realites.com.tn\/fr\/wp-content\/uploads\/2026\/05\/asbu.jpg\"\n                       href=\"https:\/\/realites.com.tn\/fr\/26e-edition-du-festival-arabe-de-la-radio-et-de-la-television-les-medias-face-aux-mutations-numeriques\/\" title=\"26e \u00e9dition du Festival arabe de la radio et de la t\u00e9l\u00e9vision : les m\u00e9dias face aux mutations num\u00e9riques\">\n                    <\/a>\n\t\t\t\t            <\/div>\n\n            <div class=\"penci-featured-infor\">\n                <div class=\"grid-header-box featured-header-box\">\n\t\t\t\t\t                        <span class=\"cat\"><a style=\"\" class=\"penci-cat-name penci-cat-8\" href=\"https:\/\/realites.com.tn\/fr\/category\/culture\/\"  rel=\"category tag\"><span style=\"\">Culture<\/span><\/a><\/span>\n\t\t\t\t\t                    <h2 class=\"penci-entry-title entry-title overlay-title\"><a\n                                href=\"https:\/\/realites.com.tn\/fr\/26e-edition-du-festival-arabe-de-la-radio-et-de-la-television-les-medias-face-aux-mutations-numeriques\/\">26e \u00e9dition du Festival arabe de la radio et de la t\u00e9l\u00e9vision : les m\u00e9dias face aux mutations num\u00e9riques<\/a>\n                    <\/h2>\n\t\t\t\t\t\t\t\t\t\t\t\t<div class=\"penci-hide-tagupdated\">\n\t\t\t<span class=\"author-italic author vcard\">Par \t\t\t\t\t\t\t\t\t\t<a class=\"author-url url fn n\"\n\t\t\t\t\t\t\t\t\t\t\thref=\"https:\/\/realites.com.tn\/fr\/author\/realites5201\/\">La R\u00e9daction<\/a>\n\t\t\t\t\t\t\t\t\t<\/span>\n\t\t\t<time class=\"entry-date published\" datetime=\"2026-09-03T00:00:49+01:00\">03-09-2026<\/time>\t\t<\/div>\n\t\t\t\t\t\t\t\t                        <div class=\"grid-post-box-meta\">\n\t\t\t\t\t\t\t                                <span class=\"otherl-date-author author-italic author vcard\">Par                                         <a class=\"author-url url fn n\"\n                                           href=\"https:\/\/realites.com.tn\/fr\/author\/realites5201\/\">La R\u00e9daction<\/a>\n\t                                <\/span>\n\t\t\t\t\t\t\t\t\t\t\t\t\t\t                                <span class=\"otherl-date\"><time class=\"entry-date published\" datetime=\"2026-09-03T00:00:49+01:00\">03-09-2026<\/time><\/span>\n\t\t\t\t\t\t\t\t\t\t\t\t\t\t\t\t\t\t\t\t\t\t\t\t\t\t\t\t\t                                                <\/div>\n\t\t\t\t\t                <\/div>\n\n\t\t\t\t                    <div class=\"item-content entry-content\">\n\t\t\t\t\t\t<p>La capitale tunisienne et la station baln\u00e9aire de Hammamet accueilleront, du 21 au 24 septembre prochain, la vingt-sixi\u00e8me \u00e9dition du Festival arabe de la radio et de la t\u00e9l\u00e9vision. Cet &#8230;<\/p>\n                    <\/div>\n\t\t\t\t\n\t\t\t\t                    <div class=\"penci-readmore-btn penci-btn-make-button penci-btn-align-left\">\n                        <a class=\"penci-btn-readmore\"\n                           href=\"https:\/\/realites.com.tn\/fr\/26e-edition-du-festival-arabe-de-la-radio-et-de-la-television-les-medias-face-aux-mutations-numeriques\/\">lire la suite<i class=\"penci-faicon fa fa-angle-double-right\" ><\/i><\/a>\n                    <\/div>\n\t\t\t\t            <\/div>\n        <\/article>\n    <\/section>\n    <section class=\"grid-featured\">\n        <article id=\"post-394971\" class=\"item featured-layout\">\n            <div class=\"thumbnail\">\n                \t\t\t\t                    <div class=\"penci-post-share-box penci-featured-share-box\">\n                        <span class=\"penci-shareic\"><a\n                                    href=\"#\"><i class=\"penci-faicon fa fa-share\" ><\/i><\/a><\/span>\n                        <span class=\"penci-shareso\">\n\t\t\t\t\t\t\t\t\t\t<a class=\"new-ver-share post-share-item post-share-facebook\" aria-label=\"Share on Facebook\" target=\"_blank\"  rel=\"noreferrer\" href=\"https:\/\/www.facebook.com\/sharer\/sharer.php?u=https:\/\/realites.com.tn\/fr\/mise-en-oeuvre-des-credits-sur-lhonneur-a-partir-du-mois-doctobre\/\"><i class=\"penci-faicon fa fa-facebook\" ><\/i><span class=\"dt-share\">Facebook<\/span><\/a><a class=\"new-ver-share post-share-item post-share-twitter\" aria-label=\"Share on Twitter\" target=\"_blank\"  rel=\"noreferrer\" href=\"https:\/\/x.com\/intent\/tweet?text=Check%20out%20this%20article:%20Mise%20en%20%C5%93uvre%20des%20cr%C3%A9dits%20sur%20l%27honneur%20%C3%A0%20partir%20du%20mois%20d%27octobre%20-%20https:\/\/realites.com.tn\/fr\/mise-en-oeuvre-des-credits-sur-lhonneur-a-partir-du-mois-doctobre\/\"><i class=\"penci-faicon penciicon-x-twitter\" ><\/i><span class=\"dt-share\">Twitter<\/span><\/a><a class=\"new-ver-share post-share-item post-share-pinterest\" aria-label=\"Pin to Pinterest\" data-pin-do=\"none\"  rel=\"noreferrer\" target=\"_blank\" href=\"https:\/\/www.pinterest.com\/pin\/create\/button\/?url=https%3A%2F%2Frealites.com.tn%2Ffr%2Fmise-en-oeuvre-des-credits-sur-lhonneur-a-partir-du-mois-doctobre%2F&media=https%3A%2F%2Frealites.com.tn%2Ffr%2Fwp-content%2Fuploads%2F2024%2F03%2Fgroup-small-businessmen-standing-coins-scaled.jpg&description=Mise+en+%C5%93uvre+des+cr%C3%A9dits+sur+l%27honneur+%C3%A0+partir+du+mois+d%27octobre\"><i class=\"penci-faicon fa fa-pinterest\" ><\/i><span class=\"dt-share\">Pinterest<\/span><\/a><a class=\"new-ver-share post-share-item post-share-whatsapp\" aria-label=\"Share on Whatsapp\" target=\"_blank\"  rel=\"noreferrer\" href=\"https:\/\/api.whatsapp.com\/send?text=Mise%20en%20%C5%93uvre%20des%20cr%C3%A9dits%20sur%20l%27honneur%20%C3%A0%20partir%20du%20mois%20d%27octobre %0A%0A https%3A%2F%2Frealites.com.tn%2Ffr%2Fmise-en-oeuvre-des-credits-sur-lhonneur-a-partir-du-mois-doctobre%2F\"><i class=\"penci-faicon fa fa-whatsapp\" ><\/i><span class=\"dt-share\">Whatsapp<\/span><\/a>\t\t\t\t\t<\/span>\n                    <\/div>\n\t\t\t\t\t\t\t\t\t\t\t\t                    <a class=\"penci-image-holder penci-lazy\"\n                       data-bgset=\"https:\/\/realites.com.tn\/fr\/wp-content\/uploads\/2024\/03\/group-small-businessmen-standing-coins-scaled.jpg\"\n                       href=\"https:\/\/realites.com.tn\/fr\/mise-en-oeuvre-des-credits-sur-lhonneur-a-partir-du-mois-doctobre\/\" title=\"Mise en \u0153uvre des cr\u00e9dits sur l&rsquo;honneur \u00e0 partir du mois d&rsquo;octobre\">\n                    <\/a>\n\t\t\t\t            <\/div>\n\n            <div class=\"penci-featured-infor\">\n                <div class=\"grid-header-box featured-header-box\">\n\t\t\t\t\t                        <span class=\"cat\"><a style=\"\" class=\"penci-cat-name penci-cat-6\" href=\"https:\/\/realites.com.tn\/fr\/category\/economie\/\"  rel=\"category tag\"><span style=\"\">Economie<\/span><\/a><\/span>\n\t\t\t\t\t                    <h2 class=\"penci-entry-title entry-title overlay-title\"><a\n                                href=\"https:\/\/realites.com.tn\/fr\/mise-en-oeuvre-des-credits-sur-lhonneur-a-partir-du-mois-doctobre\/\">Mise en \u0153uvre des cr\u00e9dits sur l&rsquo;honneur \u00e0 partir du mois d&rsquo;octobre<\/a>\n                    <\/h2>\n\t\t\t\t\t\t\t\t\t\t\t\t<div class=\"penci-hide-tagupdated\">\n\t\t\t<span class=\"author-italic author vcard\">Par \t\t\t\t\t\t\t\t\t\t<a class=\"author-url url fn n\"\n\t\t\t\t\t\t\t\t\t\t\thref=\"https:\/\/realites.com.tn\/fr\/author\/realites5201\/\">La R\u00e9daction<\/a>\n\t\t\t\t\t\t\t\t\t<\/span>\n\t\t\t<time class=\"entry-date published\" datetime=\"2026-09-02T23:58:13+01:00\">02-09-2026<\/time>\t\t<\/div>\n\t\t\t\t\t\t\t\t                        <div class=\"grid-post-box-meta\">\n\t\t\t\t\t\t\t                                <span class=\"otherl-date-author author-italic author vcard\">Par                                         <a class=\"author-url url fn n\"\n                                           href=\"https:\/\/realites.com.tn\/fr\/author\/realites5201\/\">La R\u00e9daction<\/a>\n\t                                <\/span>\n\t\t\t\t\t\t\t\t\t\t\t\t\t\t                                <span class=\"otherl-date\"><time class=\"entry-date published\" datetime=\"2026-09-02T23:58:13+01:00\">02-09-2026<\/time><\/span>\n\t\t\t\t\t\t\t\t\t\t\t\t\t\t\t\t\t\t\t\t\t\t\t\t\t\t\t\t\t                                                <\/div>\n\t\t\t\t\t                <\/div>\n\n\t\t\t\t                    <div class=\"item-content entry-content\">\n\t\t\t\t\t\t<p>Les \u00e9tablissements bancaires tunisiens entameront, au cours du mois d&rsquo;octobre prochain, la r\u00e9ception des demandes de pr\u00eats et de financements sur l&rsquo;honneur. Cette information a \u00e9t\u00e9 communiqu\u00e9e par une source &#8230;<\/p>\n                    <\/div>\n\t\t\t\t\n\t\t\t\t                    <div class=\"penci-readmore-btn penci-btn-make-button penci-btn-align-left\">\n                        <a class=\"penci-btn-readmore\"\n                           href=\"https:\/\/realites.com.tn\/fr\/mise-en-oeuvre-des-credits-sur-lhonneur-a-partir-du-mois-doctobre\/\">lire la suite<i class=\"penci-faicon fa fa-angle-double-right\" ><\/i><\/a>\n                    <\/div>\n\t\t\t\t            <\/div>\n        <\/article>\n    <\/section>\n    <section class=\"grid-featured\">\n        <article id=\"post-394969\" class=\"item featured-layout\">\n            <div class=\"thumbnail\">\n                \t\t\t\t                    <div class=\"penci-post-share-box penci-featured-share-box\">\n                        <span class=\"penci-shareic\"><a\n                                    href=\"#\"><i class=\"penci-faicon fa fa-share\" ><\/i><\/a><\/span>\n                        <span class=\"penci-shareso\">\n\t\t\t\t\t\t\t\t\t\t<a class=\"new-ver-share post-share-item post-share-facebook\" aria-label=\"Share on Facebook\" target=\"_blank\"  rel=\"noreferrer\" href=\"https:\/\/www.facebook.com\/sharer\/sharer.php?u=https:\/\/realites.com.tn\/fr\/le-parti-destourien-libre-annonce-une-marche-de-protestation-le-12-septembre\/\"><i class=\"penci-faicon fa fa-facebook\" ><\/i><span class=\"dt-share\">Facebook<\/span><\/a><a class=\"new-ver-share post-share-item post-share-twitter\" aria-label=\"Share on Twitter\" target=\"_blank\"  rel=\"noreferrer\" href=\"https:\/\/x.com\/intent\/tweet?text=Check%20out%20this%20article:%20Le%20Parti%20destourien%20libre%20annonce%20une%20marche%20de%20protestation%20le%2012%20septembre%20-%20https:\/\/realites.com.tn\/fr\/le-parti-destourien-libre-annonce-une-marche-de-protestation-le-12-septembre\/\"><i class=\"penci-faicon penciicon-x-twitter\" ><\/i><span class=\"dt-share\">Twitter<\/span><\/a><a class=\"new-ver-share post-share-item post-share-pinterest\" aria-label=\"Pin to Pinterest\" data-pin-do=\"none\"  rel=\"noreferrer\" target=\"_blank\" href=\"https:\/\/www.pinterest.com\/pin\/create\/button\/?url=https%3A%2F%2Frealites.com.tn%2Ffr%2Fle-parti-destourien-libre-annonce-une-marche-de-protestation-le-12-septembre%2F&media=https%3A%2F%2Frealites.com.tn%2Ffr%2Fwp-content%2Fuploads%2F2021%2F12%2FPDL-Sigle-neue.jpg&description=Le+Parti+destourien+libre+annonce+une+marche+de+protestation+le+12+septembre\"><i class=\"penci-faicon fa fa-pinterest\" ><\/i><span class=\"dt-share\">Pinterest<\/span><\/a><a class=\"new-ver-share post-share-item post-share-whatsapp\" aria-label=\"Share on Whatsapp\" target=\"_blank\"  rel=\"noreferrer\" href=\"https:\/\/api.whatsapp.com\/send?text=Le%20Parti%20destourien%20libre%20annonce%20une%20marche%20de%20protestation%20le%2012%20septembre %0A%0A https%3A%2F%2Frealites.com.tn%2Ffr%2Fle-parti-destourien-libre-annonce-une-marche-de-protestation-le-12-septembre%2F\"><i class=\"penci-faicon fa fa-whatsapp\" ><\/i><span class=\"dt-share\">Whatsapp<\/span><\/a>\t\t\t\t\t<\/span>\n                    <\/div>\n\t\t\t\t\t\t\t\t\t\t\t\t                    <a class=\"penci-image-holder penci-lazy\"\n                       data-bgset=\"https:\/\/realites.com.tn\/fr\/wp-content\/uploads\/2021\/12\/PDL-Sigle-neue.jpg\"\n                       href=\"https:\/\/realites.com.tn\/fr\/le-parti-destourien-libre-annonce-une-marche-de-protestation-le-12-septembre\/\" title=\"Le Parti destourien libre annonce une marche de protestation le 12 septembre\">\n                    <\/a>\n\t\t\t\t            <\/div>\n\n            <div class=\"penci-featured-infor\">\n                <div class=\"grid-header-box featured-header-box\">\n\t\t\t\t\t                        <span class=\"cat\"><a style=\"\" class=\"penci-cat-name penci-cat-4\" href=\"https:\/\/realites.com.tn\/fr\/category\/actualites\/\"  rel=\"category tag\"><span style=\"\">Actualit\u00e9s<\/span><\/a><a style=\"\" class=\"penci-cat-name penci-cat-5\" href=\"https:\/\/realites.com.tn\/fr\/category\/politique\/\"  rel=\"category tag\"><span style=\"\">Politique<\/span><\/a><\/span>\n\t\t\t\t\t                    <h2 class=\"penci-entry-title entry-title overlay-title\"><a\n                                href=\"https:\/\/realites.com.tn\/fr\/le-parti-destourien-libre-annonce-une-marche-de-protestation-le-12-septembre\/\">Le Parti destourien libre annonce une marche de protestation le 12 septembre<\/a>\n                    <\/h2>\n\t\t\t\t\t\t\t\t\t\t\t\t<div class=\"penci-hide-tagupdated\">\n\t\t\t<span class=\"author-italic author vcard\">Par \t\t\t\t\t\t\t\t\t\t<a class=\"author-url url fn n\"\n\t\t\t\t\t\t\t\t\t\t\thref=\"https:\/\/realites.com.tn\/fr\/author\/wkb2025\/\">WKB<\/a>\n\t\t\t\t\t\t\t\t\t<\/span>\n\t\t\t<time class=\"entry-date published\" datetime=\"2026-09-02T20:51:37+01:00\">02-09-2026<\/time>\t\t<\/div>\n\t\t\t\t\t\t\t\t                        <div class=\"grid-post-box-meta\">\n\t\t\t\t\t\t\t                                <span class=\"otherl-date-author author-italic author vcard\">Par                                         <a class=\"author-url url fn n\"\n                                           href=\"https:\/\/realites.com.tn\/fr\/author\/wkb2025\/\">WKB<\/a>\n\t                                <\/span>\n\t\t\t\t\t\t\t\t\t\t\t\t\t\t                                <span class=\"otherl-date\"><time class=\"entry-date published\" datetime=\"2026-09-02T20:51:37+01:00\">02-09-2026<\/time><\/span>\n\t\t\t\t\t\t\t\t\t\t\t\t\t\t\t\t\t\t\t\t\t\t\t\t\t\t\t\t\t                                                <\/div>\n\t\t\t\t\t                <\/div>\n\n\t\t\t\t                    <div class=\"item-content entry-content\">\n\t\t\t\t\t\t<p>Le Parti Destourien Libre a annonc\u00e9 ce mercredi, via un communiqu\u00e9 publi\u00e9 sur sa page Facebook, l&rsquo;organisation d&rsquo;une marche de protestation le samedi 12 septembre 2026 \u00e0 10h00, depuis le &#8230;<\/p>\n                    <\/div>\n\t\t\t\t\n\t\t\t\t                    <div class=\"penci-readmore-btn penci-btn-make-button penci-btn-align-left\">\n                        <a class=\"penci-btn-readmore\"\n                           href=\"https:\/\/realites.com.tn\/fr\/le-parti-destourien-libre-annonce-une-marche-de-protestation-le-12-septembre\/\">lire la suite<i class=\"penci-faicon fa fa-angle-double-right\" ><\/i><\/a>\n                    <\/div>\n\t\t\t\t            <\/div>\n        <\/article>\n    <\/section>\n    <section class=\"grid-featured\">\n        <article id=\"post-394966\" class=\"item featured-layout\">\n            <div class=\"thumbnail\">\n                \t\t\t\t                    <div class=\"penci-post-share-box penci-featured-share-box\">\n                        <span class=\"penci-shareic\"><a\n                                    href=\"#\"><i class=\"penci-faicon fa fa-share\" ><\/i><\/a><\/span>\n                        <span class=\"penci-shareso\">\n\t\t\t\t\t\t\t\t\t\t<a class=\"new-ver-share post-share-item post-share-facebook\" aria-label=\"Share on Facebook\" target=\"_blank\"  rel=\"noreferrer\" href=\"https:\/\/www.facebook.com\/sharer\/sharer.php?u=https:\/\/realites.com.tn\/fr\/mohamed-ali-nafti-recoit-la-nouvelle-ambassadrice-des-pays-bas\/\"><i class=\"penci-faicon fa fa-facebook\" ><\/i><span class=\"dt-share\">Facebook<\/span><\/a><a class=\"new-ver-share post-share-item post-share-twitter\" aria-label=\"Share on Twitter\" target=\"_blank\"  rel=\"noreferrer\" href=\"https:\/\/x.com\/intent\/tweet?text=Check%20out%20this%20article:%20Mohamed%20Ali%20Nafti%20re%C3%A7oit%20la%20nouvelle%20Ambassadrice%20des%20Pays-Bas%20-%20https:\/\/realites.com.tn\/fr\/mohamed-ali-nafti-recoit-la-nouvelle-ambassadrice-des-pays-bas\/\"><i class=\"penci-faicon penciicon-x-twitter\" ><\/i><span class=\"dt-share\">Twitter<\/span><\/a><a class=\"new-ver-share post-share-item post-share-pinterest\" aria-label=\"Pin to Pinterest\" data-pin-do=\"none\"  rel=\"noreferrer\" target=\"_blank\" href=\"https:\/\/www.pinterest.com\/pin\/create\/button\/?url=https%3A%2F%2Frealites.com.tn%2Ffr%2Fmohamed-ali-nafti-recoit-la-nouvelle-ambassadrice-des-pays-bas%2F&media=https%3A%2F%2Frealites.com.tn%2Ffr%2Fwp-content%2Fuploads%2F2026%2F09%2F793478567_1262353382635156_8498069200235004032_n.jpg&description=Mohamed+Ali+Nafti+re%C3%A7oit+la+nouvelle+Ambassadrice+des+Pays-Bas\"><i class=\"penci-faicon fa fa-pinterest\" ><\/i><span class=\"dt-share\">Pinterest<\/span><\/a><a class=\"new-ver-share post-share-item post-share-whatsapp\" aria-label=\"Share on Whatsapp\" target=\"_blank\"  rel=\"noreferrer\" href=\"https:\/\/api.whatsapp.com\/send?text=Mohamed%20Ali%20Nafti%20re%C3%A7oit%20la%20nouvelle%20Ambassadrice%20des%20Pays-Bas %0A%0A https%3A%2F%2Frealites.com.tn%2Ffr%2Fmohamed-ali-nafti-recoit-la-nouvelle-ambassadrice-des-pays-bas%2F\"><i class=\"penci-faicon fa fa-whatsapp\" ><\/i><span class=\"dt-share\">Whatsapp<\/span><\/a>\t\t\t\t\t<\/span>\n                    <\/div>\n\t\t\t\t\t\t\t\t\t\t\t\t                    <a class=\"penci-image-holder penci-lazy\"\n                       data-bgset=\"https:\/\/realites.com.tn\/fr\/wp-content\/uploads\/2026\/09\/793478567_1262353382635156_8498069200235004032_n.jpg\"\n                       href=\"https:\/\/realites.com.tn\/fr\/mohamed-ali-nafti-recoit-la-nouvelle-ambassadrice-des-pays-bas\/\" title=\"Mohamed Ali Nafti re\u00e7oit la nouvelle Ambassadrice des Pays-Bas\">\n                    <\/a>\n\t\t\t\t            <\/div>\n\n            <div class=\"penci-featured-infor\">\n                <div class=\"grid-header-box featured-header-box\">\n\t\t\t\t\t                        <span class=\"cat\"><a style=\"\" class=\"penci-cat-name penci-cat-4\" href=\"https:\/\/realites.com.tn\/fr\/category\/actualites\/\"  rel=\"category tag\"><span style=\"\">Actualit\u00e9s<\/span><\/a><a style=\"\" class=\"penci-cat-name penci-cat-5\" href=\"https:\/\/realites.com.tn\/fr\/category\/politique\/\"  rel=\"category tag\"><span style=\"\">Politique<\/span><\/a><\/span>\n\t\t\t\t\t                    <h2 class=\"penci-entry-title entry-title overlay-title\"><a\n                                href=\"https:\/\/realites.com.tn\/fr\/mohamed-ali-nafti-recoit-la-nouvelle-ambassadrice-des-pays-bas\/\">Mohamed Ali Nafti re\u00e7oit la nouvelle Ambassadrice des Pays-Bas<\/a>\n                    <\/h2>\n\t\t\t\t\t\t\t\t\t\t\t\t<div class=\"penci-hide-tagupdated\">\n\t\t\t<span class=\"author-italic author vcard\">Par \t\t\t\t\t\t\t\t\t\t<a class=\"author-url url fn n\"\n\t\t\t\t\t\t\t\t\t\t\thref=\"https:\/\/realites.com.tn\/fr\/author\/wkb2025\/\">WKB<\/a>\n\t\t\t\t\t\t\t\t\t<\/span>\n\t\t\t<time class=\"entry-date published\" datetime=\"2026-09-02T20:43:30+01:00\">02-09-2026<\/time>\t\t<\/div>\n\t\t\t\t\t\t\t\t                        <div class=\"grid-post-box-meta\">\n\t\t\t\t\t\t\t                                <span class=\"otherl-date-author author-italic author vcard\">Par                                         <a class=\"author-url url fn n\"\n                                           href=\"https:\/\/realites.com.tn\/fr\/author\/wkb2025\/\">WKB<\/a>\n\t                                <\/span>\n\t\t\t\t\t\t\t\t\t\t\t\t\t\t                                <span class=\"otherl-date\"><time class=\"entry-date published\" datetime=\"2026-09-02T20:43:30+01:00\">02-09-2026<\/time><\/span>\n\t\t\t\t\t\t\t\t\t\t\t\t\t\t\t\t\t\t\t\t\t\t\t\t\t\t\t\t\t                                                <\/div>\n\t\t\t\t\t                <\/div>\n\n\t\t\t\t                    <div class=\"item-content entry-content\">\n\t\t\t\t\t\t<p>Le ministre des Affaires \u00e9trang\u00e8res, de la migration et des Tunisiens \u00e0 l\u2019\u00e9tranger, Mohamed Ali Nafti, a accueilli ce mercredi au si\u00e8ge du minist\u00e8re Dewi van de Weerd, venue lui &#8230;<\/p>\n                    <\/div>\n\t\t\t\t\n\t\t\t\t                    <div class=\"penci-readmore-btn penci-btn-make-button penci-btn-align-left\">\n                        <a class=\"penci-btn-readmore\"\n                           href=\"https:\/\/realites.com.tn\/fr\/mohamed-ali-nafti-recoit-la-nouvelle-ambassadrice-des-pays-bas\/\">lire la suite<i class=\"penci-faicon fa fa-angle-double-right\" ><\/i><\/a>\n                    <\/div>\n\t\t\t\t            <\/div>\n        <\/article>\n    <\/section>\n    <section class=\"grid-featured\">\n        <article id=\"post-394960\" class=\"item featured-layout\">\n            <div class=\"thumbnail\">\n                \t\t\t\t                    <div class=\"penci-post-share-box penci-featured-share-box\">\n                        <span class=\"penci-shareic\"><a\n                                    href=\"#\"><i class=\"penci-faicon fa fa-share\" ><\/i><\/a><\/span>\n                        <span class=\"penci-shareso\">\n\t\t\t\t\t\t\t\t\t\t<a class=\"new-ver-share post-share-item post-share-facebook\" aria-label=\"Share on Facebook\" target=\"_blank\"  rel=\"noreferrer\" href=\"https:\/\/www.facebook.com\/sharer\/sharer.php?u=https:\/\/realites.com.tn\/fr\/le-deraillement-dun-train-de-la-banlieue-sud-paralyse-le-trafic-ferroviaire-video\/\"><i class=\"penci-faicon fa fa-facebook\" ><\/i><span class=\"dt-share\">Facebook<\/span><\/a><a class=\"new-ver-share post-share-item post-share-twitter\" aria-label=\"Share on Twitter\" target=\"_blank\"  rel=\"noreferrer\" href=\"https:\/\/x.com\/intent\/tweet?text=Check%20out%20this%20article:%20Le%20d%C3%A9raillement%20d%27un%20train%20de%20la%20banlieue%20sud%20paralyse%20le%20trafic%20ferroviaire%20%28vid%C3%A9o%29%20-%20https:\/\/realites.com.tn\/fr\/le-deraillement-dun-train-de-la-banlieue-sud-paralyse-le-trafic-ferroviaire-video\/\"><i class=\"penci-faicon penciicon-x-twitter\" ><\/i><span class=\"dt-share\">Twitter<\/span><\/a><a class=\"new-ver-share post-share-item post-share-pinterest\" aria-label=\"Pin to Pinterest\" data-pin-do=\"none\"  rel=\"noreferrer\" target=\"_blank\" href=\"https:\/\/www.pinterest.com\/pin\/create\/button\/?url=https%3A%2F%2Frealites.com.tn%2Ffr%2Fle-deraillement-dun-train-de-la-banlieue-sud-paralyse-le-trafic-ferroviaire-video%2F&media=https%3A%2F%2Frealites.com.tn%2Ffr%2Fwp-content%2Fuploads%2F2026%2F09%2FIMG_20260902_172343.jpg&description=Le+d%C3%A9raillement+d%27un+train+de+la+banlieue+sud+paralyse+le+trafic+ferroviaire+%28vid%C3%A9o%29\"><i class=\"penci-faicon fa fa-pinterest\" ><\/i><span class=\"dt-share\">Pinterest<\/span><\/a><a class=\"new-ver-share post-share-item post-share-whatsapp\" aria-label=\"Share on Whatsapp\" target=\"_blank\"  rel=\"noreferrer\" href=\"https:\/\/api.whatsapp.com\/send?text=Le%20d%C3%A9raillement%20d%27un%20train%20de%20la%20banlieue%20sud%20paralyse%20le%20trafic%20ferroviaire%20%28vid%C3%A9o%29 %0A%0A https%3A%2F%2Frealites.com.tn%2Ffr%2Fle-deraillement-dun-train-de-la-banlieue-sud-paralyse-le-trafic-ferroviaire-video%2F\"><i class=\"penci-faicon fa fa-whatsapp\" ><\/i><span class=\"dt-share\">Whatsapp<\/span><\/a>\t\t\t\t\t<\/span>\n                    <\/div>\n\t\t\t\t\t\t\t\t\t\t\t\t                    <a class=\"penci-image-holder penci-lazy\"\n                       data-bgset=\"https:\/\/realites.com.tn\/fr\/wp-content\/uploads\/2026\/09\/IMG_20260902_172343.jpg\"\n                       href=\"https:\/\/realites.com.tn\/fr\/le-deraillement-dun-train-de-la-banlieue-sud-paralyse-le-trafic-ferroviaire-video\/\" title=\"Le d\u00e9raillement d&rsquo;un train de la banlieue sud paralyse le trafic ferroviaire (vid\u00e9o)\">\n                    <\/a>\n\t\t\t\t            <\/div>\n\n            <div class=\"penci-featured-infor\">\n                <div class=\"grid-header-box featured-header-box\">\n\t\t\t\t\t                        <span class=\"cat\"><a style=\"\" class=\"penci-cat-name penci-cat-3\" href=\"https:\/\/realites.com.tn\/fr\/category\/a-la-une\/\"  rel=\"category tag\"><span style=\"\">A la Une<\/span><\/a><a style=\"\" class=\"penci-cat-name penci-cat-4\" href=\"https:\/\/realites.com.tn\/fr\/category\/actualites\/\"  rel=\"category tag\"><span style=\"\">Actualit\u00e9s<\/span><\/a><\/span>\n\t\t\t\t\t                    <h2 class=\"penci-entry-title entry-title overlay-title\"><a\n                                href=\"https:\/\/realites.com.tn\/fr\/le-deraillement-dun-train-de-la-banlieue-sud-paralyse-le-trafic-ferroviaire-video\/\">Le d\u00e9raillement d&rsquo;un train de la banlieue sud paralyse le trafic ferroviaire (vid\u00e9o)<\/a>\n                    <\/h2>\n\t\t\t\t\t\t\t\t\t\t\t\t<div class=\"penci-hide-tagupdated\">\n\t\t\t<span class=\"author-italic author vcard\">Par \t\t\t\t\t\t\t\t\t\t<a class=\"author-url url fn n\"\n\t\t\t\t\t\t\t\t\t\t\thref=\"https:\/\/realites.com.tn\/fr\/author\/mohamed-ali-sghaier\/\">M. A. Sgha\u00efer<\/a>\n\t\t\t\t\t\t\t\t\t<\/span>\n\t\t\t<time class=\"entry-date published\" datetime=\"2026-09-02T17:08:21+01:00\">02-09-2026<\/time>\t\t<\/div>\n\t\t\t\t\t\t\t\t                        <div class=\"grid-post-box-meta\">\n\t\t\t\t\t\t\t                                <span class=\"otherl-date-author author-italic author vcard\">Par                                         <a class=\"author-url url fn n\"\n                                           href=\"https:\/\/realites.com.tn\/fr\/author\/mohamed-ali-sghaier\/\">M. A. Sgha\u00efer<\/a>\n\t                                <\/span>\n\t\t\t\t\t\t\t\t\t\t\t\t\t\t                                <span class=\"otherl-date\"><time class=\"entry-date published\" datetime=\"2026-09-02T17:08:21+01:00\">02-09-2026<\/time><\/span>\n\t\t\t\t\t\t\t\t\t\t\t\t\t\t\t\t\t\t\t\t\t\t\t\t\t\t\t\t\t                                                <\/div>\n\t\t\t\t\t                <\/div>\n\n\t\t\t\t                    <div class=\"item-content entry-content\">\n\t\t\t\t\t\t<p>Un incident survenu sur le r\u00e9seau de la banlieue sud est venu paralyser le trafic ferroviaire dans la capitale. Suite au d\u00e9raillement d&rsquo;une rame, la circulation des trains a \u00e9t\u00e9 &#8230;<\/p>\n                    <\/div>\n\t\t\t\t\n\t\t\t\t                    <div class=\"penci-readmore-btn penci-btn-make-button penci-btn-align-left\">\n                        <a class=\"penci-btn-readmore\"\n                           href=\"https:\/\/realites.com.tn\/fr\/le-deraillement-dun-train-de-la-banlieue-sud-paralyse-le-trafic-ferroviaire-video\/\">lire la suite<i class=\"penci-faicon fa fa-angle-double-right\" ><\/i><\/a>\n                    <\/div>\n\t\t\t\t            <\/div>\n        <\/article>\n    <\/section>\n    <section class=\"grid-featured\">\n        <article id=\"post-394957\" class=\"item featured-layout\">\n            <div class=\"thumbnail\">\n                \t\t\t\t                    <div class=\"penci-post-share-box penci-featured-share-box\">\n                        <span class=\"penci-shareic\"><a\n                                    href=\"#\"><i class=\"penci-faicon fa fa-share\" ><\/i><\/a><\/span>\n                        <span class=\"penci-shareso\">\n\t\t\t\t\t\t\t\t\t\t<a class=\"new-ver-share post-share-item post-share-facebook\" aria-label=\"Share on Facebook\" target=\"_blank\"  rel=\"noreferrer\" href=\"https:\/\/www.facebook.com\/sharer\/sharer.php?u=https:\/\/realites.com.tn\/fr\/panne-de-gouvernance-et-delestages-tarek-mahdi-interpelle-le-chef-de-letat\/\"><i class=\"penci-faicon fa fa-facebook\" ><\/i><span class=\"dt-share\">Facebook<\/span><\/a><a class=\"new-ver-share post-share-item post-share-twitter\" aria-label=\"Share on Twitter\" target=\"_blank\"  rel=\"noreferrer\" href=\"https:\/\/x.com\/intent\/tweet?text=Check%20out%20this%20article:%20Panne%20de%20gouvernance%20et%20d%C3%A9lestages%20%3A%20Tarek%20Mahdi%20interpelle%20le%20chef%20de%20l%27%C3%89tat%20-%20https:\/\/realites.com.tn\/fr\/panne-de-gouvernance-et-delestages-tarek-mahdi-interpelle-le-chef-de-letat\/\"><i class=\"penci-faicon penciicon-x-twitter\" ><\/i><span class=\"dt-share\">Twitter<\/span><\/a><a class=\"new-ver-share post-share-item post-share-pinterest\" aria-label=\"Pin to Pinterest\" data-pin-do=\"none\"  rel=\"noreferrer\" target=\"_blank\" href=\"https:\/\/www.pinterest.com\/pin\/create\/button\/?url=https%3A%2F%2Frealites.com.tn%2Ffr%2Fpanne-de-gouvernance-et-delestages-tarek-mahdi-interpelle-le-chef-de-letat%2F&media=https%3A%2F%2Frealites.com.tn%2Ffr%2Fwp-content%2Fuploads%2F2026%2F09%2FTarek-Mahdi.jpg&description=Panne+de+gouvernance+et+d%C3%A9lestages+%3A+Tarek+Mahdi+interpelle+le+chef+de+l%27%C3%89tat\"><i class=\"penci-faicon fa fa-pinterest\" ><\/i><span class=\"dt-share\">Pinterest<\/span><\/a><a class=\"new-ver-share post-share-item post-share-whatsapp\" aria-label=\"Share on Whatsapp\" target=\"_blank\"  rel=\"noreferrer\" href=\"https:\/\/api.whatsapp.com\/send?text=Panne%20de%20gouvernance%20et%20d%C3%A9lestages%20%3A%20Tarek%20Mahdi%20interpelle%20le%20chef%20de%20l%27%C3%89tat %0A%0A https%3A%2F%2Frealites.com.tn%2Ffr%2Fpanne-de-gouvernance-et-delestages-tarek-mahdi-interpelle-le-chef-de-letat%2F\"><i class=\"penci-faicon fa fa-whatsapp\" ><\/i><span class=\"dt-share\">Whatsapp<\/span><\/a>\t\t\t\t\t<\/span>\n                    <\/div>\n\t\t\t\t\t\t\t\t\t\t\t\t                    <a class=\"penci-image-holder penci-lazy\"\n                       data-bgset=\"https:\/\/realites.com.tn\/fr\/wp-content\/uploads\/2026\/09\/Tarek-Mahdi.jpg\"\n                       href=\"https:\/\/realites.com.tn\/fr\/panne-de-gouvernance-et-delestages-tarek-mahdi-interpelle-le-chef-de-letat\/\" title=\"Panne de gouvernance et d\u00e9lestages : Tarek Mahdi interpelle le chef de l&rsquo;\u00c9tat\">\n                    <\/a>\n\t\t\t\t            <\/div>\n\n            <div class=\"penci-featured-infor\">\n                <div class=\"grid-header-box featured-header-box\">\n\t\t\t\t\t                        <span class=\"cat\"><a style=\"\" class=\"penci-cat-name penci-cat-4\" href=\"https:\/\/realites.com.tn\/fr\/category\/actualites\/\"  rel=\"category tag\"><span style=\"\">Actualit\u00e9s<\/span><\/a><a style=\"\" class=\"penci-cat-name penci-cat-5\" href=\"https:\/\/realites.com.tn\/fr\/category\/politique\/\"  rel=\"category tag\"><span style=\"\">Politique<\/span><\/a><\/span>\n\t\t\t\t\t                    <h2 class=\"penci-entry-title entry-title overlay-title\"><a\n                                href=\"https:\/\/realites.com.tn\/fr\/panne-de-gouvernance-et-delestages-tarek-mahdi-interpelle-le-chef-de-letat\/\">Panne de gouvernance et d\u00e9lestages : Tarek Mahdi interpelle le chef de l&rsquo;\u00c9tat<\/a>\n                    <\/h2>\n\t\t\t\t\t\t\t\t\t\t\t\t<div class=\"penci-hide-tagupdated\">\n\t\t\t<span class=\"author-italic author vcard\">Par \t\t\t\t\t\t\t\t\t\t<a class=\"author-url url fn n\"\n\t\t\t\t\t\t\t\t\t\t\thref=\"https:\/\/realites.com.tn\/fr\/author\/wkb2025\/\">WKB<\/a>\n\t\t\t\t\t\t\t\t\t<\/span>\n\t\t\t<time class=\"entry-date published\" datetime=\"2026-09-02T13:46:54+01:00\">02-09-2026<\/time>\t\t<\/div>\n\t\t\t\t\t\t\t\t                        <div class=\"grid-post-box-meta\">\n\t\t\t\t\t\t\t                                <span class=\"otherl-date-author author-italic author vcard\">Par                                         <a class=\"author-url url fn n\"\n                                           href=\"https:\/\/realites.com.tn\/fr\/author\/wkb2025\/\">WKB<\/a>\n\t                                <\/span>\n\t\t\t\t\t\t\t\t\t\t\t\t\t\t                                <span class=\"otherl-date\"><time class=\"entry-date published\" datetime=\"2026-09-02T13:46:54+01:00\">02-09-2026<\/time><\/span>\n\t\t\t\t\t\t\t\t\t\t\t\t\t\t\t\t\t\t\t\t\t\t\t\t\t\t\t\t\t                                                <\/div>\n\t\t\t\t\t                <\/div>\n\n\t\t\t\t                    <div class=\"item-content entry-content\">\n\t\t\t\t\t\t<p>Face aux d\u00e9faillances r\u00e9p\u00e9t\u00e9es des services publics lors des pics estivaux de 2026, accentu\u00e9es par des vagues de chaleur successives, le d\u00e9put\u00e9 de Sfax, Tarek Mahdi, tire la sonnette d&rsquo;alarme &#8230;<\/p>\n                    <\/div>\n\t\t\t\t\n\t\t\t\t                    <div class=\"penci-readmore-btn penci-btn-make-button penci-btn-align-left\">\n                        <a class=\"penci-btn-readmore\"\n                           href=\"https:\/\/realites.com.tn\/fr\/panne-de-gouvernance-et-delestages-tarek-mahdi-interpelle-le-chef-de-letat\/\">lire la suite<i class=\"penci-faicon fa fa-angle-double-right\" ><\/i><\/a>\n                    <\/div>\n\t\t\t\t            <\/div>\n        <\/article>\n    <\/section>\n\n\t\t\t\t\t\t\t\t\t\t\t<\/div>\t\t\t\t\t\t\t\t\t\t\t\t\t\t\t\t\t\n\t\t\t\t\t\t\t\t\t\t\t\t\t\t<div class=\"penci-pagination align-left\"><ul class='page-numbers'>\n\t<li><span aria-current=\"page\" class=\"page-numbers current\">1<\/span><\/li>\n\t<li><a class=\"page-numbers\" href=\"https:\/\/realites.com.tn\/fr\/wp-json\/wp\/v2\/pages\/447\/page\/2\/\">2<\/a><\/li>\n\t<li><a class=\"page-numbers\" href=\"https:\/\/realites.com.tn\/fr\/wp-json\/wp\/v2\/pages\/447\/page\/3\/\">3<\/a><\/li>\n\t<li><span class=\"page-numbers dots\">\u2026<\/span><\/li>\n\t<li><a class=\"page-numbers\" href=\"https:\/\/realites.com.tn\/fr\/wp-json\/wp\/v2\/pages\/447\/page\/10787\/\">10\u00a0787<\/a><\/li>\n\t<li><a class=\"next page-numbers\" href=\"https:\/\/realites.com.tn\/fr\/wp-json\/wp\/v2\/pages\/447\/page\/2\/\"><i class=\"penci-faicon fa fa-angle-right\" ><\/i><\/a><\/li>\n<\/ul>\n<\/div>\t\t\t\t\t\t\t                        <\/div>\n\n\t\t\t\t\t\t                    <\/div>\n                <\/div>\n\t\t\t            <style>\n                                                                                                                                                                            <\/style>\n\t\t\t\t\t\t\t<\/div>\n\t\t\t\t<\/div>\n\t\t\t\t\t<\/div>\n\t\t<\/div>\n\t\t\t\t\t<\/div>\n\t\t<\/section>\n\t\t\t\t<\/div>\n\t\t","protected":false},"excerpt":{"rendered":"<p>1 FacebookTwitterPinterestWhatsapp Fashion Gemma Ward Used To Wish Fast Fashion Was Less Prevalent By Now by James Gordon July 30, 2021 by James Gordon July 30, 2021 Luxury travel is&hellip;<\/p>\n","protected":false},"author":39,"featured_media":0,"parent":0,"menu_order":0,"comment_status":"closed","ping_status":"closed","template":"page-vc-sidebar.php","meta":{"_lmt_disableupdate":"","_lmt_disable":"","footnotes":""},"class_list":["post-447","page","type-page","status-publish","hentry"],"yoast_head":"<!-- This site is optimized with the Yoast SEO plugin v26.3 - https:\/\/yoast.com\/wordpress\/plugins\/seo\/ -->\n<title>Blog - R\u00e9alit\u00e9s Magazine<\/title>\n<meta name=\"robots\" content=\"index, follow, max-snippet:-1, max-image-preview:large, max-video-preview:-1\" \/>\n<link rel=\"canonical\" href=\"https:\/\/realites.com.tn\/fr\/blog\/\" \/>\n<meta property=\"og:locale\" content=\"fr_FR\" \/>\n<meta property=\"og:type\" content=\"article\" \/>\n<meta property=\"og:title\" content=\"Blog - R\u00e9alit\u00e9s Magazine\" \/>\n<meta property=\"og:description\" content=\"1 FacebookTwitterPinterestWhatsapp Fashion Gemma Ward Used To Wish Fast Fashion Was Less Prevalent By Now by James Gordon July 30, 2021 by James Gordon July 30, 2021 Luxury travel is&hellip;\" \/>\n<meta property=\"og:url\" content=\"https:\/\/realites.com.tn\/fr\/blog\/\" \/>\n<meta property=\"og:site_name\" content=\"R\u00e9alit\u00e9s Magazine\" \/>\n<meta property=\"article:publisher\" content=\"https:\/\/www.facebook.com\/realites.tn\/\" \/>\n<meta name=\"twitter:card\" content=\"summary_large_image\" \/>\n<meta name=\"twitter:label1\" content=\"Dur\u00e9e de lecture estim\u00e9e\" \/>\n\t<meta name=\"twitter:data1\" content=\"3 minutes\" \/>\n<script type=\"application\/ld+json\" class=\"yoast-schema-graph\">{\"@context\":\"https:\/\/schema.org\",\"@graph\":[{\"@type\":\"WebPage\",\"@id\":\"https:\/\/realites.com.tn\/fr\/blog\/\",\"url\":\"https:\/\/realites.com.tn\/fr\/blog\/\",\"name\":\"Blog - R\u00e9alit\u00e9s Magazine\",\"isPartOf\":{\"@id\":\"https:\/\/realites.com.tn\/fr\/#website\"},\"datePublished\":\"2021-07-31T01:36:50+00:00\",\"breadcrumb\":{\"@id\":\"https:\/\/realites.com.tn\/fr\/blog\/#breadcrumb\"},\"inLanguage\":\"fr-FR\",\"potentialAction\":[{\"@type\":\"ReadAction\",\"target\":[\"https:\/\/realites.com.tn\/fr\/blog\/\"]}]},{\"@type\":\"BreadcrumbList\",\"@id\":\"https:\/\/realites.com.tn\/fr\/blog\/#breadcrumb\",\"itemListElement\":[{\"@type\":\"ListItem\",\"position\":1,\"name\":\"Home\",\"item\":\"https:\/\/realites.com.tn\/fr\/\"},{\"@type\":\"ListItem\",\"position\":2,\"name\":\"Blog\"}]},{\"@type\":\"WebSite\",\"@id\":\"https:\/\/realites.com.tn\/fr\/#website\",\"url\":\"https:\/\/realites.com.tn\/fr\/\",\"name\":\"R\u00e9alit\u00e9s Magazine\",\"description\":\"Actualit\u00e9s de la Tunisie\",\"potentialAction\":[{\"@type\":\"SearchAction\",\"target\":{\"@type\":\"EntryPoint\",\"urlTemplate\":\"https:\/\/realites.com.tn\/fr\/?s={search_term_string}\"},\"query-input\":{\"@type\":\"PropertyValueSpecification\",\"valueRequired\":true,\"valueName\":\"search_term_string\"}}],\"inLanguage\":\"fr-FR\"}]}<\/script>\n<!-- \/ Yoast SEO plugin. -->","yoast_head_json":{"title":"Blog - R\u00e9alit\u00e9s Magazine","robots":{"index":"index","follow":"follow","max-snippet":"max-snippet:-1","max-image-preview":"max-image-preview:large","max-video-preview":"max-video-preview:-1"},"canonical":"https:\/\/realites.com.tn\/fr\/blog\/","og_locale":"fr_FR","og_type":"article","og_title":"Blog - R\u00e9alit\u00e9s Magazine","og_description":"1 FacebookTwitterPinterestWhatsapp Fashion Gemma Ward Used To Wish Fast Fashion Was Less Prevalent By Now by James Gordon July 30, 2021 by James Gordon July 30, 2021 Luxury travel is&hellip;","og_url":"https:\/\/realites.com.tn\/fr\/blog\/","og_site_name":"R\u00e9alit\u00e9s Magazine","article_publisher":"https:\/\/www.facebook.com\/realites.tn\/","twitter_card":"summary_large_image","twitter_misc":{"Dur\u00e9e de lecture estim\u00e9e":"3 minutes"},"schema":{"@context":"https:\/\/schema.org","@graph":[{"@type":"WebPage","@id":"https:\/\/realites.com.tn\/fr\/blog\/","url":"https:\/\/realites.com.tn\/fr\/blog\/","name":"Blog - R\u00e9alit\u00e9s Magazine","isPartOf":{"@id":"https:\/\/realites.com.tn\/fr\/#website"},"datePublished":"2021-07-31T01:36:50+00:00","breadcrumb":{"@id":"https:\/\/realites.com.tn\/fr\/blog\/#breadcrumb"},"inLanguage":"fr-FR","potentialAction":[{"@type":"ReadAction","target":["https:\/\/realites.com.tn\/fr\/blog\/"]}]},{"@type":"BreadcrumbList","@id":"https:\/\/realites.com.tn\/fr\/blog\/#breadcrumb","itemListElement":[{"@type":"ListItem","position":1,"name":"Home","item":"https:\/\/realites.com.tn\/fr\/"},{"@type":"ListItem","position":2,"name":"Blog"}]},{"@type":"WebSite","@id":"https:\/\/realites.com.tn\/fr\/#website","url":"https:\/\/realites.com.tn\/fr\/","name":"R\u00e9alit\u00e9s Magazine","description":"Actualit\u00e9s de la Tunisie","potentialAction":[{"@type":"SearchAction","target":{"@type":"EntryPoint","urlTemplate":"https:\/\/realites.com.tn\/fr\/?s={search_term_string}"},"query-input":{"@type":"PropertyValueSpecification","valueRequired":true,"valueName":"search_term_string"}}],"inLanguage":"fr-FR"}]}},"jetpack_sharing_enabled":true,"_links":{"self":[{"href":"https:\/\/realites.com.tn\/fr\/wp-json\/wp\/v2\/pages\/447","targetHints":{"allow":["GET"]}}],"collection":[{"href":"https:\/\/realites.com.tn\/fr\/wp-json\/wp\/v2\/pages"}],"about":[{"href":"https:\/\/realites.com.tn\/fr\/wp-json\/wp\/v2\/types\/page"}],"author":[{"embeddable":true,"href":"https:\/\/realites.com.tn\/fr\/wp-json\/wp\/v2\/users\/39"}],"replies":[{"embeddable":true,"href":"https:\/\/realites.com.tn\/fr\/wp-json\/wp\/v2\/comments?post=447"}],"version-history":[{"count":0,"href":"https:\/\/realites.com.tn\/fr\/wp-json\/wp\/v2\/pages\/447\/revisions"}],"wp:attachment":[{"href":"https:\/\/realites.com.tn\/fr\/wp-json\/wp\/v2\/media?parent=447"}],"curies":[{"name":"wp","href":"https:\/\/api.w.org\/{rel}","templated":true}]}}